{"id":20140,"date":"2023-11-29T15:01:10","date_gmt":"2023-11-29T15:01:10","guid":{"rendered":"https:\/\/erlebnisregion-pfaffenhofen.de\/places-of-interest-in-the-district-of-pfaffenhofen-a-d-ilm\/a-day-in-the-district-of-pfaffenhofen-a-d-ilm\/"},"modified":"2025-01-29T14:11:47","modified_gmt":"2025-01-29T14:11:47","slug":"a-day-in-the-district-of-pfaffenhofen-a-d-ilm","status":"publish","type":"page","link":"https:\/\/erlebnisregion-pfaffenhofen.de\/en\/places-of-interest-in-the-district-of-pfaffenhofen-a-d-ilm\/a-day-in-the-district-of-pfaffenhofen-a-d-ilm\/","title":{"rendered":"A day in the district of Pfaffenhofen a.d.Ilm"},"content":{"rendered":"\t\t<div data-elementor-type=\"wp-page\" data-elementor-id=\"20140\" class=\"elementor elementor-20140 elementor-4325\" data-elementor-post-type=\"page\">\n\t\t\t\t<div class=\"elementor-element elementor-element-a11beed e-flex e-con-boxed e-con e-parent\" data-id=\"a11beed\" data-element_type=\"container\" data-e-type=\"container\">\n\t\t\t\t\t<div class=\"e-con-inner\">\n\t\t\t\t<div class=\"elementor-element elementor-element-40668de elementor-widget elementor-widget-text-editor\" data-id=\"40668de\" data-element_type=\"widget\" data-e-type=\"widget\" data-widget_type=\"text-editor.default\">\n\t\t\t\t<div class=\"elementor-widget-container\">\n\t\t\t\t\t\t\t\t\t<div class=\"vc_row wpb_row vc_row-fluid\">\n<div class=\"wpb_column vc_column_container vc_col-sm-12\">\n<div class=\"vc_column-inner\">\n<div class=\"wpb_wrapper\">\n<div class=\"wpb_text_column wpb_content_element \">\n<div class=\"wpb_wrapper\">\n<p class=\"intro-text\">Our district in the middle of Bavaria is an unforgettable experience for all the senses: in the unique Hallertau region, hop garden follows hop garden, forming the basis for unique beers. And that&#8217;s not all: the region has many cultural highlights to offer, such as the <a href=\"https:\/\/museum-manching.de\" target=\"_blank\" rel=\"noopener noreferrer\">kelten r\u00f6mer museum manching<\/a> (Celtic Roman Museum) with outstanding exhibits of finds from Celtic and Roman times, the <a href=\"https:\/\/hopfenmuseum.de\" target=\"_blank\" rel=\"noopener noreferrer\">Deutschen Hopfenmuseum Wolnzach<\/a> (German Hop Museum), which houses what is probably the largest collection of special hops in the world, or the <a href=\"https:\/\/www.kloster-scheyern.de\" target=\"_blank\" rel=\"noopener noreferrer\">Benediktinerabtei Scheyern<\/a> (Benedictine Abbey) dating back to 1119, the oldest cultural asset in the region with its own traditional brewery. <\/p>\n<p class=\"intro-text\">Go on a day trip and take home fascinating impressions that you will remember for a long time to come!<\/p>\n<\/div>\n<\/div>\n<\/div>\n<\/div>\n<\/div>\n<\/div>\n\t\t\t\t\t\t\t\t<\/div>\n\t\t\t\t<\/div>\n\t\t\t\t\t<\/div>\n\t\t\t\t<\/div>\n\t\t<div class=\"elementor-element elementor-element-15e9d41e white-text hero-teaser e-flex e-con-boxed e-con e-parent\" data-id=\"15e9d41e\" data-element_type=\"container\" data-e-type=\"container\" data-settings=\"{&quot;background_background&quot;:&quot;classic&quot;,&quot;background_motion_fx_motion_fx_scrolling&quot;:&quot;yes&quot;,&quot;background_motion_fx_translateY_effect&quot;:&quot;yes&quot;,&quot;background_motion_fx_translateY_direction&quot;:&quot;negative&quot;,&quot;background_motion_fx_translateY_speed&quot;:{&quot;unit&quot;:&quot;px&quot;,&quot;size&quot;:5,&quot;sizes&quot;:[]},&quot;background_motion_fx_scale_effect&quot;:&quot;yes&quot;,&quot;background_motion_fx_scale_direction&quot;:&quot;in-out&quot;,&quot;background_motion_fx_scale_speed&quot;:{&quot;unit&quot;:&quot;px&quot;,&quot;size&quot;:1,&quot;sizes&quot;:[]},&quot;background_motion_fx_translateY_affectedRange&quot;:{&quot;unit&quot;:&quot;%&quot;,&quot;size&quot;:&quot;&quot;,&quot;sizes&quot;:{&quot;start&quot;:0,&quot;end&quot;:100}},&quot;background_motion_fx_scale_range&quot;:{&quot;unit&quot;:&quot;%&quot;,&quot;size&quot;:&quot;&quot;,&quot;sizes&quot;:{&quot;start&quot;:20,&quot;end&quot;:80}},&quot;background_motion_fx_devices&quot;:[&quot;desktop&quot;,&quot;tablet&quot;,&quot;mobile&quot;]}\">\n\t\t\t\t\t<div class=\"e-con-inner\">\n\t\t<div class=\"elementor-element elementor-element-37fd0fe7 e-con-full e-flex e-con e-child\" data-id=\"37fd0fe7\" data-element_type=\"container\" data-e-type=\"container\">\n\t\t\t\t<div class=\"elementor-element elementor-element-28783767 h1 elementor-widget elementor-widget-heading\" data-id=\"28783767\" data-element_type=\"widget\" data-e-type=\"widget\" data-widget_type=\"heading.default\">\n\t\t\t\t<div class=\"elementor-widget-container\">\n\t\t\t\t\t<h2 class=\"elementor-heading-title elementor-size-default\">Experience tour<\/h2>\t\t\t\t<\/div>\n\t\t\t\t<\/div>\n\t\t\t\t<div class=\"elementor-element elementor-element-576efb29 elementor-widget elementor-widget-text-editor\" data-id=\"576efb29\" data-element_type=\"widget\" data-e-type=\"widget\" data-widget_type=\"text-editor.default\">\n\t\t\t\t<div class=\"elementor-widget-container\">\n\t\t\t\t\t\t\t\t\t<p>Guided tours of the town, hops and farms as well as nature and herb tours<\/p>\n\t\t\t\t\t\t\t\t<\/div>\n\t\t\t\t<\/div>\n\t\t\t\t<div class=\"elementor-element elementor-element-45cb6f3c button-white-outline elementor-widget elementor-widget-button\" data-id=\"45cb6f3c\" data-element_type=\"widget\" data-e-type=\"widget\" data-widget_type=\"button.default\">\n\t\t\t\t<div class=\"elementor-widget-container\">\n\t\t\t\t\t\t\t\t\t<div class=\"elementor-button-wrapper\">\n\t\t\t\t\t<a class=\"elementor-button elementor-button-link elementor-size-sm\" href=\"https:\/\/erlebnisregion-pfaffenhofen.de\/en\/fuehrungen-2\/\">\n\t\t\t\t\t\t<span class=\"elementor-button-content-wrapper\">\n\t\t\t\t\t\t\t\t\t<span class=\"elementor-button-text\">Discover now<\/span>\n\t\t\t\t\t<\/span>\n\t\t\t\t\t<\/a>\n\t\t\t\t<\/div>\n\t\t\t\t\t\t\t\t<\/div>\n\t\t\t\t<\/div>\n\t\t\t\t<\/div>\n\t\t\t\t\t<\/div>\n\t\t\t\t<\/div>\n\t\t<div class=\"elementor-element elementor-element-f3f0db6 e-flex e-con-boxed e-con e-parent\" data-id=\"f3f0db6\" data-element_type=\"container\" data-e-type=\"container\" data-settings=\"{&quot;background_background&quot;:&quot;classic&quot;}\">\n\t\t\t\t\t<div class=\"e-con-inner\">\n\t\t\t\t<div class=\"elementor-element elementor-element-ab379fc elementor-position-inline-start custom-separator elementor-view-default elementor-mobile-position-block-start elementor-widget elementor-widget-icon-box\" data-id=\"ab379fc\" data-element_type=\"widget\" data-e-type=\"widget\" data-widget_type=\"icon-box.default\">\n\t\t\t\t<div class=\"elementor-widget-container\">\n\t\t\t\t\t\t\t<div class=\"elementor-icon-box-wrapper\">\n\n\t\t\t\t\t\t<div class=\"elementor-icon-box-icon\">\n\t\t\t\t<span  class=\"elementor-icon\">\n\t\t\t\t<svg xmlns=\"http:\/\/www.w3.org\/2000\/svg\" viewBox=\"0 0 540.7 450\"><g><g id=\"Ebene_1\"><g><path d=\"M540.4,42.3c-.2-1.4-1.6-8.6-8.1-13.8-3.1-2.5-6.3-3.7-8.2-4.2-12.3-3.4-25.3,4.2-28.3,16.6l-1,4.3c-17-7-35.7-13.9-56.2-20.1-32.7-9.9-63.1-15.9-89.8-19.7C324.8,2.1,298.6,0,270.4,0,177.1,0,100,22.9,46,45.2l-1-4.3c-3-12.4-16-20-28.3-16.6C4.8,27.6-2.2,39.6.7,51.5l72.3,299.1h0l19.8,82c3,12.4,16,20,28.3,16.6,11.8-3.3,18.9-15.3,16-27.3l-49.6-205.5c.1,0,.3,0,.4-.2,37.2-13.4,93.5-33.6,182.6-33.6s145.4,20.2,182.6,33.6c.1,0,.3,0,.4.2l-49.6,205.5c-2.9,12,4.1,23.9,16,27.3,12.3,3.4,25.3-4.2,28.3-16.6l31.1-128.8h0c20.3-84.1,40.6-168.2,60.9-252.3.8-3.1.8-6.3.3-9.2ZM270.4,166.8c-90.9,0-148.5,20.3-186.8,34.1L49.7,60.8C102.7,38.7,178.5,15.8,270.4,15.9c27.4,0,52.9,2.1,76.2,5.3,17.8,2.7,36.8,6.4,56.8,11.3,33,8.1,62.3,18.1,87.7,28.4-11.3,46.7-22.6,93.4-33.8,140-38.3-13.7-95.9-34.1-186.8-34.1h0Z\"><\/path><path d=\"M157.6,136.6l-22.7,5.9-5.8-22.4,22.7-5.9c4.2-1.1,6.8-5.4,5.7-9.7-1.1-4.2-5.4-6.8-9.7-5.7l-22.7,5.9-5.8-22.4,22.7-5.9c4.2-1.1,6.8-5.4,5.7-9.7-1.1-4.2-5.4-6.8-9.7-5.7l-30.3,7.9c-4.2,1.1-6.8,5.4-5.7,9.7l19.6,75.5c1.1,4.2,5.5,6.8,9.7,5.7l30.3-7.9c4.2-1.1,6.8-5.4,5.7-9.7-1.1-4.2-5.4-6.8-9.7-5.7h0Z\"><\/path><path d=\"M286.8,60.1c4.4,0,7.9-3.6,7.9-7.9s-3.6-7.9-7.9-7.9h-31.3c-4.4,0-7.9,3.6-7.9,7.9v78h0c0,4.4,3.6,8,7.9,8h31.3c4.4,0,7.9-3.6,7.9-7.9s-3.6-7.9-7.9-7.9h-23.4v-23.2h23.4c4.4,0,7.9-3.6,7.9-7.9s-3.6-7.9-7.9-7.9h-23.4v-23.2h23.4Z\"><\/path><path d=\"M224.2,44.7c-4.4-.5-8.3,2.6-8.8,6.9l-8.5,70.1-29-64.4c-1.8-4-6.5-5.8-10.5-4-4,1.8-5.8,6.5-4,10.5l31.3,69.5c2.4,5.2,7.4,8.4,13,8.4s13.4-5.4,14.3-12.6l9.1-75.7c.5-4.3-2.6-8.3-6.9-8.8h0Z\"><\/path><path d=\"M371.7,51.4c-4.3-.5-8.3,2.6-8.8,6.9l-5.6,47.4-22.7-54.7c-1.4-3.3-4.8-5.3-8.4-4.8-3.6.5-6.4,3.3-6.8,6.9l-9.2,77.5c-.5,4.3,2.6,8.3,6.9,8.8,4.3.5,8.3-2.6,8.8-6.9l5.6-47.4,22.7,54.7c1.4,3.4,5.1,5.4,8.7,4.8,3.4-.6,6.1-3.4,6.5-6.9l9.2-77.5c.5-4.3-2.6-8.3-6.9-8.8h0Z\"><\/path><path d=\"M447.6,69.6l-49.1-11.3c-4.3-1-8.5,1.7-9.5,5.9-1,4.3,1.7,8.5,5.9,9.5l16.8,3.9-15.7,68.3c-1,4.3,1.7,8.5,5.9,9.5,4.2,1,8.5-1.7,9.5-5.9l15.7-68.3,16.8,3.9c4.3,1,8.6-1.8,9.5-6.1.9-4.2-1.8-8.4-6-9.4h0Z\"><\/path><\/g><\/g><\/g><\/svg>\t\t\t\t<\/span>\n\t\t\t<\/div>\n\t\t\t\n\t\t\t\t\t\t<div class=\"elementor-icon-box-content\">\n\n\t\t\t\t\t\t\t\t\t<h3 class=\"elementor-icon-box-title\">\n\t\t\t\t\t\t<span  >\n\t\t\t\t\t\t\tCorporate events\t\t\t\t\t\t<\/span>\n\t\t\t\t\t<\/h3>\n\t\t\t\t\n\t\t\t\t\n\t\t\t<\/div>\n\t\t\t\n\t\t<\/div>\n\t\t\t\t\t\t<\/div>\n\t\t\t\t<\/div>\n\t\t\t\t<div class=\"elementor-element elementor-element-25a53e2 elementor-grid-1 elementor-grid-tablet-1 elementor-grid-mobile-1 elementor-widget elementor-widget-loop-grid\" data-id=\"25a53e2\" data-element_type=\"widget\" data-e-type=\"widget\" data-settings=\"{&quot;template_id&quot;:688,&quot;columns&quot;:1,&quot;columns_tablet&quot;:1,&quot;row_gap&quot;:{&quot;unit&quot;:&quot;em&quot;,&quot;size&quot;:&quot;&quot;,&quot;sizes&quot;:[]},&quot;row_gap_tablet&quot;:{&quot;unit&quot;:&quot;em&quot;,&quot;size&quot;:&quot;&quot;,&quot;sizes&quot;:[]},&quot;_skin&quot;:&quot;post&quot;,&quot;columns_mobile&quot;:&quot;1&quot;,&quot;edit_handle_selector&quot;:&quot;[data-elementor-type=\\&quot;loop-item\\&quot;]&quot;,&quot;row_gap_mobile&quot;:{&quot;unit&quot;:&quot;px&quot;,&quot;size&quot;:&quot;&quot;,&quot;sizes&quot;:[]}}\" data-widget_type=\"loop-grid.post\">\n\t\t\t\t<div class=\"elementor-widget-container\">\n\t\t\t\t\t\t\t<div class=\"elementor-loop-container elementor-grid\" role=\"list\">\n\t\t<style id=\"loop-688\">.elementor-688 .elementor-element.elementor-element-2921e1c1{--display:flex;--flex-direction:row;--container-widget-width:initial;--container-widget-height:100%;--container-widget-flex-grow:1;--container-widget-align-self:stretch;--flex-wrap-mobile:wrap;--gap:3rem 3rem;--row-gap:3rem;--column-gap:3rem;--padding-top:0px;--padding-bottom:0px;--padding-left:0px;--padding-right:0px;}.elementor-688 .elementor-element.elementor-element-a71ed16{--display:flex;--flex-direction:row;--container-widget-width:initial;--container-widget-height:100%;--container-widget-flex-grow:1;--container-widget-align-self:stretch;--flex-wrap-mobile:wrap;--gap:60px 60px;--row-gap:60px;--column-gap:60px;--padding-top:0px;--padding-bottom:0px;--padding-left:0px;--padding-right:0px;}.elementor-688 .elementor-element.elementor-element-575ba2d8 > .elementor-widget-container{margin:0px 0px 10px 0px;}.elementor-688 .elementor-element.elementor-element-149098f{--display:flex;--gap:10px 10px;--row-gap:10px;--column-gap:10px;--padding-top:0px;--padding-bottom:0px;--padding-left:0px;--padding-right:0px;}.elementor-688 .elementor-element.elementor-element-149098f.e-con{--align-self:flex-start;}.elementor-688 .elementor-element.elementor-element-803b59f{--display:flex;--flex-direction:column;--container-widget-width:100%;--container-widget-height:initial;--container-widget-flex-grow:0;--container-widget-align-self:initial;--flex-wrap-mobile:wrap;--padding-top:0px;--padding-bottom:0px;--padding-left:0px;--padding-right:0px;}.elementor-688 .elementor-element.elementor-element-4da8404b .elementor-heading-title{font-size:clamp(1.25rem, 1.66vw, 1.5rem) !important;font-weight:500;text-transform:uppercase;line-height:30px;letter-spacing:1.4px;color:var( --e-global-color-text );}.elementor-688 .elementor-element.elementor-element-9c3d3ea > .elementor-widget-container{margin:0em 0em 1em 0em;}.elementor-688 .elementor-element.elementor-element-2049e8be .elementor-button{font-size:var( --e-global-typography-04893a5-font-size );font-weight:var( --e-global-typography-04893a5-font-weight );text-transform:var( --e-global-typography-04893a5-text-transform );line-height:var( --e-global-typography-04893a5-line-height );letter-spacing:var( --e-global-typography-04893a5-letter-spacing );word-spacing:var( --e-global-typography-04893a5-word-spacing );fill:var( --e-global-color-secondary );color:var( --e-global-color-secondary );background-color:var( --e-global-color-709c2dc );padding:0px 0px 0px 0px;}@media(max-width:1023px){.elementor-688 .elementor-element.elementor-element-2049e8be .elementor-button{font-size:var( --e-global-typography-04893a5-font-size );line-height:var( --e-global-typography-04893a5-line-height );letter-spacing:var( --e-global-typography-04893a5-letter-spacing );word-spacing:var( --e-global-typography-04893a5-word-spacing );}}@media(max-width:767px){.elementor-688 .elementor-element.elementor-element-2049e8be .elementor-button{font-size:var( --e-global-typography-04893a5-font-size );line-height:var( --e-global-typography-04893a5-line-height );letter-spacing:var( --e-global-typography-04893a5-letter-spacing );word-spacing:var( --e-global-typography-04893a5-word-spacing );}}<\/style>\t\t<div data-elementor-type=\"loop-item\" data-elementor-id=\"688\" class=\"elementor elementor-688 e-loop-item e-loop-item-20222 post-20222 page type-page status-publish has-post-thumbnail hentry page-category-geniessen-uebernachten page-category-locations\" data-elementor-post-type=\"elementor_library\" data-custom-edit-handle=\"1\">\n\t\t\t<div class=\"elementor-element elementor-element-2921e1c1 e-flex e-con-boxed e-con e-parent\" data-id=\"2921e1c1\" data-element_type=\"container\" data-e-type=\"container\">\n\t\t\t\t\t<div class=\"e-con-inner\">\n\t\t<div class=\"elementor-element elementor-element-a71ed16 e-con-full e-flex e-con e-child\" data-id=\"a71ed16\" data-element_type=\"container\" data-e-type=\"container\">\n\t\t\t\t<div class=\"elementor-element elementor-element-575ba2d8 image-object-fit elementor-widget elementor-widget-theme-post-featured-image elementor-widget-image\" data-id=\"575ba2d8\" data-element_type=\"widget\" data-e-type=\"widget\" data-widget_type=\"theme-post-featured-image.default\">\n\t\t\t\t<div class=\"elementor-widget-container\">\n\t\t\t\t\t\t\t\t\t\t\t\t\t\t\t<img fetchpriority=\"high\" decoding=\"async\" width=\"768\" height=\"512\" src=\"https:\/\/erlebnisregion-pfaffenhofen.de\/wp-content\/uploads\/2023\/12\/tagung-768x512.jpg\" class=\"attachment-medium_large size-medium_large wp-image-13801\" alt=\"Laptop mit Notizblock\" srcset=\"https:\/\/erlebnisregion-pfaffenhofen.de\/wp-content\/uploads\/2023\/12\/tagung-768x512.jpg 768w, https:\/\/erlebnisregion-pfaffenhofen.de\/wp-content\/uploads\/2023\/12\/tagung-300x200.jpg 300w, https:\/\/erlebnisregion-pfaffenhofen.de\/wp-content\/uploads\/2023\/12\/tagung-1024x683.jpg 1024w, https:\/\/erlebnisregion-pfaffenhofen.de\/wp-content\/uploads\/2023\/12\/tagung-1536x1024.jpg 1536w, https:\/\/erlebnisregion-pfaffenhofen.de\/wp-content\/uploads\/2023\/12\/tagung.jpg 1920w\" sizes=\"(max-width: 768px) 100vw, 768px\" \/>\t\t\t\t\t\t\t\t\t\t\t\t\t\t\t<\/div>\n\t\t\t\t<\/div>\n\t\t\t\t<\/div>\n\t\t<div class=\"elementor-element elementor-element-149098f e-con-full e-flex e-con e-child\" data-id=\"149098f\" data-element_type=\"container\" data-e-type=\"container\">\n\t\t<div class=\"elementor-element elementor-element-803b59f e-con-full e-flex e-con e-child\" data-id=\"803b59f\" data-element_type=\"container\" data-e-type=\"container\">\n\t\t\t\t<div class=\"elementor-element elementor-element-4da8404b elementor-widget elementor-widget-theme-post-title elementor-page-title elementor-widget-heading\" data-id=\"4da8404b\" data-element_type=\"widget\" data-e-type=\"widget\" data-widget_type=\"theme-post-title.default\">\n\t\t\t\t<div class=\"elementor-widget-container\">\n\t\t\t\t\t<h3 class=\"elementor-heading-title elementor-size-default\">Event locations in the district of Pfaffenhofen a.d.Ilm<\/h3>\t\t\t\t<\/div>\n\t\t\t\t<\/div>\n\t\t\t\t<div class=\"elementor-element elementor-element-9c3d3ea elementor-widget elementor-widget-text-editor\" data-id=\"9c3d3ea\" data-element_type=\"widget\" data-e-type=\"widget\" data-widget_type=\"text-editor.default\">\n\t\t\t\t<div class=\"elementor-widget-container\">\n\t\t\t\t\t\t\t\t\tThe district of Pfaffenhofen also offers a wide range of opportunities for companies to organize a corporate event. Whether it&#8217;s a company outing, team-building event or Christmas party &#8211; there is a suitable location for every occasion here. \t\t\t\t\t\t\t\t<\/div>\n\t\t\t\t<\/div>\n\t\t\t\t<\/div>\n\t\t\t\t<div class=\"elementor-element elementor-element-2049e8be elementor-button-info elementor-widget elementor-widget-button\" data-id=\"2049e8be\" data-element_type=\"widget\" data-e-type=\"widget\" data-widget_type=\"button.default\">\n\t\t\t\t<div class=\"elementor-widget-container\">\n\t\t\t\t\t\t\t\t\t<div class=\"elementor-button-wrapper\">\n\t\t\t\t\t<a class=\"elementor-button elementor-button-link elementor-size-sm\" href=\"https:\/\/erlebnisregion-pfaffenhofen.de\/en\/hospitality\/event-locations-in-the-district-of-pfaffenhofen-a-d-ilm\/\">\n\t\t\t\t\t\t<span class=\"elementor-button-content-wrapper\">\n\t\t\t\t\t\t\t\t\t<span class=\"elementor-button-text\">Mehr lesen<\/span>\n\t\t\t\t\t<\/span>\n\t\t\t\t\t<\/a>\n\t\t\t\t<\/div>\n\t\t\t\t\t\t\t\t<\/div>\n\t\t\t\t<\/div>\n\t\t\t\t<\/div>\n\t\t\t\t\t<\/div>\n\t\t\t\t<\/div>\n\t\t\t\t<\/div>\n\t\t\t\t<\/div>\n\t\t\n\t\t\t\t\t\t<\/div>\n\t\t\t\t<\/div>\n\t\t\t\t\t<\/div>\n\t\t\t\t<\/div>\n\t\t<div class=\"elementor-element elementor-element-20505e7b e-flex e-con-boxed e-con e-parent\" data-id=\"20505e7b\" data-element_type=\"container\" data-e-type=\"container\" data-settings=\"{&quot;background_background&quot;:&quot;classic&quot;}\">\n\t\t\t\t\t<div class=\"e-con-inner\">\n\t\t<div class=\"elementor-element elementor-element-1819fd98 e-con-full e-flex e-con e-child\" data-id=\"1819fd98\" data-element_type=\"container\" data-e-type=\"container\" data-settings=\"{&quot;background_background&quot;:&quot;classic&quot;}\">\n\t\t\t\t<div class=\"elementor-element elementor-element-48e26cc elementor-widget elementor-widget-heading\" data-id=\"48e26cc\" data-element_type=\"widget\" data-e-type=\"widget\" data-widget_type=\"heading.default\">\n\t\t\t\t<div class=\"elementor-widget-container\">\n\t\t\t\t\t<h2 class=\"elementor-heading-title elementor-size-default\">Radio tour with Alexander Tauscher<\/h2>\t\t\t\t<\/div>\n\t\t\t\t<\/div>\n\t\t\t\t<div class=\"elementor-element elementor-element-4581241 elementor-widget elementor-widget-text-editor\" data-id=\"4581241\" data-element_type=\"widget\" data-e-type=\"widget\" data-widget_type=\"text-editor.default\">\n\t\t\t\t<div class=\"elementor-widget-container\">\n\t\t\t\t\t\t\t\t\t<h6>Presenter Alexander Tauscher takes you on two radio trips to the district of Pfaffenhofen.<\/h6>\n<p><strong>Radio tour DONAU \u2013 HALLERTAU:<\/strong> <br \/>From asparagus to hop country: in this radio tour, two outdoor enthusiasts show you their favorite places in Europe&#8217;s largest hop-growing region. You can also find out what Celts and Romans have in common in the Hallertau. <\/p>\n<p><strong>Radio tour NORTH OF MUNICH \u2013 From Freising via the Hallertau to Dachau:<br \/><\/strong>On this radio tour, Christian Pinzl explains what visitors can experience at the German Hop Museum in Wolnzach. <\/p>\n\t\t\t\t\t\t\t\t<\/div>\n\t\t\t\t<\/div>\n\t\t<div class=\"elementor-element elementor-element-622d774 e-con-full e-flex e-con e-child\" data-id=\"622d774\" data-element_type=\"container\" data-e-type=\"container\">\n\t\t\t\t<div class=\"elementor-element elementor-element-34510670 secondary-button elementor-widget elementor-widget-button\" data-id=\"34510670\" data-element_type=\"widget\" data-e-type=\"widget\" data-widget_type=\"button.default\">\n\t\t\t\t<div class=\"elementor-widget-container\">\n\t\t\t\t\t\t\t\t\t<div class=\"elementor-button-wrapper\">\n\t\t\t\t\t<a class=\"elementor-button elementor-button-link elementor-size-sm\" href=\"https:\/\/www.radioreise.de\/2021\/02\/donau-hallertau-vom-spargel-ins-hopfenland.html\">\n\t\t\t\t\t\t<span class=\"elementor-button-content-wrapper\">\n\t\t\t\t\t\t<span class=\"elementor-button-icon\">\n\t\t\t\t<i aria-hidden=\"true\" class=\"fas fa-headphones\"><\/i>\t\t\t<\/span>\n\t\t\t\t\t\t\t\t\t<span class=\"elementor-button-text\">Radio tour DONAU \u2013 HALLERTAU<\/span>\n\t\t\t\t\t<\/span>\n\t\t\t\t\t<\/a>\n\t\t\t\t<\/div>\n\t\t\t\t\t\t\t\t<\/div>\n\t\t\t\t<\/div>\n\t\t\t\t<div class=\"elementor-element elementor-element-a3e0f96 secondary-button elementor-widget elementor-widget-button\" data-id=\"a3e0f96\" data-element_type=\"widget\" data-e-type=\"widget\" data-widget_type=\"button.default\">\n\t\t\t\t<div class=\"elementor-widget-container\">\n\t\t\t\t\t\t\t\t\t<div class=\"elementor-button-wrapper\">\n\t\t\t\t\t<a class=\"elementor-button elementor-button-link elementor-size-sm\" href=\"https:\/\/www.radioreise.de\/2021\/02\/muenchner-norden-von-freising-ueber-die-hallertau-nach-dachau.html\">\n\t\t\t\t\t\t<span class=\"elementor-button-content-wrapper\">\n\t\t\t\t\t\t<span class=\"elementor-button-icon\">\n\t\t\t\t<i aria-hidden=\"true\" class=\"fas fa-headphones\"><\/i>\t\t\t<\/span>\n\t\t\t\t\t\t\t\t\t<span class=\"elementor-button-text\">Radio tour NORTH OF MUNICH<\/span>\n\t\t\t\t\t<\/span>\n\t\t\t\t\t<\/a>\n\t\t\t\t<\/div>\n\t\t\t\t\t\t\t\t<\/div>\n\t\t\t\t<\/div>\n\t\t\t\t<\/div>\n\t\t\t\t<\/div>\n\t\t\t\t\t<\/div>\n\t\t\t\t<\/div>\n\t\t<div class=\"elementor-element elementor-element-1493f07 e-flex e-con-boxed e-con e-parent\" data-id=\"1493f07\" data-element_type=\"container\" data-e-type=\"container\" data-settings=\"{&quot;background_background&quot;:&quot;classic&quot;}\">\n\t\t\t\t\t<div class=\"e-con-inner\">\n\t\t\t\t<div class=\"elementor-element elementor-element-9386cbf elementor-position-inline-start custom-separator elementor-view-default elementor-mobile-position-block-start elementor-widget elementor-widget-icon-box\" data-id=\"9386cbf\" data-element_type=\"widget\" data-e-type=\"widget\" id=\"teamtipps\" data-widget_type=\"icon-box.default\">\n\t\t\t\t<div class=\"elementor-widget-container\">\n\t\t\t\t\t\t\t<div class=\"elementor-icon-box-wrapper\">\n\n\t\t\t\t\t\t<div class=\"elementor-icon-box-icon\">\n\t\t\t\t<span  class=\"elementor-icon\">\n\t\t\t\t<svg xmlns=\"http:\/\/www.w3.org\/2000\/svg\" viewBox=\"0 0 426.3 499\"><g><g id=\"Ebene_1\"><path d=\"M424.1,232.8l-31.6-31.6c-1.5-1.5-3.5-2.3-5.6-2.3h-150.1v-31.6h118.5c2.1,0,4.1-.8,5.6-2.3l31.7-31.7c3.1-3.1,3-8.1,0-11.1l-31.6-31.6c-1.5-1.5-3.5-2.3-5.6-2.3h-118.5v-22.7c8.2-6.8,13.4-17.1,13.4-28.5,0-20.5-16.6-37.1-37.1-37.1s-37.1,16.6-37.1,37.1,5.2,21.7,13.4,28.6v38.5H39.5c-2.1,0-4.1.8-5.6,2.3l-31.6,31.6c-3.1,3.1-3.1,8.1,0,11.2l31.6,31.6c1.5,1.5,3.5,2.3,5.6,2.3h150.1v31.6h-118.5c-2.1,0-4.1.8-5.6,2.3l-31.6,31.6c-3.1,3.1-3.1,8.1,0,11.2l31.6,31.6c1.5,1.5,3.5,2.3,5.6,2.3h118.5v197.4c0,4.4,3.5,7.9,7.9,7.9h31.6c4.4,0,7.9-3.5,7.9-7.9v-102.7h86.9c2.1,0,4.1-.8,5.6-2.3l31.6-31.6c3.1-3.1,3.1-8.1,0-11.2l-31.6-31.6c-1.5-1.5-3.5-2.3-5.6-2.3h-86.9v-31.6h150.1c2.1,0,4.1-.8,5.6-2.3l31.4-31.4c3.1-3.1,3.1-8.2.1-11.3ZM221.1,483.2h-15.8V72.5h15.8v410.7ZM213.2,58.4c-11.7,0-21.3-9.6-21.3-21.3s9.6-21.3,21.3-21.3,21.3,9.6,21.3,21.3-9.6,21.3-21.3,21.3Z\"><\/path><g id=\"g1944\"><g id=\"g1946\"><g id=\"g1948\"><g id=\"g1962\"><g id=\"path1964\"><path d=\"M197.5,69.8v.8c2.4.5,5,.8,7.6.8s5.2-.3,7.6-.8v-.8h-15.2Z\"><\/path><\/g><\/g><\/g><\/g><\/g><\/g><\/g><\/svg>\t\t\t\t<\/span>\n\t\t\t<\/div>\n\t\t\t\n\t\t\t\t\t\t<div class=\"elementor-icon-box-content\">\n\n\t\t\t\t\t\t\t\t\t<h3 class=\"elementor-icon-box-title\">\n\t\t\t\t\t\t<span  >\n\t\t\t\t\t\t\tDay trips\t\t\t\t\t\t<\/span>\n\t\t\t\t\t<\/h3>\n\t\t\t\t\n\t\t\t\t\n\t\t\t<\/div>\n\t\t\t\n\t\t<\/div>\n\t\t\t\t\t\t<\/div>\n\t\t\t\t<\/div>\n\t\t\t\t<div class=\"elementor-element elementor-element-19aff1c elementor-widget elementor-widget-text-editor\" data-id=\"19aff1c\" data-element_type=\"widget\" data-e-type=\"widget\" data-widget_type=\"text-editor.default\">\n\t\t\t\t<div class=\"elementor-widget-container\">\n\t\t\t\t\t\t\t\t\t<div class=\"wpb_text_column wpb_content_element \">\n<div class=\"wpb_wrapper\">\n<h6>Here you will find our recommendations for a day out in the district of Pfaffenhofen.<\/h6>\n<p>The tour suggestions are also suitable for groups.<\/p>\n<\/div>\n<\/div>\n\t\t\t\t\t\t\t\t<\/div>\n\t\t\t\t<\/div>\n\t\t\t\t<div class=\"elementor-element elementor-element-3e247aa elementor-grid-2 elementor-grid-tablet-1 elementor-grid-mobile-1 elementor-widget elementor-widget-loop-grid\" data-id=\"3e247aa\" data-element_type=\"widget\" data-e-type=\"widget\" data-settings=\"{&quot;template_id&quot;:688,&quot;columns&quot;:2,&quot;columns_tablet&quot;:1,&quot;row_gap&quot;:{&quot;unit&quot;:&quot;em&quot;,&quot;size&quot;:&quot;&quot;,&quot;sizes&quot;:[]},&quot;row_gap_tablet&quot;:{&quot;unit&quot;:&quot;em&quot;,&quot;size&quot;:&quot;&quot;,&quot;sizes&quot;:[]},&quot;_skin&quot;:&quot;post&quot;,&quot;columns_mobile&quot;:&quot;1&quot;,&quot;edit_handle_selector&quot;:&quot;[data-elementor-type=\\&quot;loop-item\\&quot;]&quot;,&quot;row_gap_mobile&quot;:{&quot;unit&quot;:&quot;px&quot;,&quot;size&quot;:&quot;&quot;,&quot;sizes&quot;:[]}}\" data-widget_type=\"loop-grid.post\">\n\t\t\t\t<div class=\"elementor-widget-container\">\n\t\t\t\t\t\t\t<div class=\"elementor-loop-container elementor-grid\" role=\"list\">\n\t\t\t\t<div data-elementor-type=\"loop-item\" data-elementor-id=\"688\" class=\"elementor elementor-688 e-loop-item e-loop-item-3823 post-3823 event type-event status-publish has-post-thumbnail hentry category-event-ein-tag-im-landkreis\" data-elementor-post-type=\"elementor_library\" data-custom-edit-handle=\"1\">\n\t\t\t<div class=\"elementor-element elementor-element-2921e1c1 e-flex e-con-boxed e-con e-parent\" data-id=\"2921e1c1\" data-element_type=\"container\" data-e-type=\"container\">\n\t\t\t\t\t<div class=\"e-con-inner\">\n\t\t<div class=\"elementor-element elementor-element-a71ed16 e-con-full e-flex e-con e-child\" data-id=\"a71ed16\" data-element_type=\"container\" data-e-type=\"container\">\n\t\t\t\t<div class=\"elementor-element elementor-element-575ba2d8 image-object-fit elementor-widget elementor-widget-theme-post-featured-image elementor-widget-image\" data-id=\"575ba2d8\" data-element_type=\"widget\" data-e-type=\"widget\" data-widget_type=\"theme-post-featured-image.default\">\n\t\t\t\t<div class=\"elementor-widget-container\">\n\t\t\t\t\t\t\t\t\t\t\t\t\t\t\t<img decoding=\"async\" width=\"768\" height=\"511\" src=\"https:\/\/erlebnisregion-pfaffenhofen.de\/wp-content\/uploads\/2023\/11\/Haunsbach_Hopfenzupferfest_FotoAnton-Mirwald-768x511.jpg\" class=\"attachment-medium_large size-medium_large wp-image-4340\" alt=\"Hopfendolden\" srcset=\"https:\/\/erlebnisregion-pfaffenhofen.de\/wp-content\/uploads\/2023\/11\/Haunsbach_Hopfenzupferfest_FotoAnton-Mirwald-768x511.jpg 768w, https:\/\/erlebnisregion-pfaffenhofen.de\/wp-content\/uploads\/2023\/11\/Haunsbach_Hopfenzupferfest_FotoAnton-Mirwald-300x200.jpg 300w, https:\/\/erlebnisregion-pfaffenhofen.de\/wp-content\/uploads\/2023\/11\/Haunsbach_Hopfenzupferfest_FotoAnton-Mirwald-1024x682.jpg 1024w, https:\/\/erlebnisregion-pfaffenhofen.de\/wp-content\/uploads\/2023\/11\/Haunsbach_Hopfenzupferfest_FotoAnton-Mirwald-1536x1022.jpg 1536w, https:\/\/erlebnisregion-pfaffenhofen.de\/wp-content\/uploads\/2023\/11\/Haunsbach_Hopfenzupferfest_FotoAnton-Mirwald.jpg 1920w\" sizes=\"(max-width: 768px) 100vw, 768px\" \/>\t\t\t\t\t\t\t\t\t\t\t\t\t\t\t<\/div>\n\t\t\t\t<\/div>\n\t\t\t\t<\/div>\n\t\t<div class=\"elementor-element elementor-element-149098f e-con-full e-flex e-con e-child\" data-id=\"149098f\" data-element_type=\"container\" data-e-type=\"container\">\n\t\t<div class=\"elementor-element elementor-element-803b59f e-con-full e-flex e-con e-child\" data-id=\"803b59f\" data-element_type=\"container\" data-e-type=\"container\">\n\t\t\t\t<div class=\"elementor-element elementor-element-4da8404b elementor-widget elementor-widget-theme-post-title elementor-page-title elementor-widget-heading\" data-id=\"4da8404b\" data-element_type=\"widget\" data-e-type=\"widget\" data-widget_type=\"theme-post-title.default\">\n\t\t\t\t<div class=\"elementor-widget-container\">\n\t\t\t\t\t<h3 class=\"elementor-heading-title elementor-size-default\">Tour 1: Hopfen<\/h3>\t\t\t\t<\/div>\n\t\t\t\t<\/div>\n\t\t\t\t<div class=\"elementor-element elementor-element-9c3d3ea elementor-widget elementor-widget-text-editor\" data-id=\"9c3d3ea\" data-element_type=\"widget\" data-e-type=\"widget\" data-widget_type=\"text-editor.default\">\n\t\t\t\t<div class=\"elementor-widget-container\">\n\t\t\t\t\t\t\t\t\tDiese Tour l\u00e4dt dazu ein, das &#8220;Gr\u00fcne Gold&#8221; mit allen Sinnen zu erleben.\t\t\t\t\t\t\t\t<\/div>\n\t\t\t\t<\/div>\n\t\t\t\t<\/div>\n\t\t\t\t<div class=\"elementor-element elementor-element-2049e8be elementor-button-info elementor-widget elementor-widget-button\" data-id=\"2049e8be\" data-element_type=\"widget\" data-e-type=\"widget\" data-widget_type=\"button.default\">\n\t\t\t\t<div class=\"elementor-widget-container\">\n\t\t\t\t\t\t\t\t\t<div class=\"elementor-button-wrapper\">\n\t\t\t\t\t<a class=\"elementor-button elementor-button-link elementor-size-sm\" href=\"https:\/\/erlebnisregion-pfaffenhofen.de\/en\/event\/tour-1-hopfen\/\">\n\t\t\t\t\t\t<span class=\"elementor-button-content-wrapper\">\n\t\t\t\t\t\t\t\t\t<span class=\"elementor-button-text\">Mehr lesen<\/span>\n\t\t\t\t\t<\/span>\n\t\t\t\t\t<\/a>\n\t\t\t\t<\/div>\n\t\t\t\t\t\t\t\t<\/div>\n\t\t\t\t<\/div>\n\t\t\t\t<\/div>\n\t\t\t\t\t<\/div>\n\t\t\t\t<\/div>\n\t\t\t\t<\/div>\n\t\t\t\t<div data-elementor-type=\"loop-item\" data-elementor-id=\"688\" class=\"elementor elementor-688 e-loop-item e-loop-item-4358 post-4358 event type-event status-publish has-post-thumbnail hentry category-event-ein-tag-im-landkreis\" data-elementor-post-type=\"elementor_library\" data-custom-edit-handle=\"1\">\n\t\t\t<div class=\"elementor-element elementor-element-2921e1c1 e-flex e-con-boxed e-con e-parent\" data-id=\"2921e1c1\" data-element_type=\"container\" data-e-type=\"container\">\n\t\t\t\t\t<div class=\"e-con-inner\">\n\t\t<div class=\"elementor-element elementor-element-a71ed16 e-con-full e-flex e-con e-child\" data-id=\"a71ed16\" data-element_type=\"container\" data-e-type=\"container\">\n\t\t\t\t<div class=\"elementor-element elementor-element-575ba2d8 image-object-fit elementor-widget elementor-widget-theme-post-featured-image elementor-widget-image\" data-id=\"575ba2d8\" data-element_type=\"widget\" data-e-type=\"widget\" data-widget_type=\"theme-post-featured-image.default\">\n\t\t\t\t<div class=\"elementor-widget-container\">\n\t\t\t\t\t\t\t\t\t\t\t\t\t\t\t<img decoding=\"async\" width=\"768\" height=\"511\" src=\"https:\/\/erlebnisregion-pfaffenhofen.de\/wp-content\/uploads\/2023\/11\/Bier-Scheyern_FotoAnton-Mirwald-768x511.jpg\" class=\"attachment-medium_large size-medium_large wp-image-4359\" alt=\"Bedienung mit Bierkr\u00fcgen in der Hand\" srcset=\"https:\/\/erlebnisregion-pfaffenhofen.de\/wp-content\/uploads\/2023\/11\/Bier-Scheyern_FotoAnton-Mirwald-768x511.jpg 768w, https:\/\/erlebnisregion-pfaffenhofen.de\/wp-content\/uploads\/2023\/11\/Bier-Scheyern_FotoAnton-Mirwald-300x200.jpg 300w, https:\/\/erlebnisregion-pfaffenhofen.de\/wp-content\/uploads\/2023\/11\/Bier-Scheyern_FotoAnton-Mirwald.jpg 960w\" sizes=\"(max-width: 768px) 100vw, 768px\" \/>\t\t\t\t\t\t\t\t\t\t\t\t\t\t\t<\/div>\n\t\t\t\t<\/div>\n\t\t\t\t<\/div>\n\t\t<div class=\"elementor-element elementor-element-149098f e-con-full e-flex e-con e-child\" data-id=\"149098f\" data-element_type=\"container\" data-e-type=\"container\">\n\t\t<div class=\"elementor-element elementor-element-803b59f e-con-full e-flex e-con e-child\" data-id=\"803b59f\" data-element_type=\"container\" data-e-type=\"container\">\n\t\t\t\t<div class=\"elementor-element elementor-element-4da8404b elementor-widget elementor-widget-theme-post-title elementor-page-title elementor-widget-heading\" data-id=\"4da8404b\" data-element_type=\"widget\" data-e-type=\"widget\" data-widget_type=\"theme-post-title.default\">\n\t\t\t\t<div class=\"elementor-widget-container\">\n\t\t\t\t\t<h3 class=\"elementor-heading-title elementor-size-default\">Tour 2: Bier<\/h3>\t\t\t\t<\/div>\n\t\t\t\t<\/div>\n\t\t\t\t<div class=\"elementor-element elementor-element-9c3d3ea elementor-widget elementor-widget-text-editor\" data-id=\"9c3d3ea\" data-element_type=\"widget\" data-e-type=\"widget\" data-widget_type=\"text-editor.default\">\n\t\t\t\t<div class=\"elementor-widget-container\">\n\t\t\t\t\t\t\t\t\tDie Tradition des Bierbrauens in unserem Landkreis kann bei dieser Tour auf besondere Art und Weise kennengelernt werden.\t\t\t\t\t\t\t\t<\/div>\n\t\t\t\t<\/div>\n\t\t\t\t<\/div>\n\t\t\t\t<div class=\"elementor-element elementor-element-2049e8be elementor-button-info elementor-widget elementor-widget-button\" data-id=\"2049e8be\" data-element_type=\"widget\" data-e-type=\"widget\" data-widget_type=\"button.default\">\n\t\t\t\t<div class=\"elementor-widget-container\">\n\t\t\t\t\t\t\t\t\t<div class=\"elementor-button-wrapper\">\n\t\t\t\t\t<a class=\"elementor-button elementor-button-link elementor-size-sm\" href=\"https:\/\/erlebnisregion-pfaffenhofen.de\/en\/event\/tour-2-bier\/\">\n\t\t\t\t\t\t<span class=\"elementor-button-content-wrapper\">\n\t\t\t\t\t\t\t\t\t<span class=\"elementor-button-text\">Mehr lesen<\/span>\n\t\t\t\t\t<\/span>\n\t\t\t\t\t<\/a>\n\t\t\t\t<\/div>\n\t\t\t\t\t\t\t\t<\/div>\n\t\t\t\t<\/div>\n\t\t\t\t<\/div>\n\t\t\t\t\t<\/div>\n\t\t\t\t<\/div>\n\t\t\t\t<\/div>\n\t\t\t\t<div data-elementor-type=\"loop-item\" data-elementor-id=\"688\" class=\"elementor elementor-688 e-loop-item e-loop-item-4372 post-4372 event type-event status-publish has-post-thumbnail hentry category-event-ein-tag-im-landkreis\" data-elementor-post-type=\"elementor_library\" data-custom-edit-handle=\"1\">\n\t\t\t<div class=\"elementor-element elementor-element-2921e1c1 e-flex e-con-boxed e-con e-parent\" data-id=\"2921e1c1\" data-element_type=\"container\" data-e-type=\"container\">\n\t\t\t\t\t<div class=\"e-con-inner\">\n\t\t<div class=\"elementor-element elementor-element-a71ed16 e-con-full e-flex e-con e-child\" data-id=\"a71ed16\" data-element_type=\"container\" data-e-type=\"container\">\n\t\t\t\t<div class=\"elementor-element elementor-element-575ba2d8 image-object-fit elementor-widget elementor-widget-theme-post-featured-image elementor-widget-image\" data-id=\"575ba2d8\" data-element_type=\"widget\" data-e-type=\"widget\" data-widget_type=\"theme-post-featured-image.default\">\n\t\t\t\t<div class=\"elementor-widget-container\">\n\t\t\t\t\t\t\t\t\t\t\t\t\t\t\t<img loading=\"lazy\" decoding=\"async\" width=\"768\" height=\"511\" src=\"https:\/\/erlebnisregion-pfaffenhofen.de\/wp-content\/uploads\/2023\/11\/Manching_039-768x511.jpg\" class=\"attachment-medium_large size-medium_large wp-image-4373\" alt=\"\" srcset=\"https:\/\/erlebnisregion-pfaffenhofen.de\/wp-content\/uploads\/2023\/11\/Manching_039-768x511.jpg 768w, https:\/\/erlebnisregion-pfaffenhofen.de\/wp-content\/uploads\/2023\/11\/Manching_039-300x200.jpg 300w, https:\/\/erlebnisregion-pfaffenhofen.de\/wp-content\/uploads\/2023\/11\/Manching_039-1024x682.jpg 1024w, https:\/\/erlebnisregion-pfaffenhofen.de\/wp-content\/uploads\/2023\/11\/Manching_039-1536x1022.jpg 1536w, https:\/\/erlebnisregion-pfaffenhofen.de\/wp-content\/uploads\/2023\/11\/Manching_039.jpg 1920w\" sizes=\"(max-width: 768px) 100vw, 768px\" \/>\t\t\t\t\t\t\t\t\t\t\t\t\t\t\t<\/div>\n\t\t\t\t<\/div>\n\t\t\t\t<\/div>\n\t\t<div class=\"elementor-element elementor-element-149098f e-con-full e-flex e-con e-child\" data-id=\"149098f\" data-element_type=\"container\" data-e-type=\"container\">\n\t\t<div class=\"elementor-element elementor-element-803b59f e-con-full e-flex e-con e-child\" data-id=\"803b59f\" data-element_type=\"container\" data-e-type=\"container\">\n\t\t\t\t<div class=\"elementor-element elementor-element-4da8404b elementor-widget elementor-widget-theme-post-title elementor-page-title elementor-widget-heading\" data-id=\"4da8404b\" data-element_type=\"widget\" data-e-type=\"widget\" data-widget_type=\"theme-post-title.default\">\n\t\t\t\t<div class=\"elementor-widget-container\">\n\t\t\t\t\t<h3 class=\"elementor-heading-title elementor-size-default\">Tour 3: Geschichte<\/h3>\t\t\t\t<\/div>\n\t\t\t\t<\/div>\n\t\t\t\t<div class=\"elementor-element elementor-element-9c3d3ea elementor-widget elementor-widget-text-editor\" data-id=\"9c3d3ea\" data-element_type=\"widget\" data-e-type=\"widget\" data-widget_type=\"text-editor.default\">\n\t\t\t\t<div class=\"elementor-widget-container\">\n\t\t\t\t\t\t\t\t\t\u00dcberall im Landkreis findet man Spuren vergangener Tage. Tauchen Sie auf dieser Tour tiefer in die spannende Geschichte ein!\t\t\t\t\t\t\t\t<\/div>\n\t\t\t\t<\/div>\n\t\t\t\t<\/div>\n\t\t\t\t<div class=\"elementor-element elementor-element-2049e8be elementor-button-info elementor-widget elementor-widget-button\" data-id=\"2049e8be\" data-element_type=\"widget\" data-e-type=\"widget\" data-widget_type=\"button.default\">\n\t\t\t\t<div class=\"elementor-widget-container\">\n\t\t\t\t\t\t\t\t\t<div class=\"elementor-button-wrapper\">\n\t\t\t\t\t<a class=\"elementor-button elementor-button-link elementor-size-sm\" href=\"https:\/\/erlebnisregion-pfaffenhofen.de\/en\/event\/tour-3-geschichte\/\">\n\t\t\t\t\t\t<span class=\"elementor-button-content-wrapper\">\n\t\t\t\t\t\t\t\t\t<span class=\"elementor-button-text\">Mehr lesen<\/span>\n\t\t\t\t\t<\/span>\n\t\t\t\t\t<\/a>\n\t\t\t\t<\/div>\n\t\t\t\t\t\t\t\t<\/div>\n\t\t\t\t<\/div>\n\t\t\t\t<\/div>\n\t\t\t\t\t<\/div>\n\t\t\t\t<\/div>\n\t\t\t\t<\/div>\n\t\t\t\t<div data-elementor-type=\"loop-item\" data-elementor-id=\"688\" class=\"elementor elementor-688 e-loop-item e-loop-item-4388 post-4388 event type-event status-publish has-post-thumbnail hentry category-event-ein-tag-im-landkreis\" data-elementor-post-type=\"elementor_library\" data-custom-edit-handle=\"1\">\n\t\t\t<div class=\"elementor-element elementor-element-2921e1c1 e-flex e-con-boxed e-con e-parent\" data-id=\"2921e1c1\" data-element_type=\"container\" data-e-type=\"container\">\n\t\t\t\t\t<div class=\"e-con-inner\">\n\t\t<div class=\"elementor-element elementor-element-a71ed16 e-con-full e-flex e-con e-child\" data-id=\"a71ed16\" data-element_type=\"container\" data-e-type=\"container\">\n\t\t\t\t<div class=\"elementor-element elementor-element-575ba2d8 image-object-fit elementor-widget elementor-widget-theme-post-featured-image elementor-widget-image\" data-id=\"575ba2d8\" data-element_type=\"widget\" data-e-type=\"widget\" data-widget_type=\"theme-post-featured-image.default\">\n\t\t\t\t<div class=\"elementor-widget-container\">\n\t\t\t\t\t\t\t\t\t\t\t\t\t\t\t<img loading=\"lazy\" decoding=\"async\" width=\"768\" height=\"512\" src=\"https:\/\/erlebnisregion-pfaffenhofen.de\/wp-content\/uploads\/2023\/11\/20130904_Wasserski-Geisenfeld_FotoKUS-e1449761731227-768x512.jpg\" class=\"attachment-medium_large size-medium_large wp-image-4051\" alt=\"Wakeboard-Fahrer in Geisenfeld als Ausflugsziel\" srcset=\"https:\/\/erlebnisregion-pfaffenhofen.de\/wp-content\/uploads\/2023\/11\/20130904_Wasserski-Geisenfeld_FotoKUS-e1449761731227-768x512.jpg 768w, https:\/\/erlebnisregion-pfaffenhofen.de\/wp-content\/uploads\/2023\/11\/20130904_Wasserski-Geisenfeld_FotoKUS-e1449761731227-300x200.jpg 300w, https:\/\/erlebnisregion-pfaffenhofen.de\/wp-content\/uploads\/2023\/11\/20130904_Wasserski-Geisenfeld_FotoKUS-e1449761731227-1024x683.jpg 1024w, https:\/\/erlebnisregion-pfaffenhofen.de\/wp-content\/uploads\/2023\/11\/20130904_Wasserski-Geisenfeld_FotoKUS-e1449761731227-1536x1024.jpg 1536w, https:\/\/erlebnisregion-pfaffenhofen.de\/wp-content\/uploads\/2023\/11\/20130904_Wasserski-Geisenfeld_FotoKUS-e1449761731227.jpg 1600w\" sizes=\"(max-width: 768px) 100vw, 768px\" \/>\t\t\t\t\t\t\t\t\t\t\t\t\t\t\t<\/div>\n\t\t\t\t<\/div>\n\t\t\t\t<\/div>\n\t\t<div class=\"elementor-element elementor-element-149098f e-con-full e-flex e-con e-child\" data-id=\"149098f\" data-element_type=\"container\" data-e-type=\"container\">\n\t\t<div class=\"elementor-element elementor-element-803b59f e-con-full e-flex e-con e-child\" data-id=\"803b59f\" data-element_type=\"container\" data-e-type=\"container\">\n\t\t\t\t<div class=\"elementor-element elementor-element-4da8404b elementor-widget elementor-widget-theme-post-title elementor-page-title elementor-widget-heading\" data-id=\"4da8404b\" data-element_type=\"widget\" data-e-type=\"widget\" data-widget_type=\"theme-post-title.default\">\n\t\t\t\t<div class=\"elementor-widget-container\">\n\t\t\t\t\t<h3 class=\"elementor-heading-title elementor-size-default\">Tour 4: Aktiv in der Natur<\/h3>\t\t\t\t<\/div>\n\t\t\t\t<\/div>\n\t\t\t\t<div class=\"elementor-element elementor-element-9c3d3ea elementor-widget elementor-widget-text-editor\" data-id=\"9c3d3ea\" data-element_type=\"widget\" data-e-type=\"widget\" data-widget_type=\"text-editor.default\">\n\t\t\t\t<div class=\"elementor-widget-container\">\n\t\t\t\t\t\t\t\t\tDer Landkreis Pfaffenhofen ist ein Paradies f\u00fcr alle, die sich an der frischen Luft aktiv bet\u00e4tigen m\u00f6chten.\t\t\t\t\t\t\t\t<\/div>\n\t\t\t\t<\/div>\n\t\t\t\t<\/div>\n\t\t\t\t<div class=\"elementor-element elementor-element-2049e8be elementor-button-info elementor-widget elementor-widget-button\" data-id=\"2049e8be\" data-element_type=\"widget\" data-e-type=\"widget\" data-widget_type=\"button.default\">\n\t\t\t\t<div class=\"elementor-widget-container\">\n\t\t\t\t\t\t\t\t\t<div class=\"elementor-button-wrapper\">\n\t\t\t\t\t<a class=\"elementor-button elementor-button-link elementor-size-sm\" href=\"https:\/\/erlebnisregion-pfaffenhofen.de\/en\/event\/tour-4-aktiv-in-der-natur\/\">\n\t\t\t\t\t\t<span class=\"elementor-button-content-wrapper\">\n\t\t\t\t\t\t\t\t\t<span class=\"elementor-button-text\">Mehr lesen<\/span>\n\t\t\t\t\t<\/span>\n\t\t\t\t\t<\/a>\n\t\t\t\t<\/div>\n\t\t\t\t\t\t\t\t<\/div>\n\t\t\t\t<\/div>\n\t\t\t\t<\/div>\n\t\t\t\t\t<\/div>\n\t\t\t\t<\/div>\n\t\t\t\t<\/div>\n\t\t\t\t<div data-elementor-type=\"loop-item\" data-elementor-id=\"688\" class=\"elementor elementor-688 e-loop-item e-loop-item-4481 post-4481 event type-event status-publish has-post-thumbnail hentry category-event-ein-tag-im-landkreis\" data-elementor-post-type=\"elementor_library\" data-custom-edit-handle=\"1\">\n\t\t\t<div class=\"elementor-element elementor-element-2921e1c1 e-flex e-con-boxed e-con e-parent\" data-id=\"2921e1c1\" data-element_type=\"container\" data-e-type=\"container\">\n\t\t\t\t\t<div class=\"e-con-inner\">\n\t\t<div class=\"elementor-element elementor-element-a71ed16 e-con-full e-flex e-con e-child\" data-id=\"a71ed16\" data-element_type=\"container\" data-e-type=\"container\">\n\t\t\t\t<div class=\"elementor-element elementor-element-575ba2d8 image-object-fit elementor-widget elementor-widget-theme-post-featured-image elementor-widget-image\" data-id=\"575ba2d8\" data-element_type=\"widget\" data-e-type=\"widget\" data-widget_type=\"theme-post-featured-image.default\">\n\t\t\t\t<div class=\"elementor-widget-container\">\n\t\t\t\t\t\t\t\t\t\t\t\t\t\t\t<img loading=\"lazy\" decoding=\"async\" width=\"768\" height=\"501\" src=\"https:\/\/erlebnisregion-pfaffenhofen.de\/wp-content\/uploads\/2023\/11\/Waldkletterpark_FotoKUS-768x501.jpg\" class=\"attachment-medium_large size-medium_large wp-image-4404\" alt=\"Kletterpark Jetzendorf\" srcset=\"https:\/\/erlebnisregion-pfaffenhofen.de\/wp-content\/uploads\/2023\/11\/Waldkletterpark_FotoKUS-768x501.jpg 768w, https:\/\/erlebnisregion-pfaffenhofen.de\/wp-content\/uploads\/2023\/11\/Waldkletterpark_FotoKUS-300x196.jpg 300w, https:\/\/erlebnisregion-pfaffenhofen.de\/wp-content\/uploads\/2023\/11\/Waldkletterpark_FotoKUS-1024x668.jpg 1024w, https:\/\/erlebnisregion-pfaffenhofen.de\/wp-content\/uploads\/2023\/11\/Waldkletterpark_FotoKUS-1536x1002.jpg 1536w, https:\/\/erlebnisregion-pfaffenhofen.de\/wp-content\/uploads\/2023\/11\/Waldkletterpark_FotoKUS.jpg 1920w\" sizes=\"(max-width: 768px) 100vw, 768px\" \/>\t\t\t\t\t\t\t\t\t\t\t\t\t\t\t<\/div>\n\t\t\t\t<\/div>\n\t\t\t\t<\/div>\n\t\t<div class=\"elementor-element elementor-element-149098f e-con-full e-flex e-con e-child\" data-id=\"149098f\" data-element_type=\"container\" data-e-type=\"container\">\n\t\t<div class=\"elementor-element elementor-element-803b59f e-con-full e-flex e-con e-child\" data-id=\"803b59f\" data-element_type=\"container\" data-e-type=\"container\">\n\t\t\t\t<div class=\"elementor-element elementor-element-4da8404b elementor-widget elementor-widget-theme-post-title elementor-page-title elementor-widget-heading\" data-id=\"4da8404b\" data-element_type=\"widget\" data-e-type=\"widget\" data-widget_type=\"theme-post-title.default\">\n\t\t\t\t<div class=\"elementor-widget-container\">\n\t\t\t\t\t<h3 class=\"elementor-heading-title elementor-size-default\">Tour 5: Mein perfekter Tag mit Lisa<\/h3>\t\t\t\t<\/div>\n\t\t\t\t<\/div>\n\t\t\t\t<div class=\"elementor-element elementor-element-9c3d3ea elementor-widget elementor-widget-text-editor\" data-id=\"9c3d3ea\" data-element_type=\"widget\" data-e-type=\"widget\" data-widget_type=\"text-editor.default\">\n\t\t\t\t<div class=\"elementor-widget-container\">\n\t\t\t\t\t\t\t\t\tBeim perfekten Tag mit Lisa erwartet euch ein sportliches Abenteuer im Waldkletterpark, aber auch Entspannung kommt nicht zu kurz.\t\t\t\t\t\t\t\t<\/div>\n\t\t\t\t<\/div>\n\t\t\t\t<\/div>\n\t\t\t\t<div class=\"elementor-element elementor-element-2049e8be elementor-button-info elementor-widget elementor-widget-button\" data-id=\"2049e8be\" data-element_type=\"widget\" data-e-type=\"widget\" data-widget_type=\"button.default\">\n\t\t\t\t<div class=\"elementor-widget-container\">\n\t\t\t\t\t\t\t\t\t<div class=\"elementor-button-wrapper\">\n\t\t\t\t\t<a class=\"elementor-button elementor-button-link elementor-size-sm\" href=\"https:\/\/erlebnisregion-pfaffenhofen.de\/en\/event\/tour-5-mein-perfekter-tag-mit-lisa\/\">\n\t\t\t\t\t\t<span class=\"elementor-button-content-wrapper\">\n\t\t\t\t\t\t\t\t\t<span class=\"elementor-button-text\">Mehr lesen<\/span>\n\t\t\t\t\t<\/span>\n\t\t\t\t\t<\/a>\n\t\t\t\t<\/div>\n\t\t\t\t\t\t\t\t<\/div>\n\t\t\t\t<\/div>\n\t\t\t\t<\/div>\n\t\t\t\t\t<\/div>\n\t\t\t\t<\/div>\n\t\t\t\t<\/div>\n\t\t\t\t<div data-elementor-type=\"loop-item\" data-elementor-id=\"688\" class=\"elementor elementor-688 e-loop-item e-loop-item-4476 post-4476 event type-event status-publish has-post-thumbnail hentry category-event-ein-tag-im-landkreis\" data-elementor-post-type=\"elementor_library\" data-custom-edit-handle=\"1\">\n\t\t\t<div class=\"elementor-element elementor-element-2921e1c1 e-flex e-con-boxed e-con e-parent\" data-id=\"2921e1c1\" data-element_type=\"container\" data-e-type=\"container\">\n\t\t\t\t\t<div class=\"e-con-inner\">\n\t\t<div class=\"elementor-element elementor-element-a71ed16 e-con-full e-flex e-con e-child\" data-id=\"a71ed16\" data-element_type=\"container\" data-e-type=\"container\">\n\t\t\t\t<div class=\"elementor-element elementor-element-575ba2d8 image-object-fit elementor-widget elementor-widget-theme-post-featured-image elementor-widget-image\" data-id=\"575ba2d8\" data-element_type=\"widget\" data-e-type=\"widget\" data-widget_type=\"theme-post-featured-image.default\">\n\t\t\t\t<div class=\"elementor-widget-container\">\n\t\t\t\t\t\t\t\t\t\t\t\t\t\t\t<img loading=\"lazy\" decoding=\"async\" width=\"768\" height=\"509\" src=\"https:\/\/erlebnisregion-pfaffenhofen.de\/wp-content\/uploads\/2023\/11\/R0123395-768x509.jpg\" class=\"attachment-medium_large size-medium_large wp-image-4421\" alt=\"Familie beim Radfahren\" srcset=\"https:\/\/erlebnisregion-pfaffenhofen.de\/wp-content\/uploads\/2023\/11\/R0123395-768x509.jpg 768w, https:\/\/erlebnisregion-pfaffenhofen.de\/wp-content\/uploads\/2023\/11\/R0123395-300x199.jpg 300w, https:\/\/erlebnisregion-pfaffenhofen.de\/wp-content\/uploads\/2023\/11\/R0123395-1024x678.jpg 1024w, https:\/\/erlebnisregion-pfaffenhofen.de\/wp-content\/uploads\/2023\/11\/R0123395.jpg 1200w\" sizes=\"(max-width: 768px) 100vw, 768px\" \/>\t\t\t\t\t\t\t\t\t\t\t\t\t\t\t<\/div>\n\t\t\t\t<\/div>\n\t\t\t\t<\/div>\n\t\t<div class=\"elementor-element elementor-element-149098f e-con-full e-flex e-con e-child\" data-id=\"149098f\" data-element_type=\"container\" data-e-type=\"container\">\n\t\t<div class=\"elementor-element elementor-element-803b59f e-con-full e-flex e-con e-child\" data-id=\"803b59f\" data-element_type=\"container\" data-e-type=\"container\">\n\t\t\t\t<div class=\"elementor-element elementor-element-4da8404b elementor-widget elementor-widget-theme-post-title elementor-page-title elementor-widget-heading\" data-id=\"4da8404b\" data-element_type=\"widget\" data-e-type=\"widget\" data-widget_type=\"theme-post-title.default\">\n\t\t\t\t<div class=\"elementor-widget-container\">\n\t\t\t\t\t<h3 class=\"elementor-heading-title elementor-size-default\">Tour 6: Mein perfekter Tag mit Britta<\/h3>\t\t\t\t<\/div>\n\t\t\t\t<\/div>\n\t\t\t\t<div class=\"elementor-element elementor-element-9c3d3ea elementor-widget elementor-widget-text-editor\" data-id=\"9c3d3ea\" data-element_type=\"widget\" data-e-type=\"widget\" data-widget_type=\"text-editor.default\">\n\t\t\t\t<div class=\"elementor-widget-container\">\n\t\t\t\t\t\t\t\t\tBritta nimmt Sie bei ihrem perfekten Tag mit auf ihre Familienradltour. Highlight f\u00fcr die Familie ist der Stopp beim Dirtpark.\t\t\t\t\t\t\t\t<\/div>\n\t\t\t\t<\/div>\n\t\t\t\t<\/div>\n\t\t\t\t<div class=\"elementor-element elementor-element-2049e8be elementor-button-info elementor-widget elementor-widget-button\" data-id=\"2049e8be\" data-element_type=\"widget\" data-e-type=\"widget\" data-widget_type=\"button.default\">\n\t\t\t\t<div class=\"elementor-widget-container\">\n\t\t\t\t\t\t\t\t\t<div class=\"elementor-button-wrapper\">\n\t\t\t\t\t<a class=\"elementor-button elementor-button-link elementor-size-sm\" href=\"https:\/\/erlebnisregion-pfaffenhofen.de\/en\/event\/tour-6-mein-perfekter-tag-mit-britta\/\">\n\t\t\t\t\t\t<span class=\"elementor-button-content-wrapper\">\n\t\t\t\t\t\t\t\t\t<span class=\"elementor-button-text\">Mehr lesen<\/span>\n\t\t\t\t\t<\/span>\n\t\t\t\t\t<\/a>\n\t\t\t\t<\/div>\n\t\t\t\t\t\t\t\t<\/div>\n\t\t\t\t<\/div>\n\t\t\t\t<\/div>\n\t\t\t\t\t<\/div>\n\t\t\t\t<\/div>\n\t\t\t\t<\/div>\n\t\t\t\t<div data-elementor-type=\"loop-item\" data-elementor-id=\"688\" class=\"elementor elementor-688 e-loop-item e-loop-item-4403 post-4403 event type-event status-publish has-post-thumbnail hentry category-event-ein-tag-im-landkreis\" data-elementor-post-type=\"elementor_library\" data-custom-edit-handle=\"1\">\n\t\t\t<div class=\"elementor-element elementor-element-2921e1c1 e-flex e-con-boxed e-con e-parent\" data-id=\"2921e1c1\" data-element_type=\"container\" data-e-type=\"container\">\n\t\t\t\t\t<div class=\"e-con-inner\">\n\t\t<div class=\"elementor-element elementor-element-a71ed16 e-con-full e-flex e-con e-child\" data-id=\"a71ed16\" data-element_type=\"container\" data-e-type=\"container\">\n\t\t\t\t<div class=\"elementor-element elementor-element-575ba2d8 image-object-fit elementor-widget elementor-widget-theme-post-featured-image elementor-widget-image\" data-id=\"575ba2d8\" data-element_type=\"widget\" data-e-type=\"widget\" data-widget_type=\"theme-post-featured-image.default\">\n\t\t\t\t<div class=\"elementor-widget-container\">\n\t\t\t\t\t\t\t\t\t\t\t\t\t\t\t<img loading=\"lazy\" decoding=\"async\" width=\"768\" height=\"512\" src=\"https:\/\/erlebnisregion-pfaffenhofen.de\/wp-content\/uploads\/2023\/11\/DJI_0677klein-768x512.jpg\" class=\"attachment-medium_large size-medium_large wp-image-4445\" alt=\"Blick auf Hopfengarten\" srcset=\"https:\/\/erlebnisregion-pfaffenhofen.de\/wp-content\/uploads\/2023\/11\/DJI_0677klein-768x512.jpg 768w, https:\/\/erlebnisregion-pfaffenhofen.de\/wp-content\/uploads\/2023\/11\/DJI_0677klein-300x200.jpg 300w, https:\/\/erlebnisregion-pfaffenhofen.de\/wp-content\/uploads\/2023\/11\/DJI_0677klein-1024x682.jpg 1024w, https:\/\/erlebnisregion-pfaffenhofen.de\/wp-content\/uploads\/2023\/11\/DJI_0677klein-1536x1023.jpg 1536w, https:\/\/erlebnisregion-pfaffenhofen.de\/wp-content\/uploads\/2023\/11\/DJI_0677klein.jpg 1920w\" sizes=\"(max-width: 768px) 100vw, 768px\" \/>\t\t\t\t\t\t\t\t\t\t\t\t\t\t\t<\/div>\n\t\t\t\t<\/div>\n\t\t\t\t<\/div>\n\t\t<div class=\"elementor-element elementor-element-149098f e-con-full e-flex e-con e-child\" data-id=\"149098f\" data-element_type=\"container\" data-e-type=\"container\">\n\t\t<div class=\"elementor-element elementor-element-803b59f e-con-full e-flex e-con e-child\" data-id=\"803b59f\" data-element_type=\"container\" data-e-type=\"container\">\n\t\t\t\t<div class=\"elementor-element elementor-element-4da8404b elementor-widget elementor-widget-theme-post-title elementor-page-title elementor-widget-heading\" data-id=\"4da8404b\" data-element_type=\"widget\" data-e-type=\"widget\" data-widget_type=\"theme-post-title.default\">\n\t\t\t\t<div class=\"elementor-widget-container\">\n\t\t\t\t\t<h3 class=\"elementor-heading-title elementor-size-default\">Tour 7: Mein perfekter Tag mit Andreas<\/h3>\t\t\t\t<\/div>\n\t\t\t\t<\/div>\n\t\t\t\t<div class=\"elementor-element elementor-element-9c3d3ea elementor-widget elementor-widget-text-editor\" data-id=\"9c3d3ea\" data-element_type=\"widget\" data-e-type=\"widget\" data-widget_type=\"text-editor.default\">\n\t\t\t\t<div class=\"elementor-widget-container\">\n\t\t\t\t\t\t\t\t\tMein perfekter \u201ehopfiger\u201c Tag im Landkreis Pfaffenhofen mit Andreas startet am Hopfenmuseum in Wolnzach.\t\t\t\t\t\t\t\t<\/div>\n\t\t\t\t<\/div>\n\t\t\t\t<\/div>\n\t\t\t\t<div class=\"elementor-element elementor-element-2049e8be elementor-button-info elementor-widget elementor-widget-button\" data-id=\"2049e8be\" data-element_type=\"widget\" data-e-type=\"widget\" data-widget_type=\"button.default\">\n\t\t\t\t<div class=\"elementor-widget-container\">\n\t\t\t\t\t\t\t\t\t<div class=\"elementor-button-wrapper\">\n\t\t\t\t\t<a class=\"elementor-button elementor-button-link elementor-size-sm\" href=\"https:\/\/erlebnisregion-pfaffenhofen.de\/en\/event\/tour-7-mein-perfekter-tag-mit-andreas\/\">\n\t\t\t\t\t\t<span class=\"elementor-button-content-wrapper\">\n\t\t\t\t\t\t\t\t\t<span class=\"elementor-button-text\">Mehr lesen<\/span>\n\t\t\t\t\t<\/span>\n\t\t\t\t\t<\/a>\n\t\t\t\t<\/div>\n\t\t\t\t\t\t\t\t<\/div>\n\t\t\t\t<\/div>\n\t\t\t\t<\/div>\n\t\t\t\t\t<\/div>\n\t\t\t\t<\/div>\n\t\t\t\t<\/div>\n\t\t\t\t<div data-elementor-type=\"loop-item\" data-elementor-id=\"688\" class=\"elementor elementor-688 e-loop-item e-loop-item-4457 post-4457 event type-event status-publish has-post-thumbnail hentry category-event-ein-tag-im-landkreis\" data-elementor-post-type=\"elementor_library\" data-custom-edit-handle=\"1\">\n\t\t\t<div class=\"elementor-element elementor-element-2921e1c1 e-flex e-con-boxed e-con e-parent\" data-id=\"2921e1c1\" data-element_type=\"container\" data-e-type=\"container\">\n\t\t\t\t\t<div class=\"e-con-inner\">\n\t\t<div class=\"elementor-element elementor-element-a71ed16 e-con-full e-flex e-con e-child\" data-id=\"a71ed16\" data-element_type=\"container\" data-e-type=\"container\">\n\t\t\t\t<div class=\"elementor-element elementor-element-575ba2d8 image-object-fit elementor-widget elementor-widget-theme-post-featured-image elementor-widget-image\" data-id=\"575ba2d8\" data-element_type=\"widget\" data-e-type=\"widget\" data-widget_type=\"theme-post-featured-image.default\">\n\t\t\t\t<div class=\"elementor-widget-container\">\n\t\t\t\t\t\t\t\t\t\t\t\t\t\t\t<img loading=\"lazy\" decoding=\"async\" width=\"768\" height=\"511\" src=\"https:\/\/erlebnisregion-pfaffenhofen.de\/wp-content\/uploads\/2023\/11\/Badeweiher_009-e1449764234448-768x511.jpg\" class=\"attachment-medium_large size-medium_large wp-image-4062\" alt=\"Zwei Personen spritzen sich im Weiher nass\" srcset=\"https:\/\/erlebnisregion-pfaffenhofen.de\/wp-content\/uploads\/2023\/11\/Badeweiher_009-e1449764234448-768x511.jpg 768w, https:\/\/erlebnisregion-pfaffenhofen.de\/wp-content\/uploads\/2023\/11\/Badeweiher_009-e1449764234448-300x200.jpg 300w, https:\/\/erlebnisregion-pfaffenhofen.de\/wp-content\/uploads\/2023\/11\/Badeweiher_009-e1449764234448.jpg 900w\" sizes=\"(max-width: 768px) 100vw, 768px\" \/>\t\t\t\t\t\t\t\t\t\t\t\t\t\t\t<\/div>\n\t\t\t\t<\/div>\n\t\t\t\t<\/div>\n\t\t<div class=\"elementor-element elementor-element-149098f e-con-full e-flex e-con e-child\" data-id=\"149098f\" data-element_type=\"container\" data-e-type=\"container\">\n\t\t<div class=\"elementor-element elementor-element-803b59f e-con-full e-flex e-con e-child\" data-id=\"803b59f\" data-element_type=\"container\" data-e-type=\"container\">\n\t\t\t\t<div class=\"elementor-element elementor-element-4da8404b elementor-widget elementor-widget-theme-post-title elementor-page-title elementor-widget-heading\" data-id=\"4da8404b\" data-element_type=\"widget\" data-e-type=\"widget\" data-widget_type=\"theme-post-title.default\">\n\t\t\t\t<div class=\"elementor-widget-container\">\n\t\t\t\t\t<h3 class=\"elementor-heading-title elementor-size-default\">Tour 8: Mein perfekter Tag mit Susanne<\/h3>\t\t\t\t<\/div>\n\t\t\t\t<\/div>\n\t\t\t\t<div class=\"elementor-element elementor-element-9c3d3ea elementor-widget elementor-widget-text-editor\" data-id=\"9c3d3ea\" data-element_type=\"widget\" data-e-type=\"widget\" data-widget_type=\"text-editor.default\">\n\t\t\t\t<div class=\"elementor-widget-container\">\n\t\t\t\t\t\t\t\t\tSusanne zeigt euch heute ihren perfekten Sommer-Tag im Landkreis Pfaffenhofen mit vielen tollen Tipps f\u00fcr Familien.\t\t\t\t\t\t\t\t<\/div>\n\t\t\t\t<\/div>\n\t\t\t\t<\/div>\n\t\t\t\t<div class=\"elementor-element elementor-element-2049e8be elementor-button-info elementor-widget elementor-widget-button\" data-id=\"2049e8be\" data-element_type=\"widget\" data-e-type=\"widget\" data-widget_type=\"button.default\">\n\t\t\t\t<div class=\"elementor-widget-container\">\n\t\t\t\t\t\t\t\t\t<div class=\"elementor-button-wrapper\">\n\t\t\t\t\t<a class=\"elementor-button elementor-button-link elementor-size-sm\" href=\"https:\/\/erlebnisregion-pfaffenhofen.de\/en\/event\/tour-8-mein-perfekter-tag-mit-susanne\/\">\n\t\t\t\t\t\t<span class=\"elementor-button-content-wrapper\">\n\t\t\t\t\t\t\t\t\t<span class=\"elementor-button-text\">Mehr lesen<\/span>\n\t\t\t\t\t<\/span>\n\t\t\t\t\t<\/a>\n\t\t\t\t<\/div>\n\t\t\t\t\t\t\t\t<\/div>\n\t\t\t\t<\/div>\n\t\t\t\t<\/div>\n\t\t\t\t\t<\/div>\n\t\t\t\t<\/div>\n\t\t\t\t<\/div>\n\t\t\t\t<div data-elementor-type=\"loop-item\" data-elementor-id=\"688\" class=\"elementor elementor-688 e-loop-item e-loop-item-4486 post-4486 event type-event status-publish has-post-thumbnail hentry category-event-ein-tag-im-landkreis\" data-elementor-post-type=\"elementor_library\" data-custom-edit-handle=\"1\">\n\t\t\t<div class=\"elementor-element elementor-element-2921e1c1 e-flex e-con-boxed e-con e-parent\" data-id=\"2921e1c1\" data-element_type=\"container\" data-e-type=\"container\">\n\t\t\t\t\t<div class=\"e-con-inner\">\n\t\t<div class=\"elementor-element elementor-element-a71ed16 e-con-full e-flex e-con e-child\" data-id=\"a71ed16\" data-element_type=\"container\" data-e-type=\"container\">\n\t\t\t\t<div class=\"elementor-element elementor-element-575ba2d8 image-object-fit elementor-widget elementor-widget-theme-post-featured-image elementor-widget-image\" data-id=\"575ba2d8\" data-element_type=\"widget\" data-e-type=\"widget\" data-widget_type=\"theme-post-featured-image.default\">\n\t\t\t\t<div class=\"elementor-widget-container\">\n\t\t\t\t\t\t\t\t\t\t\t\t\t\t\t<img loading=\"lazy\" decoding=\"async\" width=\"768\" height=\"1024\" src=\"https:\/\/erlebnisregion-pfaffenhofen.de\/wp-content\/uploads\/2023\/11\/Stadtwald-20200704_164531-768x1024.jpg\" class=\"attachment-medium_large size-medium_large wp-image-4487\" alt=\"Kletternetz im Stadtwald\" srcset=\"https:\/\/erlebnisregion-pfaffenhofen.de\/wp-content\/uploads\/2023\/11\/Stadtwald-20200704_164531-768x1024.jpg 768w, https:\/\/erlebnisregion-pfaffenhofen.de\/wp-content\/uploads\/2023\/11\/Stadtwald-20200704_164531-225x300.jpg 225w, https:\/\/erlebnisregion-pfaffenhofen.de\/wp-content\/uploads\/2023\/11\/Stadtwald-20200704_164531-1152x1536.jpg 1152w, https:\/\/erlebnisregion-pfaffenhofen.de\/wp-content\/uploads\/2023\/11\/Stadtwald-20200704_164531-1536x2048.jpg 1536w, https:\/\/erlebnisregion-pfaffenhofen.de\/wp-content\/uploads\/2023\/11\/Stadtwald-20200704_164531-scaled.jpg 1920w\" sizes=\"(max-width: 768px) 100vw, 768px\" \/>\t\t\t\t\t\t\t\t\t\t\t\t\t\t\t<\/div>\n\t\t\t\t<\/div>\n\t\t\t\t<\/div>\n\t\t<div class=\"elementor-element elementor-element-149098f e-con-full e-flex e-con e-child\" data-id=\"149098f\" data-element_type=\"container\" data-e-type=\"container\">\n\t\t<div class=\"elementor-element elementor-element-803b59f e-con-full e-flex e-con e-child\" data-id=\"803b59f\" data-element_type=\"container\" data-e-type=\"container\">\n\t\t\t\t<div class=\"elementor-element elementor-element-4da8404b elementor-widget elementor-widget-theme-post-title elementor-page-title elementor-widget-heading\" data-id=\"4da8404b\" data-element_type=\"widget\" data-e-type=\"widget\" data-widget_type=\"theme-post-title.default\">\n\t\t\t\t<div class=\"elementor-widget-container\">\n\t\t\t\t\t<h3 class=\"elementor-heading-title elementor-size-default\">Tour 9: Mein perfekter Tag mit Annegret<\/h3>\t\t\t\t<\/div>\n\t\t\t\t<\/div>\n\t\t\t\t<div class=\"elementor-element elementor-element-9c3d3ea elementor-widget elementor-widget-text-editor\" data-id=\"9c3d3ea\" data-element_type=\"widget\" data-e-type=\"widget\" data-widget_type=\"text-editor.default\">\n\t\t\t\t<div class=\"elementor-widget-container\">\n\t\t\t\t\t\t\t\t\tAnnegret nimmt euch mit zu ihrem perfekten Tag f\u00fcr Familien mit kleinen Kindern vom Stadtwald in Pfaffenhofen bis zum Freibad.\t\t\t\t\t\t\t\t<\/div>\n\t\t\t\t<\/div>\n\t\t\t\t<\/div>\n\t\t\t\t<div class=\"elementor-element elementor-element-2049e8be elementor-button-info elementor-widget elementor-widget-button\" data-id=\"2049e8be\" data-element_type=\"widget\" data-e-type=\"widget\" data-widget_type=\"button.default\">\n\t\t\t\t<div class=\"elementor-widget-container\">\n\t\t\t\t\t\t\t\t\t<div class=\"elementor-button-wrapper\">\n\t\t\t\t\t<a class=\"elementor-button elementor-button-link elementor-size-sm\" href=\"https:\/\/erlebnisregion-pfaffenhofen.de\/en\/event\/tour-9-mein-perfekter-tag-mit-annegret\/\">\n\t\t\t\t\t\t<span class=\"elementor-button-content-wrapper\">\n\t\t\t\t\t\t\t\t\t<span class=\"elementor-button-text\">Mehr lesen<\/span>\n\t\t\t\t\t<\/span>\n\t\t\t\t\t<\/a>\n\t\t\t\t<\/div>\n\t\t\t\t\t\t\t\t<\/div>\n\t\t\t\t<\/div>\n\t\t\t\t<\/div>\n\t\t\t\t\t<\/div>\n\t\t\t\t<\/div>\n\t\t\t\t<\/div>\n\t\t\t\t<\/div>\n\t\t\n\t\t\t\t\t\t<\/div>\n\t\t\t\t<\/div>\n\t\t\t\t\t<\/div>\n\t\t\t\t<\/div>\n\t\t\t\t<\/div>\n\t\t","protected":false},"excerpt":{"rendered":"<p>Our tour suggestions for a day trip, whether you are traveling in a group or individually. Take fascinating impressions home with you! <\/p>\n","protected":false},"author":3,"featured_media":4329,"parent":14945,"menu_order":8,"comment_status":"closed","ping_status":"closed","template":"","meta":{"_acf_changed":false,"inline_featured_image":false,"footnotes":""},"page-category":[],"pagetitle-category":[],"class_list":["post-20140","page","type-page","status-publish","has-post-thumbnail","hentry"],"acf":[],"yoast_head":"<!-- This site is optimized with the Yoast SEO plugin v27.5 - https:\/\/yoast.com\/product\/yoast-seo-wordpress\/ -->\n<title>A day in the district of Pfaffenhofen a.d.Ilm<\/title>\n<meta name=\"description\" content=\"Tour suggestions for a day trip, whether you are traveling in a group or individually. Take fascinating impressions home with you!\" \/>\n<meta name=\"robots\" content=\"index, follow, max-snippet:-1, max-image-preview:large, max-video-preview:-1\" \/>\n<link rel=\"canonical\" href=\"https:\/\/erlebnisregion-pfaffenhofen.de\/en\/places-of-interest-in-the-district-of-pfaffenhofen-a-d-ilm\/a-day-in-the-district-of-pfaffenhofen-a-d-ilm\/\" \/>\n<meta property=\"og:locale\" content=\"en_US\" \/>\n<meta property=\"og:type\" content=\"article\" \/>\n<meta property=\"og:title\" content=\"A day in the district of Pfaffenhofen a.d.Ilm\" \/>\n<meta property=\"og:description\" content=\"Tour suggestions for a day trip, whether you are traveling in a group or individually. Take fascinating impressions home with you!\" \/>\n<meta property=\"og:url\" content=\"https:\/\/erlebnisregion-pfaffenhofen.de\/en\/places-of-interest-in-the-district-of-pfaffenhofen-a-d-ilm\/a-day-in-the-district-of-pfaffenhofen-a-d-ilm\/\" \/>\n<meta property=\"og:site_name\" content=\"Erlebnisregion\" \/>\n<meta property=\"article:modified_time\" content=\"2025-01-29T14:11:47+00:00\" \/>\n<meta property=\"og:image\" content=\"https:\/\/erlebnisregion-pfaffenhofen.de\/wp-content\/uploads\/2023\/11\/E3A2094Richard-Scheuerecker.jpg\" \/>\n\t<meta property=\"og:image:width\" content=\"1920\" \/>\n\t<meta property=\"og:image:height\" content=\"1280\" \/>\n\t<meta property=\"og:image:type\" content=\"image\/jpeg\" \/>\n<meta name=\"twitter:card\" content=\"summary_large_image\" \/>\n<meta name=\"twitter:label1\" content=\"Est. reading time\" \/>\n\t<meta name=\"twitter:data1\" content=\"1 minute\" \/>\n<script type=\"application\/ld+json\" class=\"yoast-schema-graph\">{\"@context\":\"https:\\\/\\\/schema.org\",\"@graph\":[{\"@type\":\"WebPage\",\"@id\":\"https:\\\/\\\/erlebnisregion-pfaffenhofen.de\\\/en\\\/places-of-interest-in-the-district-of-pfaffenhofen-a-d-ilm\\\/a-day-in-the-district-of-pfaffenhofen-a-d-ilm\\\/\",\"url\":\"https:\\\/\\\/erlebnisregion-pfaffenhofen.de\\\/en\\\/places-of-interest-in-the-district-of-pfaffenhofen-a-d-ilm\\\/a-day-in-the-district-of-pfaffenhofen-a-d-ilm\\\/\",\"name\":\"A day in the district of Pfaffenhofen a.d.Ilm\",\"isPartOf\":{\"@id\":\"https:\\\/\\\/erlebnisregion-pfaffenhofen.de\\\/en\\\/#website\"},\"primaryImageOfPage\":{\"@id\":\"https:\\\/\\\/erlebnisregion-pfaffenhofen.de\\\/en\\\/places-of-interest-in-the-district-of-pfaffenhofen-a-d-ilm\\\/a-day-in-the-district-of-pfaffenhofen-a-d-ilm\\\/#primaryimage\"},\"image\":{\"@id\":\"https:\\\/\\\/erlebnisregion-pfaffenhofen.de\\\/en\\\/places-of-interest-in-the-district-of-pfaffenhofen-a-d-ilm\\\/a-day-in-the-district-of-pfaffenhofen-a-d-ilm\\\/#primaryimage\"},\"thumbnailUrl\":\"https:\\\/\\\/erlebnisregion-pfaffenhofen.de\\\/wp-content\\\/uploads\\\/2023\\\/11\\\/E3A2094Richard-Scheuerecker.jpg\",\"datePublished\":\"2023-11-29T15:01:10+00:00\",\"dateModified\":\"2025-01-29T14:11:47+00:00\",\"description\":\"Tour suggestions for a day trip, whether you are traveling in a group or individually. Take fascinating impressions home with you!\",\"breadcrumb\":{\"@id\":\"https:\\\/\\\/erlebnisregion-pfaffenhofen.de\\\/en\\\/places-of-interest-in-the-district-of-pfaffenhofen-a-d-ilm\\\/a-day-in-the-district-of-pfaffenhofen-a-d-ilm\\\/#breadcrumb\"},\"inLanguage\":\"en-US\",\"potentialAction\":[{\"@type\":\"ReadAction\",\"target\":[\"https:\\\/\\\/erlebnisregion-pfaffenhofen.de\\\/en\\\/places-of-interest-in-the-district-of-pfaffenhofen-a-d-ilm\\\/a-day-in-the-district-of-pfaffenhofen-a-d-ilm\\\/\"]}]},{\"@type\":\"ImageObject\",\"inLanguage\":\"en-US\",\"@id\":\"https:\\\/\\\/erlebnisregion-pfaffenhofen.de\\\/en\\\/places-of-interest-in-the-district-of-pfaffenhofen-a-d-ilm\\\/a-day-in-the-district-of-pfaffenhofen-a-d-ilm\\\/#primaryimage\",\"url\":\"https:\\\/\\\/erlebnisregion-pfaffenhofen.de\\\/wp-content\\\/uploads\\\/2023\\\/11\\\/E3A2094Richard-Scheuerecker.jpg\",\"contentUrl\":\"https:\\\/\\\/erlebnisregion-pfaffenhofen.de\\\/wp-content\\\/uploads\\\/2023\\\/11\\\/E3A2094Richard-Scheuerecker.jpg\",\"width\":1920,\"height\":1280,\"caption\":\"Blick auf Sinnesgarten Geisenfeld mit meheren Ausfl\u00fcglern\"},{\"@type\":\"BreadcrumbList\",\"@id\":\"https:\\\/\\\/erlebnisregion-pfaffenhofen.de\\\/en\\\/places-of-interest-in-the-district-of-pfaffenhofen-a-d-ilm\\\/a-day-in-the-district-of-pfaffenhofen-a-d-ilm\\\/#breadcrumb\",\"itemListElement\":[{\"@type\":\"ListItem\",\"position\":1,\"name\":\"Erlebnisregion\",\"item\":\"https:\\\/\\\/erlebnisregion-pfaffenhofen.de\\\/en\\\/adventure-region-district-of-pfaffenhofen-a-d-ilm\\\/\"},{\"@type\":\"ListItem\",\"position\":2,\"name\":\"Places of interest in the district of Pfaffenhofen a.d.Ilm\",\"item\":\"https:\\\/\\\/erlebnisregion-pfaffenhofen.de\\\/en\\\/places-of-interest-in-the-district-of-pfaffenhofen-a-d-ilm\\\/\"},{\"@type\":\"ListItem\",\"position\":3,\"name\":\"A day in the district of Pfaffenhofen a.d.Ilm\"}]},{\"@type\":\"WebSite\",\"@id\":\"https:\\\/\\\/erlebnisregion-pfaffenhofen.de\\\/en\\\/#website\",\"url\":\"https:\\\/\\\/erlebnisregion-pfaffenhofen.de\\\/en\\\/\",\"name\":\"Lebensraum- und Destinationsmanagement Landkreis Pfaffenhofen a.d.Ilm\",\"description\":\"Landkreis Pfaffenhofen a.d.Ilm\",\"publisher\":{\"@id\":\"https:\\\/\\\/erlebnisregion-pfaffenhofen.de\\\/en\\\/#organization\"},\"potentialAction\":[{\"@type\":\"SearchAction\",\"target\":{\"@type\":\"EntryPoint\",\"urlTemplate\":\"https:\\\/\\\/erlebnisregion-pfaffenhofen.de\\\/en\\\/?s={search_term_string}\"},\"query-input\":{\"@type\":\"PropertyValueSpecification\",\"valueRequired\":true,\"valueName\":\"search_term_string\"}}],\"inLanguage\":\"en-US\"},{\"@type\":\"Organization\",\"@id\":\"https:\\\/\\\/erlebnisregion-pfaffenhofen.de\\\/en\\\/#organization\",\"name\":\"Kommunalunternehmen Strukturentwicklung Landkreis Pfaffenhofen a.d.Ilm\",\"url\":\"https:\\\/\\\/erlebnisregion-pfaffenhofen.de\\\/en\\\/\",\"logo\":{\"@type\":\"ImageObject\",\"inLanguage\":\"en-US\",\"@id\":\"https:\\\/\\\/erlebnisregion-pfaffenhofen.de\\\/en\\\/#\\\/schema\\\/logo\\\/image\\\/\",\"url\":\"https:\\\/\\\/erlebnisregion-pfaffenhofen.de\\\/wp-content\\\/uploads\\\/2023\\\/06\\\/logo.svg\",\"contentUrl\":\"https:\\\/\\\/erlebnisregion-pfaffenhofen.de\\\/wp-content\\\/uploads\\\/2023\\\/06\\\/logo.svg\",\"width\":370,\"height\":174,\"caption\":\"Kommunalunternehmen Strukturentwicklung Landkreis Pfaffenhofen a.d.Ilm\"},\"image\":{\"@id\":\"https:\\\/\\\/erlebnisregion-pfaffenhofen.de\\\/en\\\/#\\\/schema\\\/logo\\\/image\\\/\"}}]}<\/script>\n<!-- \/ Yoast SEO plugin. -->","yoast_head_json":{"title":"A day in the district of Pfaffenhofen a.d.Ilm","description":"Tour suggestions for a day trip, whether you are traveling in a group or individually. Take fascinating impressions home with you!","robots":{"index":"index","follow":"follow","max-snippet":"max-snippet:-1","max-image-preview":"max-image-preview:large","max-video-preview":"max-video-preview:-1"},"canonical":"https:\/\/erlebnisregion-pfaffenhofen.de\/en\/places-of-interest-in-the-district-of-pfaffenhofen-a-d-ilm\/a-day-in-the-district-of-pfaffenhofen-a-d-ilm\/","og_locale":"en_US","og_type":"article","og_title":"A day in the district of Pfaffenhofen a.d.Ilm","og_description":"Tour suggestions for a day trip, whether you are traveling in a group or individually. Take fascinating impressions home with you!","og_url":"https:\/\/erlebnisregion-pfaffenhofen.de\/en\/places-of-interest-in-the-district-of-pfaffenhofen-a-d-ilm\/a-day-in-the-district-of-pfaffenhofen-a-d-ilm\/","og_site_name":"Erlebnisregion","article_modified_time":"2025-01-29T14:11:47+00:00","og_image":[{"width":1920,"height":1280,"url":"https:\/\/erlebnisregion-pfaffenhofen.de\/wp-content\/uploads\/2023\/11\/E3A2094Richard-Scheuerecker.jpg","type":"image\/jpeg"}],"twitter_card":"summary_large_image","twitter_misc":{"Est. reading time":"1 minute"},"schema":{"@context":"https:\/\/schema.org","@graph":[{"@type":"WebPage","@id":"https:\/\/erlebnisregion-pfaffenhofen.de\/en\/places-of-interest-in-the-district-of-pfaffenhofen-a-d-ilm\/a-day-in-the-district-of-pfaffenhofen-a-d-ilm\/","url":"https:\/\/erlebnisregion-pfaffenhofen.de\/en\/places-of-interest-in-the-district-of-pfaffenhofen-a-d-ilm\/a-day-in-the-district-of-pfaffenhofen-a-d-ilm\/","name":"A day in the district of Pfaffenhofen a.d.Ilm","isPartOf":{"@id":"https:\/\/erlebnisregion-pfaffenhofen.de\/en\/#website"},"primaryImageOfPage":{"@id":"https:\/\/erlebnisregion-pfaffenhofen.de\/en\/places-of-interest-in-the-district-of-pfaffenhofen-a-d-ilm\/a-day-in-the-district-of-pfaffenhofen-a-d-ilm\/#primaryimage"},"image":{"@id":"https:\/\/erlebnisregion-pfaffenhofen.de\/en\/places-of-interest-in-the-district-of-pfaffenhofen-a-d-ilm\/a-day-in-the-district-of-pfaffenhofen-a-d-ilm\/#primaryimage"},"thumbnailUrl":"https:\/\/erlebnisregion-pfaffenhofen.de\/wp-content\/uploads\/2023\/11\/E3A2094Richard-Scheuerecker.jpg","datePublished":"2023-11-29T15:01:10+00:00","dateModified":"2025-01-29T14:11:47+00:00","description":"Tour suggestions for a day trip, whether you are traveling in a group or individually. Take fascinating impressions home with you!","breadcrumb":{"@id":"https:\/\/erlebnisregion-pfaffenhofen.de\/en\/places-of-interest-in-the-district-of-pfaffenhofen-a-d-ilm\/a-day-in-the-district-of-pfaffenhofen-a-d-ilm\/#breadcrumb"},"inLanguage":"en-US","potentialAction":[{"@type":"ReadAction","target":["https:\/\/erlebnisregion-pfaffenhofen.de\/en\/places-of-interest-in-the-district-of-pfaffenhofen-a-d-ilm\/a-day-in-the-district-of-pfaffenhofen-a-d-ilm\/"]}]},{"@type":"ImageObject","inLanguage":"en-US","@id":"https:\/\/erlebnisregion-pfaffenhofen.de\/en\/places-of-interest-in-the-district-of-pfaffenhofen-a-d-ilm\/a-day-in-the-district-of-pfaffenhofen-a-d-ilm\/#primaryimage","url":"https:\/\/erlebnisregion-pfaffenhofen.de\/wp-content\/uploads\/2023\/11\/E3A2094Richard-Scheuerecker.jpg","contentUrl":"https:\/\/erlebnisregion-pfaffenhofen.de\/wp-content\/uploads\/2023\/11\/E3A2094Richard-Scheuerecker.jpg","width":1920,"height":1280,"caption":"Blick auf Sinnesgarten Geisenfeld mit meheren Ausfl\u00fcglern"},{"@type":"BreadcrumbList","@id":"https:\/\/erlebnisregion-pfaffenhofen.de\/en\/places-of-interest-in-the-district-of-pfaffenhofen-a-d-ilm\/a-day-in-the-district-of-pfaffenhofen-a-d-ilm\/#breadcrumb","itemListElement":[{"@type":"ListItem","position":1,"name":"Erlebnisregion","item":"https:\/\/erlebnisregion-pfaffenhofen.de\/en\/adventure-region-district-of-pfaffenhofen-a-d-ilm\/"},{"@type":"ListItem","position":2,"name":"Places of interest in the district of Pfaffenhofen a.d.Ilm","item":"https:\/\/erlebnisregion-pfaffenhofen.de\/en\/places-of-interest-in-the-district-of-pfaffenhofen-a-d-ilm\/"},{"@type":"ListItem","position":3,"name":"A day in the district of Pfaffenhofen a.d.Ilm"}]},{"@type":"WebSite","@id":"https:\/\/erlebnisregion-pfaffenhofen.de\/en\/#website","url":"https:\/\/erlebnisregion-pfaffenhofen.de\/en\/","name":"Lebensraum- und Destinationsmanagement Landkreis Pfaffenhofen a.d.Ilm","description":"Landkreis Pfaffenhofen a.d.Ilm","publisher":{"@id":"https:\/\/erlebnisregion-pfaffenhofen.de\/en\/#organization"},"potentialAction":[{"@type":"SearchAction","target":{"@type":"EntryPoint","urlTemplate":"https:\/\/erlebnisregion-pfaffenhofen.de\/en\/?s={search_term_string}"},"query-input":{"@type":"PropertyValueSpecification","valueRequired":true,"valueName":"search_term_string"}}],"inLanguage":"en-US"},{"@type":"Organization","@id":"https:\/\/erlebnisregion-pfaffenhofen.de\/en\/#organization","name":"Kommunalunternehmen Strukturentwicklung Landkreis Pfaffenhofen a.d.Ilm","url":"https:\/\/erlebnisregion-pfaffenhofen.de\/en\/","logo":{"@type":"ImageObject","inLanguage":"en-US","@id":"https:\/\/erlebnisregion-pfaffenhofen.de\/en\/#\/schema\/logo\/image\/","url":"https:\/\/erlebnisregion-pfaffenhofen.de\/wp-content\/uploads\/2023\/06\/logo.svg","contentUrl":"https:\/\/erlebnisregion-pfaffenhofen.de\/wp-content\/uploads\/2023\/06\/logo.svg","width":370,"height":174,"caption":"Kommunalunternehmen Strukturentwicklung Landkreis Pfaffenhofen a.d.Ilm"},"image":{"@id":"https:\/\/erlebnisregion-pfaffenhofen.de\/en\/#\/schema\/logo\/image\/"}}]}},"_links":{"self":[{"href":"https:\/\/erlebnisregion-pfaffenhofen.de\/en\/wp-json\/wp\/v2\/pages\/20140","targetHints":{"allow":["GET"]}}],"collection":[{"href":"https:\/\/erlebnisregion-pfaffenhofen.de\/en\/wp-json\/wp\/v2\/pages"}],"about":[{"href":"https:\/\/erlebnisregion-pfaffenhofen.de\/en\/wp-json\/wp\/v2\/types\/page"}],"author":[{"embeddable":true,"href":"https:\/\/erlebnisregion-pfaffenhofen.de\/en\/wp-json\/wp\/v2\/users\/3"}],"replies":[{"embeddable":true,"href":"https:\/\/erlebnisregion-pfaffenhofen.de\/en\/wp-json\/wp\/v2\/comments?post=20140"}],"version-history":[{"count":1,"href":"https:\/\/erlebnisregion-pfaffenhofen.de\/en\/wp-json\/wp\/v2\/pages\/20140\/revisions"}],"predecessor-version":[{"id":20141,"href":"https:\/\/erlebnisregion-pfaffenhofen.de\/en\/wp-json\/wp\/v2\/pages\/20140\/revisions\/20141"}],"up":[{"embeddable":true,"href":"https:\/\/erlebnisregion-pfaffenhofen.de\/en\/wp-json\/wp\/v2\/pages\/14945"}],"wp:featuredmedia":[{"embeddable":true,"href":"https:\/\/erlebnisregion-pfaffenhofen.de\/en\/wp-json\/wp\/v2\/media\/4329"}],"wp:attachment":[{"href":"https:\/\/erlebnisregion-pfaffenhofen.de\/en\/wp-json\/wp\/v2\/media?parent=20140"}],"wp:term":[{"taxonomy":"page-category","embeddable":true,"href":"https:\/\/erlebnisregion-pfaffenhofen.de\/en\/wp-json\/wp\/v2\/page-category?post=20140"},{"taxonomy":"pagetitle-category","embeddable":true,"href":"https:\/\/erlebnisregion-pfaffenhofen.de\/en\/wp-json\/wp\/v2\/pagetitle-category?post=20140"}],"curies":[{"name":"wp","href":"https:\/\/api.w.org\/{rel}","templated":true}]}}