{"id":20045,"date":"2023-11-06T11:38:58","date_gmt":"2023-11-06T11:38:58","guid":{"rendered":"https:\/\/erlebnisregion-pfaffenhofen.de\/latest-news\/"},"modified":"2025-10-21T14:07:51","modified_gmt":"2025-10-21T14:07:51","slug":"latest-news","status":"publish","type":"page","link":"https:\/\/erlebnisregion-pfaffenhofen.de\/en\/latest-news\/","title":{"rendered":"Latest news"},"content":{"rendered":"\t\t<div data-elementor-type=\"wp-page\" data-elementor-id=\"20045\" class=\"elementor elementor-20045 elementor-3621\" data-elementor-post-type=\"page\">\n\t\t\t\t<div class=\"elementor-element elementor-element-a11beed e-flex e-con-boxed e-con e-parent\" data-id=\"a11beed\" data-element_type=\"container\" data-e-type=\"container\">\n\t\t\t\t\t<div class=\"e-con-inner\">\n\t\t\t\t<div class=\"elementor-element elementor-element-40668de elementor-widget elementor-widget-text-editor\" data-id=\"40668de\" data-element_type=\"widget\" data-e-type=\"widget\" data-widget_type=\"text-editor.default\">\n\t\t\t\t<div class=\"elementor-widget-container\">\n\t\t\t\t\t\t\t\t\t<p class=\"intro-text\">News from the municipal company Strukturentwicklung Landkreis Pfaffenhofen a.d.Ilm on habitat and destination management.<\/p><p class=\"intro-text\">What&#8217;s going on in the district? Here you can find all the latest articles at a glance. <\/p>\t\t\t\t\t\t\t\t<\/div>\n\t\t\t\t<\/div>\n\t\t\t\t\t<\/div>\n\t\t\t\t<\/div>\n\t\t<div class=\"elementor-element elementor-element-0e5bc48 e-flex e-con-boxed e-con e-parent\" data-id=\"0e5bc48\" data-element_type=\"container\" data-e-type=\"container\">\n\t\t\t\t\t<div class=\"e-con-inner\">\n\t\t\t\t<div class=\"elementor-element elementor-element-a5e2975 elementor-grid-3 elementor-grid-tablet-2 elementor-grid-mobile-1 elementor-widget elementor-widget-loop-grid\" data-id=\"a5e2975\" data-element_type=\"widget\" data-e-type=\"widget\" data-settings=\"{&quot;template_id&quot;:669,&quot;columns&quot;:3,&quot;pagination_type&quot;:&quot;load_more_on_click&quot;,&quot;_skin&quot;:&quot;post&quot;,&quot;columns_tablet&quot;:&quot;2&quot;,&quot;columns_mobile&quot;:&quot;1&quot;,&quot;edit_handle_selector&quot;:&quot;[data-elementor-type=\\&quot;loop-item\\&quot;]&quot;,&quot;load_more_spinner&quot;:{&quot;value&quot;:&quot;fas fa-spinner&quot;,&quot;library&quot;:&quot;fa-solid&quot;},&quot;row_gap&quot;:{&quot;unit&quot;:&quot;px&quot;,&quot;size&quot;:&quot;&quot;,&quot;sizes&quot;:[]},&quot;row_gap_tablet&quot;:{&quot;unit&quot;:&quot;px&quot;,&quot;size&quot;:&quot;&quot;,&quot;sizes&quot;:[]},&quot;row_gap_mobile&quot;:{&quot;unit&quot;:&quot;px&quot;,&quot;size&quot;:&quot;&quot;,&quot;sizes&quot;:[]}}\" data-widget_type=\"loop-grid.post\">\n\t\t\t\t<div class=\"elementor-widget-container\">\n\t\t\t\t\t\t\t<div class=\"e-loop-nothing-found-message\">\n\t\t<\/div>\n\t\t\t\t\t\t<\/div>\n\t\t\t\t<\/div>\n\t\t\t\t\t<\/div>\n\t\t\t\t<\/div>\n\t\t<div class=\"elementor-element elementor-element-89c4d23 e-flex e-con-boxed e-con e-parent\" data-id=\"89c4d23\" data-element_type=\"container\" data-e-type=\"container\" data-settings=\"{&quot;background_background&quot;:&quot;classic&quot;}\">\n\t\t\t\t\t<div class=\"e-con-inner\">\n\t\t\t\t<div class=\"elementor-element elementor-element-f04f3a8 elementor-widget elementor-widget-heading\" data-id=\"f04f3a8\" data-element_type=\"widget\" data-e-type=\"widget\" data-widget_type=\"heading.default\">\n\t\t\t\t<div class=\"elementor-widget-container\">\n\t\t\t\t\t<h2 class=\"elementor-heading-title elementor-size-default\">Stories from the region<\/h2>\t\t\t\t<\/div>\n\t\t\t\t<\/div>\n\t\t\t\t<div class=\"elementor-element elementor-element-8677426 elementor-grid-2 elementor-grid-tablet-2 elementor-grid-mobile-1 elementor-widget elementor-widget-loop-grid\" data-id=\"8677426\" data-element_type=\"widget\" data-e-type=\"widget\" data-settings=\"{&quot;template_id&quot;:19514,&quot;columns&quot;:2,&quot;pagination_type&quot;:&quot;load_more_on_click&quot;,&quot;_skin&quot;:&quot;post&quot;,&quot;columns_tablet&quot;:&quot;2&quot;,&quot;columns_mobile&quot;:&quot;1&quot;,&quot;edit_handle_selector&quot;:&quot;[data-elementor-type=\\&quot;loop-item\\&quot;]&quot;,&quot;load_more_spinner&quot;:{&quot;value&quot;:&quot;fas fa-spinner&quot;,&quot;library&quot;:&quot;fa-solid&quot;},&quot;row_gap&quot;:{&quot;unit&quot;:&quot;px&quot;,&quot;size&quot;:&quot;&quot;,&quot;sizes&quot;:[]},&quot;row_gap_tablet&quot;:{&quot;unit&quot;:&quot;px&quot;,&quot;size&quot;:&quot;&quot;,&quot;sizes&quot;:[]},&quot;row_gap_mobile&quot;:{&quot;unit&quot;:&quot;px&quot;,&quot;size&quot;:&quot;&quot;,&quot;sizes&quot;:[]}}\" data-widget_type=\"loop-grid.post\">\n\t\t\t\t<div class=\"elementor-widget-container\">\n\t\t\t\t\t\t\t<div class=\"elementor-loop-container elementor-grid\" role=\"list\">\n\t\t<style id=\"loop-dynamic-19514\">.e-loop-item-34144 .elementor-element.elementor-element-ae09b13:not(.elementor-motion-effects-element-type-background), .e-loop-item-34144 .elementor-element.elementor-element-ae09b13 > .elementor-motion-effects-container > .elementor-motion-effects-layer{background-image:url(\"https:\/\/erlebnisregion-pfaffenhofen.de\/wp-content\/uploads\/2026\/04\/Gruppenfoto_HoKoe-scaled.jpg\");}<\/style><style id=\"loop-19514\">.elementor-19514 .elementor-element.elementor-element-5e71850{--display:flex;--justify-content:space-between;}.elementor-19514 .elementor-element.elementor-element-6dc7baf{--display:flex;--padding-top:0px;--padding-bottom:0px;--padding-left:0px;--padding-right:0px;}.elementor-19514 .elementor-element.elementor-element-ae09b13{--display:flex;--min-height:250px;--padding-top:0px;--padding-bottom:0px;--padding-left:0px;--padding-right:0px;}.elementor-19514 .elementor-element.elementor-element-ae09b13:not(.elementor-motion-effects-element-type-background), .elementor-19514 .elementor-element.elementor-element-ae09b13 > .elementor-motion-effects-container > .elementor-motion-effects-layer{background-position:center center;background-repeat:no-repeat;background-size:cover;}.elementor-19514 .elementor-element.elementor-element-9bc4e8b .elementor-heading-title{font-size:var( --e-global-typography-04893a5-font-size );font-weight:var( --e-global-typography-04893a5-font-weight );text-transform:var( --e-global-typography-04893a5-text-transform );line-height:var( --e-global-typography-04893a5-line-height );letter-spacing:var( --e-global-typography-04893a5-letter-spacing );word-spacing:var( --e-global-typography-04893a5-word-spacing );color:var( --e-global-color-text );}.elementor-19514 .elementor-element.elementor-element-0179deb .elementor-widget-container{font-size:16px;}.elementor-19514 .elementor-element.elementor-element-a661992 .elementor-button{fill:var( --e-global-color-secondary );color:var( --e-global-color-secondary );background-color:var( --e-global-color-709c2dc );}.elementor-19514 .elementor-element.elementor-element-a661992 .elementor-button:hover, .elementor-19514 .elementor-element.elementor-element-a661992 .elementor-button:focus{background-color:var( --e-global-color-secondary );}@media(max-width:1023px){.elementor-19514 .elementor-element.elementor-element-9bc4e8b .elementor-heading-title{font-size:var( --e-global-typography-04893a5-font-size );line-height:var( --e-global-typography-04893a5-line-height );letter-spacing:var( --e-global-typography-04893a5-letter-spacing );word-spacing:var( --e-global-typography-04893a5-word-spacing );}}@media(max-width:767px){.elementor-19514 .elementor-element.elementor-element-9bc4e8b .elementor-heading-title{font-size:var( --e-global-typography-04893a5-font-size );line-height:var( --e-global-typography-04893a5-line-height );letter-spacing:var( --e-global-typography-04893a5-letter-spacing );word-spacing:var( --e-global-typography-04893a5-word-spacing );}}\/* Start custom CSS for container, class: .elementor-element-5e71850 *\/.elementor-19514 .elementor-element.elementor-element-5e71850 {\n    height: 100%;\n}\n\n.elementor-19514 .elementor-element.elementor-element-5e71850 > .e-con-inner {\n    height: 100%;\n}\/* End custom CSS *\/<\/style>\t\t<div data-elementor-type=\"loop-item\" data-elementor-id=\"19514\" class=\"elementor elementor-19514 e-loop-item e-loop-item-34144 post-34144 interview type-interview status-publish has-post-thumbnail hentry\" data-elementor-post-type=\"elementor_library\" data-custom-edit-handle=\"1\">\n\t\t\t<div class=\"elementor-element elementor-element-5e71850 e-flex e-con-boxed e-con e-parent\" data-id=\"5e71850\" data-element_type=\"container\" data-e-type=\"container\">\n\t\t\t\t\t<div class=\"e-con-inner\">\n\t\t<div class=\"elementor-element elementor-element-6dc7baf e-con-full e-flex e-con e-child\" data-id=\"6dc7baf\" data-element_type=\"container\" data-e-type=\"container\">\n\t\t<div class=\"elementor-element elementor-element-ae09b13 e-con-full e-flex e-con e-child\" data-id=\"ae09b13\" data-element_type=\"container\" data-e-type=\"container\" data-settings=\"{&quot;background_background&quot;:&quot;classic&quot;}\">\n\t\t\t\t<\/div>\n\t\t\t\t<div class=\"elementor-element elementor-element-9bc4e8b no-margin elementor-widget elementor-widget-theme-post-title elementor-page-title elementor-widget-heading\" data-id=\"9bc4e8b\" data-element_type=\"widget\" data-e-type=\"widget\" data-widget_type=\"theme-post-title.default\">\n\t\t\t\t<div class=\"elementor-widget-container\">\n\t\t\t\t\t<h3 class=\"elementor-heading-title elementor-size-default\">Interview mit der Hopfenk\u00f6nigin Theresa Eisenrieder<\/h3>\t\t\t\t<\/div>\n\t\t\t\t<\/div>\n\t\t\t\t<div class=\"elementor-element elementor-element-0179deb elementor-widget elementor-widget-theme-post-excerpt\" data-id=\"0179deb\" data-element_type=\"widget\" data-e-type=\"widget\" data-widget_type=\"theme-post-excerpt.default\">\n\t\t\t\t<div class=\"elementor-widget-container\">\n\t\t\t\t\t<p>F\u00fcr die Zukunft unseres Hopfens w\u00fcnsche ich mir vor allem eines: echte Zukunftsf\u00e4higkeit. Theresa Eisenrieder vorstellung Liebe Theresa, w\u00fcrdest du dich bitte kurz vorstellen? Ich bin Theresa Eisenrieder aus Oberpindhart, ...\t\t\t\t<\/div>\n\t\t\t\t<\/div>\n\t\t\t\t<\/div>\n\t\t\t\t<div class=\"elementor-element elementor-element-a661992 elementor-button-info elementor-widget elementor-widget-button\" data-id=\"a661992\" data-element_type=\"widget\" data-e-type=\"widget\" data-widget_type=\"button.default\">\n\t\t\t\t<div class=\"elementor-widget-container\">\n\t\t\t\t\t\t\t\t\t<div class=\"elementor-button-wrapper\">\n\t\t\t\t\t<a class=\"elementor-button elementor-button-link elementor-size-sm\" href=\"https:\/\/erlebnisregion-pfaffenhofen.de\/en\/interview\/interview-mit-der-hopfenkoenigin-theresa-eisenrieder\/\">\n\t\t\t\t\t\t<span class=\"elementor-button-content-wrapper\">\n\t\t\t\t\t\t\t\t\t<span class=\"elementor-button-text\">Geschichte lesen<\/span>\n\t\t\t\t\t<\/span>\n\t\t\t\t\t<\/a>\n\t\t\t\t<\/div>\n\t\t\t\t\t\t\t\t<\/div>\n\t\t\t\t<\/div>\n\t\t\t\t\t<\/div>\n\t\t\t\t<\/div>\n\t\t\t\t<\/div>\n\t\t<style id=\"loop-dynamic-19514\">.e-loop-item-34084 .elementor-element.elementor-element-ae09b13:not(.elementor-motion-effects-element-type-background), .e-loop-item-34084 .elementor-element.elementor-element-ae09b13 > .elementor-motion-effects-container > .elementor-motion-effects-layer{background-image:url(\"https:\/\/erlebnisregion-pfaffenhofen.de\/wp-content\/uploads\/2026\/03\/IMG_7273-e1773829156642.png\");}<\/style>\t\t<div data-elementor-type=\"loop-item\" data-elementor-id=\"19514\" class=\"elementor elementor-19514 e-loop-item e-loop-item-34084 post-34084 interview type-interview status-publish has-post-thumbnail hentry\" data-elementor-post-type=\"elementor_library\" data-custom-edit-handle=\"1\">\n\t\t\t<div class=\"elementor-element elementor-element-5e71850 e-flex e-con-boxed e-con e-parent\" data-id=\"5e71850\" data-element_type=\"container\" data-e-type=\"container\">\n\t\t\t\t\t<div class=\"e-con-inner\">\n\t\t<div class=\"elementor-element elementor-element-6dc7baf e-con-full e-flex e-con e-child\" data-id=\"6dc7baf\" data-element_type=\"container\" data-e-type=\"container\">\n\t\t<div class=\"elementor-element elementor-element-ae09b13 e-con-full e-flex e-con e-child\" data-id=\"ae09b13\" data-element_type=\"container\" data-e-type=\"container\" data-settings=\"{&quot;background_background&quot;:&quot;classic&quot;}\">\n\t\t\t\t<\/div>\n\t\t\t\t<div class=\"elementor-element elementor-element-9bc4e8b no-margin elementor-widget elementor-widget-theme-post-title elementor-page-title elementor-widget-heading\" data-id=\"9bc4e8b\" data-element_type=\"widget\" data-e-type=\"widget\" data-widget_type=\"theme-post-title.default\">\n\t\t\t\t<div class=\"elementor-widget-container\">\n\t\t\t\t\t<h3 class=\"elementor-heading-title elementor-size-default\">Interview mit Leander Edinger vom Waldkletterpark Oberbayern<\/h3>\t\t\t\t<\/div>\n\t\t\t\t<\/div>\n\t\t\t\t<div class=\"elementor-element elementor-element-0179deb elementor-widget elementor-widget-theme-post-excerpt\" data-id=\"0179deb\" data-element_type=\"widget\" data-e-type=\"widget\" data-widget_type=\"theme-post-excerpt.default\">\n\t\t\t\t<div class=\"elementor-widget-container\">\n\t\t\t\t\t<p>Klettern ist eine Faszination: es gibt kaum eine Sportart, bei der man auf der einen Seite im Team unterwegs ist, andererseits dennoch die eigene Ausdauer und die eigenen Grenzen ausschlaggebend ...\t\t\t\t<\/div>\n\t\t\t\t<\/div>\n\t\t\t\t<\/div>\n\t\t\t\t<div class=\"elementor-element elementor-element-a661992 elementor-button-info elementor-widget elementor-widget-button\" data-id=\"a661992\" data-element_type=\"widget\" data-e-type=\"widget\" data-widget_type=\"button.default\">\n\t\t\t\t<div class=\"elementor-widget-container\">\n\t\t\t\t\t\t\t\t\t<div class=\"elementor-button-wrapper\">\n\t\t\t\t\t<a class=\"elementor-button elementor-button-link elementor-size-sm\" href=\"https:\/\/erlebnisregion-pfaffenhofen.de\/en\/interview\/interview-mit-leander-edinger-vom-waldkletterpark-oberbayern\/\">\n\t\t\t\t\t\t<span class=\"elementor-button-content-wrapper\">\n\t\t\t\t\t\t\t\t\t<span class=\"elementor-button-text\">Geschichte lesen<\/span>\n\t\t\t\t\t<\/span>\n\t\t\t\t\t<\/a>\n\t\t\t\t<\/div>\n\t\t\t\t\t\t\t\t<\/div>\n\t\t\t\t<\/div>\n\t\t\t\t\t<\/div>\n\t\t\t\t<\/div>\n\t\t\t\t<\/div>\n\t\t\t\t<\/div>\n\t\t\t\t\t<span class=\"e-load-more-spinner\">\n\t\t\t\t<i aria-hidden=\"true\" class=\"fas fa-spinner\"><\/i>\t\t\t<\/span>\n\t\t\n\t\t\t\t<div class=\"e-load-more-anchor\" data-page=\"1\" data-max-page=\"5\" data-next-page=\"https:\/\/erlebnisregion-pfaffenhofen.de\/en\/wp-json\/wp\/v2\/pages\/20045\/page\/2\/\"><\/div>\n\t\t\t\t<div class=\"e-loop__load-more elementor-button-wrapper\">\n\t\t\t<a class=\"elementor-button elementor-size-sm\" role=\"button\">\n\t\t\t\t\t\t<span class=\"elementor-button-content-wrapper\">\n\t\t\t\t\t\t\t\t\t<span class=\"elementor-button-text\">Load More<\/span>\n\t\t\t\t\t<\/span>\n\t\t\t\t\t<\/a>\n\t\t<\/div>\n\t\t\t\t<div class=\"e-load-more-message\"><\/div>\n\t\t\t\t\t\t<\/div>\n\t\t\t\t<\/div>\n\t\t\t\t\t<\/div>\n\t\t\t\t<\/div>\n\t\t<div class=\"elementor-element elementor-element-35586e4 e-flex e-con-boxed e-con e-parent\" data-id=\"35586e4\" data-element_type=\"container\" data-e-type=\"container\" data-settings=\"{&quot;background_background&quot;:&quot;classic&quot;}\">\n\t\t\t\t\t<div class=\"e-con-inner\">\n\t\t\t\t<div class=\"elementor-element elementor-element-0c88973 elementor-widget elementor-widget-heading\" data-id=\"0c88973\" data-element_type=\"widget\" data-e-type=\"widget\" data-widget_type=\"heading.default\">\n\t\t\t\t<div class=\"elementor-widget-container\">\n\t\t\t\t\t<h2 class=\"elementor-heading-title elementor-size-default\">Newsletter subscription<\/h2>\t\t\t\t<\/div>\n\t\t\t\t<\/div>\n\t\t\t\t<div class=\"elementor-element elementor-element-b81d4d5 elementor-widget elementor-widget-text-editor\" data-id=\"b81d4d5\" data-element_type=\"widget\" data-e-type=\"widget\" data-widget_type=\"text-editor.default\">\n\t\t\t\t<div class=\"elementor-widget-container\">\n\t\t\t\t\t\t\t\t\t<p>Keep your finger on the pulse and subscribe to the news from the district! Here you can find out all the latest news from the Erlebnisregion Pfaffenhofen a.d.Ilm &#8211; your experience region: events, excursion destinations and culinary highlights. Don&#8217;t miss any news.  <\/p>\t\t\t\t\t\t\t\t<\/div>\n\t\t\t\t<\/div>\n\t\t\t\t<div class=\"elementor-element elementor-element-84bdbad elementor-widget elementor-widget-shortcode\" data-id=\"84bdbad\" data-element_type=\"widget\" data-e-type=\"widget\" data-widget_type=\"shortcode.default\">\n\t\t\t\t<div class=\"elementor-widget-container\">\n\t\t\t\t\t\t\t<div class=\"elementor-shortcode\"><!--Newsletter Sign-up Form-->\r\n<title>Newsletteranmeldung<\/title>\r\n<script src=\"https:\/\/app.mailfino.de\/scripts\/ProcessOptInForm.js\" type=\"text\/javascript\"><\/script>\r\n<style>\r\n    .mnr_optin_checkbox:focus-visible,\r\n    .mnr_optin_checkbox:focus,\r\n    .Button_Link:focus-visible,\r\n    .Button_Link:focus {\r\n        outline: 2px solid rgb(0, 95, 204);\r\n        outline-offset: 1px;\r\n        border-radius: 2px !important;\r\n    }\r\n<\/style>\r\n<div class=\"Newsletter_SignUpForm\" id=\"Newsletter_SignUpForm\">\r\n\r\n    <div class=\"MNR_Select-Container \">\r\n        <label for=\"MNR_FORM_FIELD_Anrede\" class=\"mnr_optin_formfield-label\">Anrede<\/label>\r\n        <select name=\"MNR_FORM_FIELD_Anrede\" class=\"mnr_optin_formfield MNR_DropDownList\" onfocus=\"\"\r\n            placeholder=\"Anrede\" data-mnr_notification=\"Bitte w\u00e4hlen Sie eine Anrede aus\" readonly=\"true\"\r\n            data-mnr_tabindex=\"\" id=\"MNR_FORM_FIELD_Anrede\">\r\n            <option value=\"\" disabled=\"\" selected=\"\">Herr<\/option>\r\n            <option value=\"Frau\">Frau<\/option>\r\n            <option value=\"\"><\/option>\r\n        <\/select>\r\n    <\/div>\r\n\r\n    <div class=\"Element Form_FieldContainer\">\r\n        <label for=\"MNR_FORM_FIELD_Vorname\" class=\"mnr_optin_formfield-label\">Vorname<\/label>\r\n        <input text=\"\" name=\"MNR_FORM_FIELD_Vorname\" class=\"mnr_optin_formfield\" autocomplete=\"on\"\r\n            placeholder=\"Vorname*\" type=\"text\" data-mnr_tabindex=\"\" data-mnr_notification=\"\" maxlength=\"\" max=\"\" min=\"\"\r\n            required=\"\" id=\"MNR_FORM_FIELD_Vorname\">\r\n    <\/div>\r\n    <div class=\"Element Form_FieldContainer\">\r\n        <label for=\"MNR_FORM_FIELD_Nachname\" class=\"mnr_optin_formfield-label\">Nachname<\/label>\r\n        <input text=\"\" name=\"MNR_FORM_FIELD_Nachname\" class=\"mnr_optin_formfield\" autocomplete=\"on\"\r\n            placeholder=\"Nachname*\" type=\"text\" data-mnr_tabindex=\"\" data-mnr_notification=\"\" maxlength=\"\" max=\"\" min=\"\"\r\n            required=\"\" id=\"MNR_FORM_FIELD_Nachname\">\r\n    <\/div>\r\n\r\n    <div class=\"Element Form_FieldContainer\">\r\n        <label for=\"MNR_FORM_FIELD_Email1\" class=\"mnr_optin_formfield-label\">E-Mail<\/label>\r\n        <input name=\"MNR_FORM_FIELD_Email1\" class=\"mnr_optin_formfield\" autocomplete=\"on\" placeholder=\"E-Mail*\"\r\n            type=\"email\" required=\"\" data-mnr_tabindex=\"\"\r\n            data-mnr_notification=\"Bitte geben Sie Ihre E-Mail Adresse ein\" maxlength=\"\" max=\"\" min=\"\"\r\n            id=\"MNR_FORM_FIELD_Email1\">\r\n    <\/div>\r\n    <div class=\"Element Form_FieldContainer Form_FieldContainer_Accept\">\r\n        <input name=\"OptInChecked\" class=\"mnr_optin_checkbox\"\r\n            data-mnr_notification=\"Bitte stimmen Sie dem Erhalt des Newsletters zu.\" placeholder=\"\" required=\"\"\r\n            id=\"MNR_FORM_FIELD_Accept\" type=\"checkbox\"><label for=\"MNR_FORM_FIELD_Accept\">Ja, ich m\u00f6chte den\r\n            Newsletter bestellen. Eine Abmeldung ist jederzeit m\u00f6glich.<\/label>\r\n    <\/div>\r\n    <a tabindex=\"0\" class=\"Button_Link elementor-button\" onclick=\"ProcessMNRSignUp(event, this);\" data-mnr_tags=\"\">Absenden<\/a>\r\n\r\n    <div>\r\n        <input type=\"hidden\" class=\"mnr_optin_formfield\" name=\"FormRedirectURL\" value=\"\" id=\"FormRedirectURL\">\r\n        <input type=\"hidden\" class=\"mnr_optin_formfield\" name=\"FormEmailReceipt\"\r\n            value=\"Annegret.Lange@kus-pfaffenhofen.de\" id=\"FormEmailReceipt\">\r\n        <input type=\"hidden\" class=\"mnr_optin_formfield\" name=\"FormPopupBehavior\" value=\"\" id=\"FormPopupBehavior\">\r\n        <input type=\"hidden\" class=\"mnr_optin_formfield\" name=\"FormPopupDelay\" value=\"\" id=\"FormPopupDelay\">\r\n        <input type=\"hidden\" class=\"mnr_optin_formfield\" name=\"FormCategory\" value=\"20\" id=\"FormCategory\">\r\n        <input type=\"hidden\" class=\"mnr_optin_formfield\" name=\"FormName\" value=\"Anmeldung Newsletter LDT\" id=\"FormName\">\r\n        <input type=\"hidden\" class=\"mnr_optin_formfield\" name=\"FormOwner\" value=\"mf1010\" id=\"FormOwner\">\r\n        <input type=\"hidden\" class=\"mnr_optin_formfield\" name=\"FormServerDomain\" value=\"https:\/\/app.mailfino.de\"\r\n            id=\"FormServerDomain\">\r\n    <\/div>\r\n\r\n<\/div>\r\n\r\n<!--End of Newsletter Sign-up Form--><\/div>\n\t\t\t\t\t\t<\/div>\n\t\t\t\t<\/div>\n\t\t\t\t\t<\/div>\n\t\t\t\t<\/div>\n\t\t\t\t<\/div>\n\t\t","protected":false},"excerpt":{"rendered":"<p>A list of all important information and reports from the Kommunalunternehmen Strukturentwicklung Landkreis Pfaffenhofen a.d.Ilm.<\/p>\n","protected":false},"author":3,"featured_media":3623,"parent":0,"menu_order":-9,"comment_status":"closed","ping_status":"closed","template":"elementor_theme","meta":{"_acf_changed":false,"inline_featured_image":false,"footnotes":""},"page-category":[],"pagetitle-category":[],"class_list":["post-20045","page","type-page","status-publish","has-post-thumbnail","hentry"],"acf":[],"yoast_head":"<!-- This site is optimized with the Yoast SEO plugin v27.5 - https:\/\/yoast.com\/product\/yoast-seo-wordpress\/ -->\n<title>Latest news<\/title>\n<meta name=\"description\" content=\"A list of all important information and reports from the Kommunalunternehmen Strukturentwicklung Landkreis Pfaffenhofen a.d.Ilm.\" \/>\n<meta name=\"robots\" content=\"index, follow, max-snippet:-1, max-image-preview:large, max-video-preview:-1\" \/>\n<link rel=\"canonical\" href=\"https:\/\/erlebnisregion-pfaffenhofen.de\/en\/latest-news\/\" \/>\n<meta property=\"og:locale\" content=\"en_US\" \/>\n<meta property=\"og:type\" content=\"article\" \/>\n<meta property=\"og:title\" content=\"Latest news\" \/>\n<meta property=\"og:description\" content=\"A list of all important information and reports from the Kommunalunternehmen Strukturentwicklung Landkreis Pfaffenhofen a.d.Ilm.\" \/>\n<meta property=\"og:url\" content=\"https:\/\/erlebnisregion-pfaffenhofen.de\/en\/latest-news\/\" \/>\n<meta property=\"og:site_name\" content=\"Erlebnisregion\" \/>\n<meta property=\"article:modified_time\" content=\"2025-10-21T14:07:51+00:00\" \/>\n<meta property=\"og:image\" content=\"https:\/\/erlebnisregion-pfaffenhofen.de\/wp-content\/uploads\/2023\/11\/markus-winkler-aId-xYRTlEc-unsplash-scaled.jpg\" \/>\n\t<meta property=\"og:image:width\" content=\"2560\" \/>\n\t<meta property=\"og:image:height\" content=\"1707\" \/>\n\t<meta property=\"og:image:type\" content=\"image\/jpeg\" \/>\n<meta name=\"twitter:card\" content=\"summary_large_image\" \/>\n<script type=\"application\/ld+json\" class=\"yoast-schema-graph\">{\"@context\":\"https:\\\/\\\/schema.org\",\"@graph\":[{\"@type\":\"WebPage\",\"@id\":\"https:\\\/\\\/erlebnisregion-pfaffenhofen.de\\\/en\\\/latest-news\\\/\",\"url\":\"https:\\\/\\\/erlebnisregion-pfaffenhofen.de\\\/en\\\/latest-news\\\/\",\"name\":\"Latest news\",\"isPartOf\":{\"@id\":\"https:\\\/\\\/erlebnisregion-pfaffenhofen.de\\\/en\\\/#website\"},\"primaryImageOfPage\":{\"@id\":\"https:\\\/\\\/erlebnisregion-pfaffenhofen.de\\\/en\\\/latest-news\\\/#primaryimage\"},\"image\":{\"@id\":\"https:\\\/\\\/erlebnisregion-pfaffenhofen.de\\\/en\\\/latest-news\\\/#primaryimage\"},\"thumbnailUrl\":\"https:\\\/\\\/erlebnisregion-pfaffenhofen.de\\\/wp-content\\\/uploads\\\/2023\\\/11\\\/markus-winkler-aId-xYRTlEc-unsplash-scaled.jpg\",\"datePublished\":\"2023-11-06T11:38:58+00:00\",\"dateModified\":\"2025-10-21T14:07:51+00:00\",\"description\":\"A list of all important information and reports from the Kommunalunternehmen Strukturentwicklung Landkreis Pfaffenhofen a.d.Ilm.\",\"breadcrumb\":{\"@id\":\"https:\\\/\\\/erlebnisregion-pfaffenhofen.de\\\/en\\\/latest-news\\\/#breadcrumb\"},\"inLanguage\":\"en-US\",\"potentialAction\":[{\"@type\":\"ReadAction\",\"target\":[\"https:\\\/\\\/erlebnisregion-pfaffenhofen.de\\\/en\\\/latest-news\\\/\"]}]},{\"@type\":\"ImageObject\",\"inLanguage\":\"en-US\",\"@id\":\"https:\\\/\\\/erlebnisregion-pfaffenhofen.de\\\/en\\\/latest-news\\\/#primaryimage\",\"url\":\"https:\\\/\\\/erlebnisregion-pfaffenhofen.de\\\/wp-content\\\/uploads\\\/2023\\\/11\\\/markus-winkler-aId-xYRTlEc-unsplash-scaled.jpg\",\"contentUrl\":\"https:\\\/\\\/erlebnisregion-pfaffenhofen.de\\\/wp-content\\\/uploads\\\/2023\\\/11\\\/markus-winkler-aId-xYRTlEc-unsplash-scaled.jpg\",\"width\":2560,\"height\":1707,\"caption\":\"Schreibmaschine mit einem Blatt Papier mit Schrift News\"},{\"@type\":\"BreadcrumbList\",\"@id\":\"https:\\\/\\\/erlebnisregion-pfaffenhofen.de\\\/en\\\/latest-news\\\/#breadcrumb\",\"itemListElement\":[{\"@type\":\"ListItem\",\"position\":1,\"name\":\"Erlebnisregion\",\"item\":\"https:\\\/\\\/erlebnisregion-pfaffenhofen.de\\\/en\\\/adventure-region-district-of-pfaffenhofen-a-d-ilm\\\/\"},{\"@type\":\"ListItem\",\"position\":2,\"name\":\"Latest news\"}]},{\"@type\":\"WebSite\",\"@id\":\"https:\\\/\\\/erlebnisregion-pfaffenhofen.de\\\/en\\\/#website\",\"url\":\"https:\\\/\\\/erlebnisregion-pfaffenhofen.de\\\/en\\\/\",\"name\":\"Lebensraum- und Destinationsmanagement Landkreis Pfaffenhofen a.d.Ilm\",\"description\":\"Landkreis Pfaffenhofen a.d.Ilm\",\"publisher\":{\"@id\":\"https:\\\/\\\/erlebnisregion-pfaffenhofen.de\\\/en\\\/#organization\"},\"potentialAction\":[{\"@type\":\"SearchAction\",\"target\":{\"@type\":\"EntryPoint\",\"urlTemplate\":\"https:\\\/\\\/erlebnisregion-pfaffenhofen.de\\\/en\\\/?s={search_term_string}\"},\"query-input\":{\"@type\":\"PropertyValueSpecification\",\"valueRequired\":true,\"valueName\":\"search_term_string\"}}],\"inLanguage\":\"en-US\"},{\"@type\":\"Organization\",\"@id\":\"https:\\\/\\\/erlebnisregion-pfaffenhofen.de\\\/en\\\/#organization\",\"name\":\"Kommunalunternehmen Strukturentwicklung Landkreis Pfaffenhofen a.d.Ilm\",\"url\":\"https:\\\/\\\/erlebnisregion-pfaffenhofen.de\\\/en\\\/\",\"logo\":{\"@type\":\"ImageObject\",\"inLanguage\":\"en-US\",\"@id\":\"https:\\\/\\\/erlebnisregion-pfaffenhofen.de\\\/en\\\/#\\\/schema\\\/logo\\\/image\\\/\",\"url\":\"https:\\\/\\\/erlebnisregion-pfaffenhofen.de\\\/wp-content\\\/uploads\\\/2023\\\/06\\\/logo.svg\",\"contentUrl\":\"https:\\\/\\\/erlebnisregion-pfaffenhofen.de\\\/wp-content\\\/uploads\\\/2023\\\/06\\\/logo.svg\",\"width\":370,\"height\":174,\"caption\":\"Kommunalunternehmen Strukturentwicklung Landkreis Pfaffenhofen a.d.Ilm\"},\"image\":{\"@id\":\"https:\\\/\\\/erlebnisregion-pfaffenhofen.de\\\/en\\\/#\\\/schema\\\/logo\\\/image\\\/\"}}]}<\/script>\n<!-- \/ Yoast SEO plugin. -->","yoast_head_json":{"title":"Latest news","description":"A list of all important information and reports from the Kommunalunternehmen Strukturentwicklung Landkreis Pfaffenhofen a.d.Ilm.","robots":{"index":"index","follow":"follow","max-snippet":"max-snippet:-1","max-image-preview":"max-image-preview:large","max-video-preview":"max-video-preview:-1"},"canonical":"https:\/\/erlebnisregion-pfaffenhofen.de\/en\/latest-news\/","og_locale":"en_US","og_type":"article","og_title":"Latest news","og_description":"A list of all important information and reports from the Kommunalunternehmen Strukturentwicklung Landkreis Pfaffenhofen a.d.Ilm.","og_url":"https:\/\/erlebnisregion-pfaffenhofen.de\/en\/latest-news\/","og_site_name":"Erlebnisregion","article_modified_time":"2025-10-21T14:07:51+00:00","og_image":[{"width":2560,"height":1707,"url":"https:\/\/erlebnisregion-pfaffenhofen.de\/wp-content\/uploads\/2023\/11\/markus-winkler-aId-xYRTlEc-unsplash-scaled.jpg","type":"image\/jpeg"}],"twitter_card":"summary_large_image","schema":{"@context":"https:\/\/schema.org","@graph":[{"@type":"WebPage","@id":"https:\/\/erlebnisregion-pfaffenhofen.de\/en\/latest-news\/","url":"https:\/\/erlebnisregion-pfaffenhofen.de\/en\/latest-news\/","name":"Latest news","isPartOf":{"@id":"https:\/\/erlebnisregion-pfaffenhofen.de\/en\/#website"},"primaryImageOfPage":{"@id":"https:\/\/erlebnisregion-pfaffenhofen.de\/en\/latest-news\/#primaryimage"},"image":{"@id":"https:\/\/erlebnisregion-pfaffenhofen.de\/en\/latest-news\/#primaryimage"},"thumbnailUrl":"https:\/\/erlebnisregion-pfaffenhofen.de\/wp-content\/uploads\/2023\/11\/markus-winkler-aId-xYRTlEc-unsplash-scaled.jpg","datePublished":"2023-11-06T11:38:58+00:00","dateModified":"2025-10-21T14:07:51+00:00","description":"A list of all important information and reports from the Kommunalunternehmen Strukturentwicklung Landkreis Pfaffenhofen a.d.Ilm.","breadcrumb":{"@id":"https:\/\/erlebnisregion-pfaffenhofen.de\/en\/latest-news\/#breadcrumb"},"inLanguage":"en-US","potentialAction":[{"@type":"ReadAction","target":["https:\/\/erlebnisregion-pfaffenhofen.de\/en\/latest-news\/"]}]},{"@type":"ImageObject","inLanguage":"en-US","@id":"https:\/\/erlebnisregion-pfaffenhofen.de\/en\/latest-news\/#primaryimage","url":"https:\/\/erlebnisregion-pfaffenhofen.de\/wp-content\/uploads\/2023\/11\/markus-winkler-aId-xYRTlEc-unsplash-scaled.jpg","contentUrl":"https:\/\/erlebnisregion-pfaffenhofen.de\/wp-content\/uploads\/2023\/11\/markus-winkler-aId-xYRTlEc-unsplash-scaled.jpg","width":2560,"height":1707,"caption":"Schreibmaschine mit einem Blatt Papier mit Schrift News"},{"@type":"BreadcrumbList","@id":"https:\/\/erlebnisregion-pfaffenhofen.de\/en\/latest-news\/#breadcrumb","itemListElement":[{"@type":"ListItem","position":1,"name":"Erlebnisregion","item":"https:\/\/erlebnisregion-pfaffenhofen.de\/en\/adventure-region-district-of-pfaffenhofen-a-d-ilm\/"},{"@type":"ListItem","position":2,"name":"Latest news"}]},{"@type":"WebSite","@id":"https:\/\/erlebnisregion-pfaffenhofen.de\/en\/#website","url":"https:\/\/erlebnisregion-pfaffenhofen.de\/en\/","name":"Lebensraum- und Destinationsmanagement Landkreis Pfaffenhofen a.d.Ilm","description":"Landkreis Pfaffenhofen a.d.Ilm","publisher":{"@id":"https:\/\/erlebnisregion-pfaffenhofen.de\/en\/#organization"},"potentialAction":[{"@type":"SearchAction","target":{"@type":"EntryPoint","urlTemplate":"https:\/\/erlebnisregion-pfaffenhofen.de\/en\/?s={search_term_string}"},"query-input":{"@type":"PropertyValueSpecification","valueRequired":true,"valueName":"search_term_string"}}],"inLanguage":"en-US"},{"@type":"Organization","@id":"https:\/\/erlebnisregion-pfaffenhofen.de\/en\/#organization","name":"Kommunalunternehmen Strukturentwicklung Landkreis Pfaffenhofen a.d.Ilm","url":"https:\/\/erlebnisregion-pfaffenhofen.de\/en\/","logo":{"@type":"ImageObject","inLanguage":"en-US","@id":"https:\/\/erlebnisregion-pfaffenhofen.de\/en\/#\/schema\/logo\/image\/","url":"https:\/\/erlebnisregion-pfaffenhofen.de\/wp-content\/uploads\/2023\/06\/logo.svg","contentUrl":"https:\/\/erlebnisregion-pfaffenhofen.de\/wp-content\/uploads\/2023\/06\/logo.svg","width":370,"height":174,"caption":"Kommunalunternehmen Strukturentwicklung Landkreis Pfaffenhofen a.d.Ilm"},"image":{"@id":"https:\/\/erlebnisregion-pfaffenhofen.de\/en\/#\/schema\/logo\/image\/"}}]}},"_links":{"self":[{"href":"https:\/\/erlebnisregion-pfaffenhofen.de\/en\/wp-json\/wp\/v2\/pages\/20045","targetHints":{"allow":["GET"]}}],"collection":[{"href":"https:\/\/erlebnisregion-pfaffenhofen.de\/en\/wp-json\/wp\/v2\/pages"}],"about":[{"href":"https:\/\/erlebnisregion-pfaffenhofen.de\/en\/wp-json\/wp\/v2\/types\/page"}],"author":[{"embeddable":true,"href":"https:\/\/erlebnisregion-pfaffenhofen.de\/en\/wp-json\/wp\/v2\/users\/3"}],"replies":[{"embeddable":true,"href":"https:\/\/erlebnisregion-pfaffenhofen.de\/en\/wp-json\/wp\/v2\/comments?post=20045"}],"version-history":[{"count":5,"href":"https:\/\/erlebnisregion-pfaffenhofen.de\/en\/wp-json\/wp\/v2\/pages\/20045\/revisions"}],"predecessor-version":[{"id":21694,"href":"https:\/\/erlebnisregion-pfaffenhofen.de\/en\/wp-json\/wp\/v2\/pages\/20045\/revisions\/21694"}],"wp:featuredmedia":[{"embeddable":true,"href":"https:\/\/erlebnisregion-pfaffenhofen.de\/en\/wp-json\/wp\/v2\/media\/3623"}],"wp:attachment":[{"href":"https:\/\/erlebnisregion-pfaffenhofen.de\/en\/wp-json\/wp\/v2\/media?parent=20045"}],"wp:term":[{"taxonomy":"page-category","embeddable":true,"href":"https:\/\/erlebnisregion-pfaffenhofen.de\/en\/wp-json\/wp\/v2\/page-category?post=20045"},{"taxonomy":"pagetitle-category","embeddable":true,"href":"https:\/\/erlebnisregion-pfaffenhofen.de\/en\/wp-json\/wp\/v2\/pagetitle-category?post=20045"}],"curies":[{"name":"wp","href":"https:\/\/api.w.org\/{rel}","templated":true}]}}