{"id":4486,"date":"2023-11-29T21:01:37","date_gmt":"2023-11-29T21:01:37","guid":{"rendered":"https:\/\/erlebnisregion-pfaffenhofen.de\/?post_type=event&#038;p=4486"},"modified":"2023-11-29T21:06:49","modified_gmt":"2023-11-29T21:06:49","slug":"tour-9-mein-perfekter-tag-mit-annegret","status":"publish","type":"event","link":"https:\/\/erlebnisregion-pfaffenhofen.de\/en\/event\/tour-9-mein-perfekter-tag-mit-annegret\/","title":{"rendered":"Tour 9: Mein perfekter Tag mit Annegret"},"content":{"rendered":"\t\t<div data-elementor-type=\"wp-post\" data-elementor-id=\"4486\" class=\"elementor elementor-4486\" data-elementor-post-type=\"event\">\n\t\t\t\t<div class=\"elementor-element elementor-element-6d40811 e-flex e-con-boxed e-con e-parent\" data-id=\"6d40811\" data-element_type=\"container\" data-e-type=\"container\">\n\t\t\t\t\t<div class=\"e-con-inner\">\n\t\t\t\t<div class=\"elementor-element elementor-element-ad5718b elementor-widget elementor-widget-text-editor\" data-id=\"ad5718b\" data-element_type=\"widget\" data-e-type=\"widget\" data-widget_type=\"text-editor.default\">\n\t\t\t\t<div class=\"elementor-widget-container\">\n\t\t\t\t\t\t\t\t\t<p>Unsere Mitarbeiterin Annegret lebt mit ihrer Familie in Pfaffenhofen. Sie reist gerne und hat seit kurzem das G\u00e4rtnern f\u00fcr sich entdeckt. Heute nimmt sie euch mit zu ihrem Perfekten Tag f\u00fcr Familien mit kleinen Kindern.<strong><br \/><\/strong><\/p>\t\t\t\t\t\t\t\t<\/div>\n\t\t\t\t<\/div>\n\t\t\t\t\t<\/div>\n\t\t\t\t<\/div>\n\t\t<div class=\"elementor-element elementor-element-5db6cb0 e-flex e-con-boxed e-con e-parent\" data-id=\"5db6cb0\" data-element_type=\"container\" data-e-type=\"container\">\n\t\t\t\t\t<div class=\"e-con-inner\">\n\t\t<div class=\"elementor-element elementor-element-873aa38 e-flex e-con-boxed e-con e-parent\" data-id=\"873aa38\" data-element_type=\"container\" data-e-type=\"container\">\n\t\t\t\t\t<div class=\"e-con-inner\">\n\t\t\t\t<div class=\"elementor-element elementor-element-c7648fa elementor-widget elementor-widget-image\" data-id=\"c7648fa\" data-element_type=\"widget\" data-e-type=\"widget\" data-widget_type=\"image.default\">\n\t\t\t\t<div class=\"elementor-widget-container\">\n\t\t\t\t\t\t\t\t\t\t\t\t\t\t\t<img fetchpriority=\"high\" decoding=\"async\" width=\"768\" height=\"576\" src=\"https:\/\/erlebnisregion-pfaffenhofen.de\/wp-content\/uploads\/2023\/11\/Stadtwald-20200704_154020-768x576-1.jpg\" class=\"attachment-medium_large size-medium_large wp-image-4491\" alt=\"\" srcset=\"https:\/\/erlebnisregion-pfaffenhofen.de\/wp-content\/uploads\/2023\/11\/Stadtwald-20200704_154020-768x576-1.jpg 768w, https:\/\/erlebnisregion-pfaffenhofen.de\/wp-content\/uploads\/2023\/11\/Stadtwald-20200704_154020-768x576-1-300x225.jpg 300w\" sizes=\"(max-width: 768px) 100vw, 768px\" \/>\t\t\t\t\t\t\t\t\t\t\t\t\t\t\t<\/div>\n\t\t\t\t<\/div>\n\t\t\t\t<div class=\"elementor-element elementor-element-a0dfae4 elementor-widget elementor-widget-image\" data-id=\"a0dfae4\" data-element_type=\"widget\" data-e-type=\"widget\" data-widget_type=\"image.default\">\n\t\t\t\t<div class=\"elementor-widget-container\">\n\t\t\t\t\t\t\t\t\t\t\t\t\t\t\t<img decoding=\"async\" width=\"768\" height=\"1024\" src=\"https:\/\/erlebnisregion-pfaffenhofen.de\/wp-content\/uploads\/2023\/11\/20200704_164803klein-768x1024-1.jpg\" class=\"attachment-medium_large size-medium_large wp-image-4493\" alt=\"Balancierleiter im Stadtwald\" srcset=\"https:\/\/erlebnisregion-pfaffenhofen.de\/wp-content\/uploads\/2023\/11\/20200704_164803klein-768x1024-1.jpg 768w, https:\/\/erlebnisregion-pfaffenhofen.de\/wp-content\/uploads\/2023\/11\/20200704_164803klein-768x1024-1-225x300.jpg 225w\" sizes=\"(max-width: 768px) 100vw, 768px\" \/>\t\t\t\t\t\t\t\t\t\t\t\t\t\t\t<\/div>\n\t\t\t\t<\/div>\n\t\t\t\t\t<\/div>\n\t\t\t\t<\/div>\n\t\t<div class=\"elementor-element elementor-element-e5d6f52 e-flex e-con-boxed e-con e-parent\" data-id=\"e5d6f52\" data-element_type=\"container\" data-e-type=\"container\">\n\t\t\t\t\t<div class=\"e-con-inner\">\n\t\t\t\t<div class=\"elementor-element elementor-element-618db16 elementor-widget elementor-widget-heading\" data-id=\"618db16\" data-element_type=\"widget\" data-e-type=\"widget\" data-widget_type=\"heading.default\">\n\t\t\t\t<div class=\"elementor-widget-container\">\n\t\t\t\t\t<h2 class=\"elementor-heading-title elementor-size-default\">Vormittag:<\/h2>\t\t\t\t<\/div>\n\t\t\t\t<\/div>\n\t\t\t\t<div class=\"elementor-element elementor-element-18485a4 elementor-widget elementor-widget-text-editor\" data-id=\"18485a4\" data-element_type=\"widget\" data-e-type=\"widget\" data-widget_type=\"text-editor.default\">\n\t\t\t\t<div class=\"elementor-widget-container\">\n\t\t\t\t\t\t\t\t\t<div class=\"wpb_text_column wpb_content_element \"><div class=\"wpb_wrapper\"><h5>Stadtwald Pfaffenhofen<\/h5><p>Am sp\u00e4ten Vormittag starten wir an einem sonnigen Sommertag vom Parkplatz K\u00f6nigsberger Stra\u00dfe in den Pfaffenhofener Stadtwald, um den Kinderspielpfad zu entdecken. Die 18 unterschiedlichen Stationen aus Holz liegen meist nur wenige Schritte auseinander, so dass das erste Ziel schnell gefunden ist. Vor allem den Kindern machen die Stationen beim Ausprobieren gro\u00dfen Spa\u00df. Es wird geklettert, balanciert und gewippt\u2026 Aber auch abseits der Stationen gibt es viel zu entdecken: von leuchtgr\u00fcne Raupen \u00fcber Mausel\u00f6cher bis zu Wurzeln, \u00fcber die die Kinder mit Begeisterung dr\u00fcber klettern.<\/p><p>Leider ist der Kinderspielpfad wie der parallel verlaufende Trimm Dich Pfad f\u00fcr die Erwachsenen nicht als Rundweg angelegt, so dass wir den gleichen Weg wieder zur\u00fcck gehen m\u00fcssen. Aber die Stationen machen auf dem R\u00fcckweg auch noch einmal gro\u00dfen Spa\u00df, entsprechend viel Zeit sollte man also einplanen. Highlight f\u00fcr die Kinder ist es jedoch die steilen H\u00e4nge mit den BMW Chancen herunter zu rennen. Die Strecke ist rund einen Kilometer lang und auch gut f\u00fcr kleinere Kinder zu bew\u00e4ltigen.<\/p><\/div><\/div>\t\t\t\t\t\t\t\t<\/div>\n\t\t\t\t<\/div>\n\t\t\t\t\t<\/div>\n\t\t\t\t<\/div>\n\t\t\t\t\t<\/div>\n\t\t\t\t<\/div>\n\t\t<div class=\"elementor-element elementor-element-9e06afa e-flex e-con-boxed e-con e-parent\" data-id=\"9e06afa\" data-element_type=\"container\" data-e-type=\"container\">\n\t\t\t\t\t<div class=\"e-con-inner\">\n\t\t<div class=\"elementor-element elementor-element-0879034 e-flex e-con-boxed e-con e-parent\" data-id=\"0879034\" data-element_type=\"container\" data-e-type=\"container\">\n\t\t\t\t\t<div class=\"e-con-inner\">\n\t\t\t\t<div class=\"elementor-element elementor-element-0eca1f3 elementor-widget elementor-widget-heading\" data-id=\"0eca1f3\" data-element_type=\"widget\" data-e-type=\"widget\" data-widget_type=\"heading.default\">\n\t\t\t\t<div class=\"elementor-widget-container\">\n\t\t\t\t\t<h2 class=\"elementor-heading-title elementor-size-default\">Mittag:<\/h2>\t\t\t\t<\/div>\n\t\t\t\t<\/div>\n\t\t\t\t<div class=\"elementor-element elementor-element-a230af9 elementor-widget elementor-widget-text-editor\" data-id=\"a230af9\" data-element_type=\"widget\" data-e-type=\"widget\" data-widget_type=\"text-editor.default\">\n\t\t\t\t<div class=\"elementor-widget-container\">\n\t\t\t\t\t\t\t\t\t<div class=\"wpb_text_column wpb_content_element \"><div class=\"wpb_wrapper\"><h5>Hauptplatz Pfaffenhofen<\/h5><\/div><\/div><div class=\"vc_row wpb_row vc_inner vc_row-fluid\"><div class=\"wpb_column vc_column_container vc_col-sm-10\"><div class=\"vc_column-inner\"><div class=\"wpb_wrapper\"><div class=\"wpb_text_column wpb_content_element \"><div class=\"wpb_wrapper\"><p>Da es heute so hei\u00df ist, fahren wir f\u00fcr die Mittagspause in die Pfaffenhofener Innenstadt und es gibt auf dem Hauptplatz f\u00fcr alle ein leckeres Eis. W\u00e4hrend wir Eltern danach noch mit einem Kaffe die Sonne genie\u00dfen, toben sich unsere Kinder in den Wasserfont\u00e4nen aus.<\/p><\/div><\/div><\/div><\/div><\/div><\/div>\t\t\t\t\t\t\t\t<\/div>\n\t\t\t\t<\/div>\n\t\t\t\t\t<\/div>\n\t\t\t\t<\/div>\n\t\t<div class=\"elementor-element elementor-element-4c6df69 e-flex e-con-boxed e-con e-parent\" data-id=\"4c6df69\" data-element_type=\"container\" data-e-type=\"container\">\n\t\t\t\t\t<div class=\"e-con-inner\">\n\t\t\t\t<div class=\"elementor-element elementor-element-8627f13 elementor-widget elementor-widget-image\" data-id=\"8627f13\" data-element_type=\"widget\" data-e-type=\"widget\" data-widget_type=\"image.default\">\n\t\t\t\t<div class=\"elementor-widget-container\">\n\t\t\t\t\t\t\t\t\t\t\t\t\t\t\t<img decoding=\"async\" width=\"800\" height=\"533\" src=\"https:\/\/erlebnisregion-pfaffenhofen.de\/wp-content\/uploads\/2023\/11\/Pfaffenhofen_Rathaus_Wasserspiel-e1449761760630.jpg\" class=\"attachment-large size-large wp-image-4036\" alt=\"Rathaus Pfaffenhofen\" srcset=\"https:\/\/erlebnisregion-pfaffenhofen.de\/wp-content\/uploads\/2023\/11\/Pfaffenhofen_Rathaus_Wasserspiel-e1449761760630.jpg 900w, https:\/\/erlebnisregion-pfaffenhofen.de\/wp-content\/uploads\/2023\/11\/Pfaffenhofen_Rathaus_Wasserspiel-e1449761760630-300x200.jpg 300w, https:\/\/erlebnisregion-pfaffenhofen.de\/wp-content\/uploads\/2023\/11\/Pfaffenhofen_Rathaus_Wasserspiel-e1449761760630-768x512.jpg 768w\" sizes=\"(max-width: 800px) 100vw, 800px\" \/>\t\t\t\t\t\t\t\t\t\t\t\t\t\t\t<\/div>\n\t\t\t\t<\/div>\n\t\t\t\t\t<\/div>\n\t\t\t\t<\/div>\n\t\t\t\t\t<\/div>\n\t\t\t\t<\/div>\n\t\t<div class=\"elementor-element elementor-element-282c913 e-flex e-con-boxed e-con e-parent\" data-id=\"282c913\" data-element_type=\"container\" data-e-type=\"container\">\n\t\t\t\t\t<div class=\"e-con-inner\">\n\t\t<div class=\"elementor-element elementor-element-793770e e-flex e-con-boxed e-con e-parent\" data-id=\"793770e\" data-element_type=\"container\" data-e-type=\"container\">\n\t\t\t\t\t<div class=\"e-con-inner\">\n\t\t\t\t<div class=\"elementor-element elementor-element-a884792 elementor-widget elementor-widget-image\" data-id=\"a884792\" data-element_type=\"widget\" data-e-type=\"widget\" data-widget_type=\"image.default\">\n\t\t\t\t<div class=\"elementor-widget-container\">\n\t\t\t\t\t\t\t\t\t\t\t\t\t\t\t<img loading=\"lazy\" decoding=\"async\" width=\"800\" height=\"600\" src=\"https:\/\/erlebnisregion-pfaffenhofen.de\/wp-content\/uploads\/2023\/11\/Freibad-Pfaffenhofen-20200701_170402-1024x768-1.jpg\" class=\"attachment-large size-large wp-image-4495\" alt=\"Freibad Pfaffenhofen\" srcset=\"https:\/\/erlebnisregion-pfaffenhofen.de\/wp-content\/uploads\/2023\/11\/Freibad-Pfaffenhofen-20200701_170402-1024x768-1.jpg 1024w, https:\/\/erlebnisregion-pfaffenhofen.de\/wp-content\/uploads\/2023\/11\/Freibad-Pfaffenhofen-20200701_170402-1024x768-1-300x225.jpg 300w, https:\/\/erlebnisregion-pfaffenhofen.de\/wp-content\/uploads\/2023\/11\/Freibad-Pfaffenhofen-20200701_170402-1024x768-1-768x576.jpg 768w\" sizes=\"(max-width: 800px) 100vw, 800px\" \/>\t\t\t\t\t\t\t\t\t\t\t\t\t\t\t<\/div>\n\t\t\t\t<\/div>\n\t\t\t\t\t<\/div>\n\t\t\t\t<\/div>\n\t\t<div class=\"elementor-element elementor-element-df8d95a e-flex e-con-boxed e-con e-parent\" data-id=\"df8d95a\" data-element_type=\"container\" data-e-type=\"container\">\n\t\t\t\t\t<div class=\"e-con-inner\">\n\t\t\t\t<div class=\"elementor-element elementor-element-a7c6526 elementor-widget elementor-widget-heading\" data-id=\"a7c6526\" data-element_type=\"widget\" data-e-type=\"widget\" data-widget_type=\"heading.default\">\n\t\t\t\t<div class=\"elementor-widget-container\">\n\t\t\t\t\t<h2 class=\"elementor-heading-title elementor-size-default\">Nachmittag:<\/h2>\t\t\t\t<\/div>\n\t\t\t\t<\/div>\n\t\t\t\t<div class=\"elementor-element elementor-element-253c66e elementor-widget elementor-widget-text-editor\" data-id=\"253c66e\" data-element_type=\"widget\" data-e-type=\"widget\" data-widget_type=\"text-editor.default\">\n\t\t\t\t<div class=\"elementor-widget-container\">\n\t\t\t\t\t\t\t\t\t<h5>Freibad Pfaffenhofen<em><br \/><\/em><\/h5><p>Die Sonne strahlt und wir nutzen das tolle Sommerwetter f\u00fcr einen Besuch im Freibad. Anschlie\u00dfend sind alle m\u00fcde, aber satt und zufrieden und die Kinder fallen zuhause direkt ins Bett.<\/p>\t\t\t\t\t\t\t\t<\/div>\n\t\t\t\t<\/div>\n\t\t\t\t\t<\/div>\n\t\t\t\t<\/div>\n\t\t\t\t\t<\/div>\n\t\t\t\t<\/div>\n\t\t\t\t<\/div>\n\t\t","protected":false},"excerpt":{"rendered":"<p>Annegret nimmt euch mit zu ihrem perfekten Tag f\u00fcr Familien mit kleinen Kindern vom Stadtwald in Pfaffenhofen bis zum Freibad.<\/p>\n","protected":false},"author":3,"featured_media":4487,"template":"elementor_theme","category-event":[216],"class_list":["post-4486","event","type-event","status-publish","has-post-thumbnail","hentry","category-event-ein-tag-im-landkreis"],"acf":[],"yoast_head":"<!-- This site is optimized with the Yoast SEO plugin v27.3 - https:\/\/yoast.com\/product\/yoast-seo-wordpress\/ -->\n<title>Tour 9: Mein perfekter Tag mit Annegret<\/title>\n<meta name=\"description\" content=\"Annegret nimmt euch mit zu ihrem perfekten Tag f\u00fcr Familien mit kleinen Kindern vom Stadtwald in Pfaffenhofen bis zum Freibad.\" \/>\n<meta name=\"robots\" content=\"index, follow, max-snippet:-1, max-image-preview:large, max-video-preview:-1\" \/>\n<link rel=\"canonical\" href=\"https:\/\/erlebnisregion-pfaffenhofen.de\/en\/event\/tour-9-mein-perfekter-tag-mit-annegret\/\" \/>\n<meta property=\"og:locale\" content=\"en_US\" \/>\n<meta property=\"og:type\" content=\"article\" \/>\n<meta property=\"og:title\" content=\"Tour 9: Mein perfekter Tag mit Annegret\" \/>\n<meta property=\"og:description\" content=\"Annegret nimmt euch mit zu ihrem perfekten Tag f\u00fcr Familien mit kleinen Kindern vom Stadtwald in Pfaffenhofen bis zum Freibad.\" \/>\n<meta property=\"og:url\" content=\"https:\/\/erlebnisregion-pfaffenhofen.de\/en\/event\/tour-9-mein-perfekter-tag-mit-annegret\/\" \/>\n<meta property=\"og:site_name\" content=\"Erlebnisregion\" \/>\n<meta property=\"article:modified_time\" content=\"2023-11-29T21:06:49+00:00\" \/>\n<meta property=\"og:image\" content=\"https:\/\/erlebnisregion-pfaffenhofen.de\/wp-content\/uploads\/2023\/11\/Stadtwald-20200704_164531-scaled.jpg\" \/>\n\t<meta property=\"og:image:width\" content=\"1920\" \/>\n\t<meta property=\"og:image:height\" content=\"2560\" \/>\n\t<meta property=\"og:image:type\" content=\"image\/jpeg\" \/>\n<meta name=\"twitter:card\" content=\"summary_large_image\" \/>\n<meta name=\"twitter:label1\" content=\"Est. reading time\" \/>\n\t<meta name=\"twitter:data1\" content=\"3 minutes\" \/>\n<script type=\"application\/ld+json\" class=\"yoast-schema-graph\">{\"@context\":\"https:\\\/\\\/schema.org\",\"@graph\":[{\"@type\":\"WebPage\",\"@id\":\"https:\\\/\\\/erlebnisregion-pfaffenhofen.de\\\/en\\\/event\\\/tour-9-mein-perfekter-tag-mit-annegret\\\/\",\"url\":\"https:\\\/\\\/erlebnisregion-pfaffenhofen.de\\\/en\\\/event\\\/tour-9-mein-perfekter-tag-mit-annegret\\\/\",\"name\":\"Tour 9: Mein perfekter Tag mit Annegret\",\"isPartOf\":{\"@id\":\"https:\\\/\\\/erlebnisregion-pfaffenhofen.de\\\/en\\\/#website\"},\"primaryImageOfPage\":{\"@id\":\"https:\\\/\\\/erlebnisregion-pfaffenhofen.de\\\/en\\\/event\\\/tour-9-mein-perfekter-tag-mit-annegret\\\/#primaryimage\"},\"image\":{\"@id\":\"https:\\\/\\\/erlebnisregion-pfaffenhofen.de\\\/en\\\/event\\\/tour-9-mein-perfekter-tag-mit-annegret\\\/#primaryimage\"},\"thumbnailUrl\":\"https:\\\/\\\/erlebnisregion-pfaffenhofen.de\\\/wp-content\\\/uploads\\\/2023\\\/11\\\/Stadtwald-20200704_164531-scaled.jpg\",\"datePublished\":\"2023-11-29T21:01:37+00:00\",\"dateModified\":\"2023-11-29T21:06:49+00:00\",\"description\":\"Annegret nimmt euch mit zu ihrem perfekten Tag f\u00fcr Familien mit kleinen Kindern vom Stadtwald in Pfaffenhofen bis zum Freibad.\",\"breadcrumb\":{\"@id\":\"https:\\\/\\\/erlebnisregion-pfaffenhofen.de\\\/en\\\/event\\\/tour-9-mein-perfekter-tag-mit-annegret\\\/#breadcrumb\"},\"inLanguage\":\"en-US\",\"potentialAction\":[{\"@type\":\"ReadAction\",\"target\":[\"https:\\\/\\\/erlebnisregion-pfaffenhofen.de\\\/en\\\/event\\\/tour-9-mein-perfekter-tag-mit-annegret\\\/\"]}]},{\"@type\":\"ImageObject\",\"inLanguage\":\"en-US\",\"@id\":\"https:\\\/\\\/erlebnisregion-pfaffenhofen.de\\\/en\\\/event\\\/tour-9-mein-perfekter-tag-mit-annegret\\\/#primaryimage\",\"url\":\"https:\\\/\\\/erlebnisregion-pfaffenhofen.de\\\/wp-content\\\/uploads\\\/2023\\\/11\\\/Stadtwald-20200704_164531-scaled.jpg\",\"contentUrl\":\"https:\\\/\\\/erlebnisregion-pfaffenhofen.de\\\/wp-content\\\/uploads\\\/2023\\\/11\\\/Stadtwald-20200704_164531-scaled.jpg\",\"width\":1920,\"height\":2560,\"caption\":\"Kletternetz im Stadtwald\"},{\"@type\":\"BreadcrumbList\",\"@id\":\"https:\\\/\\\/erlebnisregion-pfaffenhofen.de\\\/en\\\/event\\\/tour-9-mein-perfekter-tag-mit-annegret\\\/#breadcrumb\",\"itemListElement\":[{\"@type\":\"ListItem\",\"position\":1,\"name\":\"Erlebnisregion\",\"item\":\"https:\\\/\\\/erlebnisregion-pfaffenhofen.de\\\/en\\\/adventure-region-district-of-pfaffenhofen-a-d-ilm\\\/\"},{\"@type\":\"ListItem\",\"position\":2,\"name\":\"Tour 9: Mein perfekter Tag mit Annegret\"}]},{\"@type\":\"WebSite\",\"@id\":\"https:\\\/\\\/erlebnisregion-pfaffenhofen.de\\\/en\\\/#website\",\"url\":\"https:\\\/\\\/erlebnisregion-pfaffenhofen.de\\\/en\\\/\",\"name\":\"Lebensraum- und Destinationsmanagement Landkreis Pfaffenhofen a.d.Ilm\",\"description\":\"Landkreis Pfaffenhofen a.d.Ilm\",\"publisher\":{\"@id\":\"https:\\\/\\\/erlebnisregion-pfaffenhofen.de\\\/en\\\/#organization\"},\"potentialAction\":[{\"@type\":\"SearchAction\",\"target\":{\"@type\":\"EntryPoint\",\"urlTemplate\":\"https:\\\/\\\/erlebnisregion-pfaffenhofen.de\\\/en\\\/?s={search_term_string}\"},\"query-input\":{\"@type\":\"PropertyValueSpecification\",\"valueRequired\":true,\"valueName\":\"search_term_string\"}}],\"inLanguage\":\"en-US\"},{\"@type\":\"Organization\",\"@id\":\"https:\\\/\\\/erlebnisregion-pfaffenhofen.de\\\/en\\\/#organization\",\"name\":\"Kommunalunternehmen Strukturentwicklung Landkreis Pfaffenhofen a.d.Ilm\",\"url\":\"https:\\\/\\\/erlebnisregion-pfaffenhofen.de\\\/en\\\/\",\"logo\":{\"@type\":\"ImageObject\",\"inLanguage\":\"en-US\",\"@id\":\"https:\\\/\\\/erlebnisregion-pfaffenhofen.de\\\/en\\\/#\\\/schema\\\/logo\\\/image\\\/\",\"url\":\"https:\\\/\\\/erlebnisregion-pfaffenhofen.de\\\/wp-content\\\/uploads\\\/2023\\\/06\\\/logo.svg\",\"contentUrl\":\"https:\\\/\\\/erlebnisregion-pfaffenhofen.de\\\/wp-content\\\/uploads\\\/2023\\\/06\\\/logo.svg\",\"width\":370,\"height\":174,\"caption\":\"Kommunalunternehmen Strukturentwicklung Landkreis Pfaffenhofen a.d.Ilm\"},\"image\":{\"@id\":\"https:\\\/\\\/erlebnisregion-pfaffenhofen.de\\\/en\\\/#\\\/schema\\\/logo\\\/image\\\/\"}}]}<\/script>\n<!-- \/ Yoast SEO plugin. -->","yoast_head_json":{"title":"Tour 9: Mein perfekter Tag mit Annegret","description":"Annegret nimmt euch mit zu ihrem perfekten Tag f\u00fcr Familien mit kleinen Kindern vom Stadtwald in Pfaffenhofen bis zum Freibad.","robots":{"index":"index","follow":"follow","max-snippet":"max-snippet:-1","max-image-preview":"max-image-preview:large","max-video-preview":"max-video-preview:-1"},"canonical":"https:\/\/erlebnisregion-pfaffenhofen.de\/en\/event\/tour-9-mein-perfekter-tag-mit-annegret\/","og_locale":"en_US","og_type":"article","og_title":"Tour 9: Mein perfekter Tag mit Annegret","og_description":"Annegret nimmt euch mit zu ihrem perfekten Tag f\u00fcr Familien mit kleinen Kindern vom Stadtwald in Pfaffenhofen bis zum Freibad.","og_url":"https:\/\/erlebnisregion-pfaffenhofen.de\/en\/event\/tour-9-mein-perfekter-tag-mit-annegret\/","og_site_name":"Erlebnisregion","article_modified_time":"2023-11-29T21:06:49+00:00","og_image":[{"width":1920,"height":2560,"url":"https:\/\/erlebnisregion-pfaffenhofen.de\/wp-content\/uploads\/2023\/11\/Stadtwald-20200704_164531-scaled.jpg","type":"image\/jpeg"}],"twitter_card":"summary_large_image","twitter_misc":{"Est. reading time":"3 minutes"},"schema":{"@context":"https:\/\/schema.org","@graph":[{"@type":"WebPage","@id":"https:\/\/erlebnisregion-pfaffenhofen.de\/en\/event\/tour-9-mein-perfekter-tag-mit-annegret\/","url":"https:\/\/erlebnisregion-pfaffenhofen.de\/en\/event\/tour-9-mein-perfekter-tag-mit-annegret\/","name":"Tour 9: Mein perfekter Tag mit Annegret","isPartOf":{"@id":"https:\/\/erlebnisregion-pfaffenhofen.de\/en\/#website"},"primaryImageOfPage":{"@id":"https:\/\/erlebnisregion-pfaffenhofen.de\/en\/event\/tour-9-mein-perfekter-tag-mit-annegret\/#primaryimage"},"image":{"@id":"https:\/\/erlebnisregion-pfaffenhofen.de\/en\/event\/tour-9-mein-perfekter-tag-mit-annegret\/#primaryimage"},"thumbnailUrl":"https:\/\/erlebnisregion-pfaffenhofen.de\/wp-content\/uploads\/2023\/11\/Stadtwald-20200704_164531-scaled.jpg","datePublished":"2023-11-29T21:01:37+00:00","dateModified":"2023-11-29T21:06:49+00:00","description":"Annegret nimmt euch mit zu ihrem perfekten Tag f\u00fcr Familien mit kleinen Kindern vom Stadtwald in Pfaffenhofen bis zum Freibad.","breadcrumb":{"@id":"https:\/\/erlebnisregion-pfaffenhofen.de\/en\/event\/tour-9-mein-perfekter-tag-mit-annegret\/#breadcrumb"},"inLanguage":"en-US","potentialAction":[{"@type":"ReadAction","target":["https:\/\/erlebnisregion-pfaffenhofen.de\/en\/event\/tour-9-mein-perfekter-tag-mit-annegret\/"]}]},{"@type":"ImageObject","inLanguage":"en-US","@id":"https:\/\/erlebnisregion-pfaffenhofen.de\/en\/event\/tour-9-mein-perfekter-tag-mit-annegret\/#primaryimage","url":"https:\/\/erlebnisregion-pfaffenhofen.de\/wp-content\/uploads\/2023\/11\/Stadtwald-20200704_164531-scaled.jpg","contentUrl":"https:\/\/erlebnisregion-pfaffenhofen.de\/wp-content\/uploads\/2023\/11\/Stadtwald-20200704_164531-scaled.jpg","width":1920,"height":2560,"caption":"Kletternetz im Stadtwald"},{"@type":"BreadcrumbList","@id":"https:\/\/erlebnisregion-pfaffenhofen.de\/en\/event\/tour-9-mein-perfekter-tag-mit-annegret\/#breadcrumb","itemListElement":[{"@type":"ListItem","position":1,"name":"Erlebnisregion","item":"https:\/\/erlebnisregion-pfaffenhofen.de\/en\/adventure-region-district-of-pfaffenhofen-a-d-ilm\/"},{"@type":"ListItem","position":2,"name":"Tour 9: Mein perfekter Tag mit Annegret"}]},{"@type":"WebSite","@id":"https:\/\/erlebnisregion-pfaffenhofen.de\/en\/#website","url":"https:\/\/erlebnisregion-pfaffenhofen.de\/en\/","name":"Lebensraum- und Destinationsmanagement Landkreis Pfaffenhofen a.d.Ilm","description":"Landkreis Pfaffenhofen a.d.Ilm","publisher":{"@id":"https:\/\/erlebnisregion-pfaffenhofen.de\/en\/#organization"},"potentialAction":[{"@type":"SearchAction","target":{"@type":"EntryPoint","urlTemplate":"https:\/\/erlebnisregion-pfaffenhofen.de\/en\/?s={search_term_string}"},"query-input":{"@type":"PropertyValueSpecification","valueRequired":true,"valueName":"search_term_string"}}],"inLanguage":"en-US"},{"@type":"Organization","@id":"https:\/\/erlebnisregion-pfaffenhofen.de\/en\/#organization","name":"Kommunalunternehmen Strukturentwicklung Landkreis Pfaffenhofen a.d.Ilm","url":"https:\/\/erlebnisregion-pfaffenhofen.de\/en\/","logo":{"@type":"ImageObject","inLanguage":"en-US","@id":"https:\/\/erlebnisregion-pfaffenhofen.de\/en\/#\/schema\/logo\/image\/","url":"https:\/\/erlebnisregion-pfaffenhofen.de\/wp-content\/uploads\/2023\/06\/logo.svg","contentUrl":"https:\/\/erlebnisregion-pfaffenhofen.de\/wp-content\/uploads\/2023\/06\/logo.svg","width":370,"height":174,"caption":"Kommunalunternehmen Strukturentwicklung Landkreis Pfaffenhofen a.d.Ilm"},"image":{"@id":"https:\/\/erlebnisregion-pfaffenhofen.de\/en\/#\/schema\/logo\/image\/"}}]}},"_links":{"self":[{"href":"https:\/\/erlebnisregion-pfaffenhofen.de\/en\/wp-json\/wp\/v2\/event\/4486","targetHints":{"allow":["GET"]}}],"collection":[{"href":"https:\/\/erlebnisregion-pfaffenhofen.de\/en\/wp-json\/wp\/v2\/event"}],"about":[{"href":"https:\/\/erlebnisregion-pfaffenhofen.de\/en\/wp-json\/wp\/v2\/types\/event"}],"author":[{"embeddable":true,"href":"https:\/\/erlebnisregion-pfaffenhofen.de\/en\/wp-json\/wp\/v2\/users\/3"}],"version-history":[{"count":4,"href":"https:\/\/erlebnisregion-pfaffenhofen.de\/en\/wp-json\/wp\/v2\/event\/4486\/revisions"}],"predecessor-version":[{"id":4498,"href":"https:\/\/erlebnisregion-pfaffenhofen.de\/en\/wp-json\/wp\/v2\/event\/4486\/revisions\/4498"}],"wp:featuredmedia":[{"embeddable":true,"href":"https:\/\/erlebnisregion-pfaffenhofen.de\/en\/wp-json\/wp\/v2\/media\/4487"}],"wp:attachment":[{"href":"https:\/\/erlebnisregion-pfaffenhofen.de\/en\/wp-json\/wp\/v2\/media?parent=4486"}],"wp:term":[{"taxonomy":"category-event","embeddable":true,"href":"https:\/\/erlebnisregion-pfaffenhofen.de\/en\/wp-json\/wp\/v2\/category-event?post=4486"}],"curies":[{"name":"wp","href":"https:\/\/api.w.org\/{rel}","templated":true}]}}