{"id":4481,"date":"2023-11-29T20:56:02","date_gmt":"2023-11-29T20:56:02","guid":{"rendered":"https:\/\/erlebnisregion-pfaffenhofen.de\/?post_type=event&#038;p=4481"},"modified":"2025-01-09T11:33:39","modified_gmt":"2025-01-09T11:33:39","slug":"tour-5-mein-perfekter-tag-mit-lisa","status":"publish","type":"event","link":"https:\/\/erlebnisregion-pfaffenhofen.de\/en\/event\/tour-5-mein-perfekter-tag-mit-lisa\/","title":{"rendered":"Tour 5: Mein perfekter Tag mit Lisa"},"content":{"rendered":"\t\t<div data-elementor-type=\"wp-post\" data-elementor-id=\"4481\" class=\"elementor elementor-4481\" data-elementor-post-type=\"event\">\n\t\t\t\t<div class=\"elementor-element elementor-element-988969a e-flex e-con-boxed e-con e-parent\" data-id=\"988969a\" data-element_type=\"container\" data-e-type=\"container\">\n\t\t\t\t\t<div class=\"e-con-inner\">\n\t\t\t\t<div class=\"elementor-element elementor-element-90de99e elementor-widget elementor-widget-text-editor\" data-id=\"90de99e\" data-element_type=\"widget\" data-e-type=\"widget\" data-widget_type=\"text-editor.default\">\n\t\t\t\t<div class=\"elementor-widget-container\">\n\t\t\t\t\t\t\t\t\t<p>Unsere Mitarbeiterin Lisa lebt mit ihrem Partner in Ingolstadt und treibt in ihrer Freizeit gerne Sport. Heute nimmt sie euch mit zu ihrem perfekten Tag im Landkreis Pfaffenhofen a.d.Ilm.<\/p>\t\t\t\t\t\t\t\t<\/div>\n\t\t\t\t<\/div>\n\t\t\t\t\t<\/div>\n\t\t\t\t<\/div>\n\t\t<div class=\"elementor-element elementor-element-5db6cb0 e-flex e-con-boxed e-con e-parent\" data-id=\"5db6cb0\" data-element_type=\"container\" data-e-type=\"container\">\n\t\t\t\t\t<div class=\"e-con-inner\">\n\t\t<div class=\"elementor-element elementor-element-873aa38 e-flex e-con-boxed e-con e-parent\" data-id=\"873aa38\" data-element_type=\"container\" data-e-type=\"container\">\n\t\t\t\t\t<div class=\"e-con-inner\">\n\t\t\t\t<div class=\"elementor-element elementor-element-a9179da elementor-widget elementor-widget-image\" data-id=\"a9179da\" data-element_type=\"widget\" data-e-type=\"widget\" data-widget_type=\"image.default\">\n\t\t\t\t<div class=\"elementor-widget-container\">\n\t\t\t\t\t\t\t\t\t\t\t\t\t\t\t<img fetchpriority=\"high\" decoding=\"async\" width=\"768\" height=\"439\" src=\"https:\/\/erlebnisregion-pfaffenhofen.de\/wp-content\/uploads\/2023\/11\/Waldkletterpark-9535-768x439-1.jpg\" class=\"attachment-large size-large wp-image-4408\" alt=\"\" srcset=\"https:\/\/erlebnisregion-pfaffenhofen.de\/wp-content\/uploads\/2023\/11\/Waldkletterpark-9535-768x439-1.jpg 768w, https:\/\/erlebnisregion-pfaffenhofen.de\/wp-content\/uploads\/2023\/11\/Waldkletterpark-9535-768x439-1-300x171.jpg 300w\" sizes=\"(max-width: 768px) 100vw, 768px\" \/>\t\t\t\t\t\t\t\t\t\t\t\t\t\t\t<\/div>\n\t\t\t\t<\/div>\n\t\t\t\t\t<\/div>\n\t\t\t\t<\/div>\n\t\t<div class=\"elementor-element elementor-element-e5d6f52 e-flex e-con-boxed e-con e-parent\" data-id=\"e5d6f52\" data-element_type=\"container\" data-e-type=\"container\">\n\t\t\t\t\t<div class=\"e-con-inner\">\n\t\t\t\t<div class=\"elementor-element elementor-element-618db16 elementor-widget elementor-widget-heading\" data-id=\"618db16\" data-element_type=\"widget\" data-e-type=\"widget\" data-widget_type=\"heading.default\">\n\t\t\t\t<div class=\"elementor-widget-container\">\n\t\t\t\t\t<h2 class=\"elementor-heading-title elementor-size-default\">Vormittag:<\/h2>\t\t\t\t<\/div>\n\t\t\t\t<\/div>\n\t\t\t\t<div class=\"elementor-element elementor-element-18485a4 elementor-widget elementor-widget-text-editor\" data-id=\"18485a4\" data-element_type=\"widget\" data-e-type=\"widget\" data-widget_type=\"text-editor.default\">\n\t\t\t\t<div class=\"elementor-widget-container\">\n\t\t\t\t\t\t\t\t\t<div class=\"vc_row wpb_row vc_row-fluid\"><div class=\"wpb_column vc_column_container vc_col-sm-12\"><div class=\"vc_column-inner\"><div class=\"wpb_wrapper\"><div class=\"wpb_text_column wpb_content_element \"><div class=\"wpb_wrapper\"><h5>Waldkletterpark Oberbayern in Jetzendorf<\/h5><\/div><\/div><\/div><\/div><\/div><\/div><div class=\"vc_row wpb_row vc_row-fluid\"><div class=\"wpb_column vc_column_container vc_col-sm-12\"><div class=\"vc_column-inner\"><div class=\"wpb_wrapper\"><div class=\"wpb_text_column wpb_content_element \"><div class=\"wpb_wrapper\"><p>Es ist Samstagfr\u00fch, 10 Uhr, und ich bin schon ziemlich aufgeregt. Heute wartet ein kleines sportliches Abenteuer auf mich. Gemeinsam mit einer Freundin werde ich mich im Waldkletterpark in Jetzendorf in luftige H\u00f6hen begeben. Zu Beginn bekommen wir das Sicherungssystem angelegt und eine kurze Einweisung. Wir meistern den \u00dcbungsparcours und d\u00fcrfen mit den 14 Kletter-Parcours mit einer Gesamtl\u00e4nge von 1,8 Kilometer starten. Nachdem wir uns auf den \u201eniedrigen\u201c Routen \u2013 acht Meter \u00fcber dem Boden \u2013 an die H\u00f6he und die Abl\u00e4ufe gew\u00f6hnt haben, werden wir mutiger und wagen uns an den neuen Schwarzen Parcours. Bei mehr als 120 \u00dcbungen in unterschiedlichen H\u00f6hen und verschiedenen Schwierigkeitsgraden verfliegt die Zeit. Der kr\u00f6nende Abschluss nach 2,5 Stunden zwischen Buchen und Eichen ist f\u00fcr uns dann der Flug mit dem Flying Fox. Wer keine Lust auf Klettern hat, kann sich die (Warte-)Zeit \u00fcbrigens in der zum Park geh\u00f6renden Minigolf-Anlage vertreiben.<\/p><\/div><\/div><\/div><\/div><\/div><\/div>\t\t\t\t\t\t\t\t<\/div>\n\t\t\t\t<\/div>\n\t\t\t\t\t<\/div>\n\t\t\t\t<\/div>\n\t\t\t\t\t<\/div>\n\t\t\t\t<\/div>\n\t\t<div class=\"elementor-element elementor-element-9e06afa e-flex e-con-boxed e-con e-parent\" data-id=\"9e06afa\" data-element_type=\"container\" data-e-type=\"container\">\n\t\t\t\t\t<div class=\"e-con-inner\">\n\t\t<div class=\"elementor-element elementor-element-0879034 e-flex e-con-boxed e-con e-parent\" data-id=\"0879034\" data-element_type=\"container\" data-e-type=\"container\">\n\t\t\t\t\t<div class=\"e-con-inner\">\n\t\t\t\t<div class=\"elementor-element elementor-element-0eca1f3 elementor-widget elementor-widget-heading\" data-id=\"0eca1f3\" data-element_type=\"widget\" data-e-type=\"widget\" data-widget_type=\"heading.default\">\n\t\t\t\t<div class=\"elementor-widget-container\">\n\t\t\t\t\t<h2 class=\"elementor-heading-title elementor-size-default\">Mittag:<\/h2>\t\t\t\t<\/div>\n\t\t\t\t<\/div>\n\t\t\t\t<div class=\"elementor-element elementor-element-a230af9 elementor-widget elementor-widget-text-editor\" data-id=\"a230af9\" data-element_type=\"widget\" data-e-type=\"widget\" data-widget_type=\"text-editor.default\">\n\t\t\t\t<div class=\"elementor-widget-container\">\n\t\t\t\t\t\t\t\t\t<h5>Stadt Pfaffehofen<\/h5><p>Nach diesen sportlichen H\u00f6chstleistungen k\u00f6nnen wir das Knurren unserer M\u00e4gen nicht mehr leugnen. Wir fahren zur\u00fcck nach Pfaffenhofen und gehen Mittagessen. Bayerisch, italienisch oder doch lieber exotisch und vegan? Eine schwere Entscheidung, denn die heimische Gastroszene pr\u00e4sentiert sich lebendig und traditionell. Doch was mir am besten gef\u00e4llt: die Wirte zeichnen sich nicht nur durch ihre Vielfalt und Qualit\u00e4t aus, sondern sie sind auch Gastgeber mit Leib und Seele.<\/p>\t\t\t\t\t\t\t\t<\/div>\n\t\t\t\t<\/div>\n\t\t\t\t\t<\/div>\n\t\t\t\t<\/div>\n\t\t<div class=\"elementor-element elementor-element-4c6df69 e-flex e-con-boxed e-con e-parent\" data-id=\"4c6df69\" data-element_type=\"container\" data-e-type=\"container\">\n\t\t\t\t\t<div class=\"e-con-inner\">\n\t\t\t\t<div class=\"elementor-element elementor-element-8627f13 elementor-widget elementor-widget-image\" data-id=\"8627f13\" data-element_type=\"widget\" data-e-type=\"widget\" data-widget_type=\"image.default\">\n\t\t\t\t<div class=\"elementor-widget-container\">\n\t\t\t\t\t\t\t\t\t\t\t\t\t\t\t<img decoding=\"async\" width=\"768\" height=\"576\" src=\"https:\/\/erlebnisregion-pfaffenhofen.de\/wp-content\/uploads\/2023\/11\/IMG_1561-768x576-1.jpg\" class=\"attachment-large size-large wp-image-4410\" alt=\"\" srcset=\"https:\/\/erlebnisregion-pfaffenhofen.de\/wp-content\/uploads\/2023\/11\/IMG_1561-768x576-1.jpg 768w, https:\/\/erlebnisregion-pfaffenhofen.de\/wp-content\/uploads\/2023\/11\/IMG_1561-768x576-1-300x225.jpg 300w\" sizes=\"(max-width: 768px) 100vw, 768px\" \/>\t\t\t\t\t\t\t\t\t\t\t\t\t\t\t<\/div>\n\t\t\t\t<\/div>\n\t\t\t\t\t<\/div>\n\t\t\t\t<\/div>\n\t\t\t\t\t<\/div>\n\t\t\t\t<\/div>\n\t\t<div class=\"elementor-element elementor-element-282c913 e-flex e-con-boxed e-con e-parent\" data-id=\"282c913\" data-element_type=\"container\" data-e-type=\"container\">\n\t\t\t\t\t<div class=\"e-con-inner\">\n\t\t<div class=\"elementor-element elementor-element-793770e e-flex e-con-boxed e-con e-parent\" data-id=\"793770e\" data-element_type=\"container\" data-e-type=\"container\">\n\t\t\t\t\t<div class=\"e-con-inner\">\n\t\t\t\t<div class=\"elementor-element elementor-element-a884792 elementor-widget elementor-widget-image\" data-id=\"a884792\" data-element_type=\"widget\" data-e-type=\"widget\" data-widget_type=\"image.default\">\n\t\t\t\t<div class=\"elementor-widget-container\">\n\t\t\t\t\t\t\t\t\t\t\t\t\t\t\t<img decoding=\"async\" width=\"768\" height=\"576\" src=\"https:\/\/erlebnisregion-pfaffenhofen.de\/wp-content\/uploads\/2023\/11\/IMG_9405-768x576-1.jpg\" class=\"attachment-large size-large wp-image-4412\" alt=\"Stadtstrand am Hauptplatz Pfaffenhofen\" srcset=\"https:\/\/erlebnisregion-pfaffenhofen.de\/wp-content\/uploads\/2023\/11\/IMG_9405-768x576-1.jpg 768w, https:\/\/erlebnisregion-pfaffenhofen.de\/wp-content\/uploads\/2023\/11\/IMG_9405-768x576-1-300x225.jpg 300w\" sizes=\"(max-width: 768px) 100vw, 768px\" \/>\t\t\t\t\t\t\t\t\t\t\t\t\t\t\t<\/div>\n\t\t\t\t<\/div>\n\t\t\t\t<div class=\"elementor-element elementor-element-bab8071 elementor-widget elementor-widget-image\" data-id=\"bab8071\" data-element_type=\"widget\" data-e-type=\"widget\" data-widget_type=\"image.default\">\n\t\t\t\t<div class=\"elementor-widget-container\">\n\t\t\t\t\t\t\t\t\t\t\t\t\t\t\t<img loading=\"lazy\" decoding=\"async\" width=\"768\" height=\"512\" src=\"https:\/\/erlebnisregion-pfaffenhofen.de\/wp-content\/uploads\/2023\/11\/IMG_7437-768x512-1.jpg\" class=\"attachment-large size-large wp-image-4414\" alt=\"Hopfenturm im B\u00fcrgerpark Pfaffenhofen\" srcset=\"https:\/\/erlebnisregion-pfaffenhofen.de\/wp-content\/uploads\/2023\/11\/IMG_7437-768x512-1.jpg 768w, https:\/\/erlebnisregion-pfaffenhofen.de\/wp-content\/uploads\/2023\/11\/IMG_7437-768x512-1-300x200.jpg 300w\" sizes=\"(max-width: 768px) 100vw, 768px\" \/>\t\t\t\t\t\t\t\t\t\t\t\t\t\t\t<\/div>\n\t\t\t\t<\/div>\n\t\t\t\t\t<\/div>\n\t\t\t\t<\/div>\n\t\t<div class=\"elementor-element elementor-element-df8d95a e-flex e-con-boxed e-con e-parent\" data-id=\"df8d95a\" data-element_type=\"container\" data-e-type=\"container\">\n\t\t\t\t\t<div class=\"e-con-inner\">\n\t\t\t\t<div class=\"elementor-element elementor-element-a7c6526 elementor-widget elementor-widget-heading\" data-id=\"a7c6526\" data-element_type=\"widget\" data-e-type=\"widget\" data-widget_type=\"heading.default\">\n\t\t\t\t<div class=\"elementor-widget-container\">\n\t\t\t\t\t<h2 class=\"elementor-heading-title elementor-size-default\">Nachmittag:<\/h2>\t\t\t\t<\/div>\n\t\t\t\t<\/div>\n\t\t\t\t<div class=\"elementor-element elementor-element-253c66e elementor-widget elementor-widget-text-editor\" data-id=\"253c66e\" data-element_type=\"widget\" data-e-type=\"widget\" data-widget_type=\"text-editor.default\">\n\t\t\t\t<div class=\"elementor-widget-container\">\n\t\t\t\t\t\t\t\t\t<div class=\"vc_row wpb_row vc_row-fluid\"><div class=\"wpb_column vc_column_container vc_col-sm-12\"><div class=\"vc_column-inner\"><div class=\"wpb_wrapper\"><div class=\"wpb_text_column wpb_content_element \"><div class=\"wpb_wrapper\"><h5>Innenstadt und B\u00fcrgerpark Pfaffenhofen<\/h5><\/div><\/div><\/div><\/div><\/div><\/div><div class=\"vc_row wpb_row vc_row-fluid\"><div class=\"wpb_column vc_column_container vc_col-sm-12\"><div class=\"vc_column-inner\"><div class=\"wpb_wrapper\"><div class=\"wpb_text_column wpb_content_element \"><div class=\"wpb_wrapper\">\u00a0<\/div><\/div><\/div><\/div><\/div><\/div><div class=\"vc_row wpb_row vc_row-fluid\"><div class=\"wpb_column vc_column_container vc_col-sm-12\"><div class=\"vc_column-inner\"><div class=\"wpb_wrapper\"><div class=\"wpb_text_column wpb_content_element \"><div class=\"wpb_wrapper\"><div class=\"wpb_column vc_column_container vc_col-sm-9\"><div class=\"vc_column-inner\"><div class=\"wpb_wrapper\"><div class=\"wpb_text_column wpb_content_element \"><div class=\"wpb_wrapper\"><p>Gest\u00e4rkt machen wir uns auf Richtung Hauptplatz. Mit Blick auf das im neugotischen Stil erbaute Rathaus schlendern wir durch die Gesch\u00e4fte. Ob Parf\u00fcm, B\u00fccher, Schuhe\u00a0 oder kulinarische K\u00f6stlichkeiten \u2013 die vielen kleinen L\u00e4den machen Lust auf einen Besuch. Um einige Euros erleichtert und mit einigen neuen Fundst\u00fccken lassen wir uns zwei Stunden sp\u00e4ter ersch\u00f6pft in die Liegest\u00fchle direkt auf dem Hauptplatz fallen.<\/p><p>Nach diesem turbulenten Tag zieht es mich abends zum Abschalten dann in den B\u00fcrgerpark. Die gr\u00fcne Oase wurde 2017 anl\u00e4sslich der kleinen Gartenschau in Pfaffenhofen neu geschaffen \u2013 und ich m\u00f6chte sie nicht mehr missen. Ein besonderes Highlight f\u00fcr mich ist dabei der Hopfenturm. Die Metallkonstruktion ist einem kleinen Hopfengarten nachempfunden. \u00dcber zwei ineinander verschachtelte Wendeltreppen gelangt man rechtsherum (das ist dem Wuchs des Hopfens nachempfunden) auf die Aussichtsplattform in sechs Metern H\u00f6he. Von hier oben hat man einen herrlichen Ausblick \u00fcber die Wiesen, Bienenweiden, B\u00e4nke und B\u00e4ume.<\/p><\/div><\/div><\/div><\/div><\/div><\/div><\/div><\/div><\/div><\/div><\/div>\t\t\t\t\t\t\t\t<\/div>\n\t\t\t\t<\/div>\n\t\t\t\t\t<\/div>\n\t\t\t\t<\/div>\n\t\t\t\t\t<\/div>\n\t\t\t\t<\/div>\n\t\t<div class=\"elementor-element elementor-element-6dd19ce e-flex e-con-boxed e-con e-parent\" data-id=\"6dd19ce\" data-element_type=\"container\" data-e-type=\"container\">\n\t\t\t\t\t<div class=\"e-con-inner\">\n\t\t<div class=\"elementor-element elementor-element-715e8a7 e-flex e-con-boxed e-con e-parent\" data-id=\"715e8a7\" data-element_type=\"container\" data-e-type=\"container\">\n\t\t\t\t\t<div class=\"e-con-inner\">\n\t\t\t\t<div class=\"elementor-element elementor-element-76268f9 elementor-widget elementor-widget-image\" data-id=\"76268f9\" data-element_type=\"widget\" data-e-type=\"widget\" data-widget_type=\"image.default\">\n\t\t\t\t<div class=\"elementor-widget-container\">\n\t\t\t\t\t\t\t\t\t\t\t\t\t\t\t<img loading=\"lazy\" decoding=\"async\" width=\"768\" height=\"512\" src=\"https:\/\/erlebnisregion-pfaffenhofen.de\/wp-content\/uploads\/2023\/11\/IMG_7419-768x512-1.jpg\" class=\"attachment-large size-large wp-image-4416\" alt=\"Wasserm\u00fchlrad im B\u00fcrgerpark Pfaffenhofen\" srcset=\"https:\/\/erlebnisregion-pfaffenhofen.de\/wp-content\/uploads\/2023\/11\/IMG_7419-768x512-1.jpg 768w, https:\/\/erlebnisregion-pfaffenhofen.de\/wp-content\/uploads\/2023\/11\/IMG_7419-768x512-1-300x200.jpg 300w\" sizes=\"(max-width: 768px) 100vw, 768px\" \/>\t\t\t\t\t\t\t\t\t\t\t\t\t\t\t<\/div>\n\t\t\t\t<\/div>\n\t\t\t\t\t<\/div>\n\t\t\t\t<\/div>\n\t\t<div class=\"elementor-element elementor-element-b861f32 e-flex e-con-boxed e-con e-parent\" data-id=\"b861f32\" data-element_type=\"container\" data-e-type=\"container\">\n\t\t\t\t\t<div class=\"e-con-inner\">\n\t\t\t\t<div class=\"elementor-element elementor-element-c140647 elementor-widget elementor-widget-text-editor\" data-id=\"c140647\" data-element_type=\"widget\" data-e-type=\"widget\" data-widget_type=\"text-editor.default\">\n\t\t\t\t<div class=\"elementor-widget-container\">\n\t\t\t\t\t\t\t\t\t<p>Nach dem Abstieg mache ich mich mit meiner Picknickdecke auf die Suche nach einem ruhigen Pl\u00e4tzchen. F\u00fcndig werde ich direkt am M\u00fchlrad bei der Arlm\u00fchle. Mit einem guten Glas Weiswein, meinem Buch und den entspannten Kl\u00e4ngen des gerade stattfindenden Konzertes, lasse ich den Abend ausklingen.<\/p>\t\t\t\t\t\t\t\t<\/div>\n\t\t\t\t<\/div>\n\t\t\t\t\t<\/div>\n\t\t\t\t<\/div>\n\t\t\t\t\t<\/div>\n\t\t\t\t<\/div>\n\t\t\t\t<\/div>\n\t\t","protected":false},"excerpt":{"rendered":"<p>Beim perfekten Tag mit Lisa erwartet euch ein sportliches Abenteuer im Waldkletterpark, aber auch Entspannung kommt nicht zu kurz.<\/p>\n","protected":false},"author":3,"featured_media":4404,"template":"elementor_theme","category-event":[216],"class_list":["post-4481","event","type-event","status-publish","has-post-thumbnail","hentry","category-event-ein-tag-im-landkreis"],"acf":[],"yoast_head":"<!-- This site is optimized with the Yoast SEO plugin v27.3 - https:\/\/yoast.com\/product\/yoast-seo-wordpress\/ -->\n<title>Tour 5: Mein perfekter Tag mit Lisa<\/title>\n<meta name=\"description\" content=\"Mein perfekter \u201ehopfiger\u201c Tag im Landkreis Pfaffenhofen mit Andreas startet am Hopfenmuseum in Wolnzach und endet mit einer Brauereif\u00fchrung.\" \/>\n<meta name=\"robots\" content=\"index, follow, max-snippet:-1, max-image-preview:large, max-video-preview:-1\" \/>\n<link rel=\"canonical\" href=\"https:\/\/erlebnisregion-pfaffenhofen.de\/en\/event\/tour-5-mein-perfekter-tag-mit-lisa\/\" \/>\n<meta property=\"og:locale\" content=\"en_US\" \/>\n<meta property=\"og:type\" content=\"article\" \/>\n<meta property=\"og:title\" content=\"Tour 5: Mein perfekter Tag mit Lisa\" \/>\n<meta property=\"og:description\" content=\"Mein perfekter \u201ehopfiger\u201c Tag im Landkreis Pfaffenhofen mit Andreas startet am Hopfenmuseum in Wolnzach und endet mit einer Brauereif\u00fchrung.\" \/>\n<meta property=\"og:url\" content=\"https:\/\/erlebnisregion-pfaffenhofen.de\/en\/event\/tour-5-mein-perfekter-tag-mit-lisa\/\" \/>\n<meta property=\"og:site_name\" content=\"Erlebnisregion\" \/>\n<meta property=\"article:modified_time\" content=\"2025-01-09T11:33:39+00:00\" \/>\n<meta property=\"og:image\" content=\"https:\/\/erlebnisregion-pfaffenhofen.de\/wp-content\/uploads\/2023\/11\/Waldkletterpark_FotoKUS.jpg\" \/>\n\t<meta property=\"og:image:width\" content=\"1920\" \/>\n\t<meta property=\"og:image:height\" content=\"1252\" \/>\n\t<meta property=\"og:image:type\" content=\"image\/jpeg\" \/>\n<meta name=\"twitter:card\" content=\"summary_large_image\" \/>\n<meta name=\"twitter:label1\" content=\"Est. reading time\" \/>\n\t<meta name=\"twitter:data1\" content=\"4 minutes\" \/>\n<script type=\"application\/ld+json\" class=\"yoast-schema-graph\">{\"@context\":\"https:\\\/\\\/schema.org\",\"@graph\":[{\"@type\":\"WebPage\",\"@id\":\"https:\\\/\\\/erlebnisregion-pfaffenhofen.de\\\/en\\\/event\\\/tour-5-mein-perfekter-tag-mit-lisa\\\/\",\"url\":\"https:\\\/\\\/erlebnisregion-pfaffenhofen.de\\\/en\\\/event\\\/tour-5-mein-perfekter-tag-mit-lisa\\\/\",\"name\":\"Tour 5: Mein perfekter Tag mit Lisa\",\"isPartOf\":{\"@id\":\"https:\\\/\\\/erlebnisregion-pfaffenhofen.de\\\/en\\\/#website\"},\"primaryImageOfPage\":{\"@id\":\"https:\\\/\\\/erlebnisregion-pfaffenhofen.de\\\/en\\\/event\\\/tour-5-mein-perfekter-tag-mit-lisa\\\/#primaryimage\"},\"image\":{\"@id\":\"https:\\\/\\\/erlebnisregion-pfaffenhofen.de\\\/en\\\/event\\\/tour-5-mein-perfekter-tag-mit-lisa\\\/#primaryimage\"},\"thumbnailUrl\":\"https:\\\/\\\/erlebnisregion-pfaffenhofen.de\\\/wp-content\\\/uploads\\\/2023\\\/11\\\/Waldkletterpark_FotoKUS.jpg\",\"datePublished\":\"2023-11-29T20:56:02+00:00\",\"dateModified\":\"2025-01-09T11:33:39+00:00\",\"description\":\"Mein perfekter \u201ehopfiger\u201c Tag im Landkreis Pfaffenhofen mit Andreas startet am Hopfenmuseum in Wolnzach und endet mit einer Brauereif\u00fchrung.\",\"breadcrumb\":{\"@id\":\"https:\\\/\\\/erlebnisregion-pfaffenhofen.de\\\/en\\\/event\\\/tour-5-mein-perfekter-tag-mit-lisa\\\/#breadcrumb\"},\"inLanguage\":\"en-US\",\"potentialAction\":[{\"@type\":\"ReadAction\",\"target\":[\"https:\\\/\\\/erlebnisregion-pfaffenhofen.de\\\/en\\\/event\\\/tour-5-mein-perfekter-tag-mit-lisa\\\/\"]}]},{\"@type\":\"ImageObject\",\"inLanguage\":\"en-US\",\"@id\":\"https:\\\/\\\/erlebnisregion-pfaffenhofen.de\\\/en\\\/event\\\/tour-5-mein-perfekter-tag-mit-lisa\\\/#primaryimage\",\"url\":\"https:\\\/\\\/erlebnisregion-pfaffenhofen.de\\\/wp-content\\\/uploads\\\/2023\\\/11\\\/Waldkletterpark_FotoKUS.jpg\",\"contentUrl\":\"https:\\\/\\\/erlebnisregion-pfaffenhofen.de\\\/wp-content\\\/uploads\\\/2023\\\/11\\\/Waldkletterpark_FotoKUS.jpg\",\"width\":1920,\"height\":1252,\"caption\":\"Urheber-Vermerk gem\u00e4\u00df Copyright-Vermerk erbeten, siehe unten. Vielen Dank.\"},{\"@type\":\"BreadcrumbList\",\"@id\":\"https:\\\/\\\/erlebnisregion-pfaffenhofen.de\\\/en\\\/event\\\/tour-5-mein-perfekter-tag-mit-lisa\\\/#breadcrumb\",\"itemListElement\":[{\"@type\":\"ListItem\",\"position\":1,\"name\":\"Erlebnisregion\",\"item\":\"https:\\\/\\\/erlebnisregion-pfaffenhofen.de\\\/en\\\/adventure-region-district-of-pfaffenhofen-a-d-ilm\\\/\"},{\"@type\":\"ListItem\",\"position\":2,\"name\":\"Tour 5: Mein perfekter Tag mit Lisa\"}]},{\"@type\":\"WebSite\",\"@id\":\"https:\\\/\\\/erlebnisregion-pfaffenhofen.de\\\/en\\\/#website\",\"url\":\"https:\\\/\\\/erlebnisregion-pfaffenhofen.de\\\/en\\\/\",\"name\":\"Lebensraum- und Destinationsmanagement Landkreis Pfaffenhofen a.d.Ilm\",\"description\":\"Landkreis Pfaffenhofen a.d.Ilm\",\"publisher\":{\"@id\":\"https:\\\/\\\/erlebnisregion-pfaffenhofen.de\\\/en\\\/#organization\"},\"potentialAction\":[{\"@type\":\"SearchAction\",\"target\":{\"@type\":\"EntryPoint\",\"urlTemplate\":\"https:\\\/\\\/erlebnisregion-pfaffenhofen.de\\\/en\\\/?s={search_term_string}\"},\"query-input\":{\"@type\":\"PropertyValueSpecification\",\"valueRequired\":true,\"valueName\":\"search_term_string\"}}],\"inLanguage\":\"en-US\"},{\"@type\":\"Organization\",\"@id\":\"https:\\\/\\\/erlebnisregion-pfaffenhofen.de\\\/en\\\/#organization\",\"name\":\"Kommunalunternehmen Strukturentwicklung Landkreis Pfaffenhofen a.d.Ilm\",\"url\":\"https:\\\/\\\/erlebnisregion-pfaffenhofen.de\\\/en\\\/\",\"logo\":{\"@type\":\"ImageObject\",\"inLanguage\":\"en-US\",\"@id\":\"https:\\\/\\\/erlebnisregion-pfaffenhofen.de\\\/en\\\/#\\\/schema\\\/logo\\\/image\\\/\",\"url\":\"https:\\\/\\\/erlebnisregion-pfaffenhofen.de\\\/wp-content\\\/uploads\\\/2023\\\/06\\\/logo.svg\",\"contentUrl\":\"https:\\\/\\\/erlebnisregion-pfaffenhofen.de\\\/wp-content\\\/uploads\\\/2023\\\/06\\\/logo.svg\",\"width\":370,\"height\":174,\"caption\":\"Kommunalunternehmen Strukturentwicklung Landkreis Pfaffenhofen a.d.Ilm\"},\"image\":{\"@id\":\"https:\\\/\\\/erlebnisregion-pfaffenhofen.de\\\/en\\\/#\\\/schema\\\/logo\\\/image\\\/\"}}]}<\/script>\n<!-- \/ Yoast SEO plugin. -->","yoast_head_json":{"title":"Tour 5: Mein perfekter Tag mit Lisa","description":"Mein perfekter \u201ehopfiger\u201c Tag im Landkreis Pfaffenhofen mit Andreas startet am Hopfenmuseum in Wolnzach und endet mit einer Brauereif\u00fchrung.","robots":{"index":"index","follow":"follow","max-snippet":"max-snippet:-1","max-image-preview":"max-image-preview:large","max-video-preview":"max-video-preview:-1"},"canonical":"https:\/\/erlebnisregion-pfaffenhofen.de\/en\/event\/tour-5-mein-perfekter-tag-mit-lisa\/","og_locale":"en_US","og_type":"article","og_title":"Tour 5: Mein perfekter Tag mit Lisa","og_description":"Mein perfekter \u201ehopfiger\u201c Tag im Landkreis Pfaffenhofen mit Andreas startet am Hopfenmuseum in Wolnzach und endet mit einer Brauereif\u00fchrung.","og_url":"https:\/\/erlebnisregion-pfaffenhofen.de\/en\/event\/tour-5-mein-perfekter-tag-mit-lisa\/","og_site_name":"Erlebnisregion","article_modified_time":"2025-01-09T11:33:39+00:00","og_image":[{"width":1920,"height":1252,"url":"https:\/\/erlebnisregion-pfaffenhofen.de\/wp-content\/uploads\/2023\/11\/Waldkletterpark_FotoKUS.jpg","type":"image\/jpeg"}],"twitter_card":"summary_large_image","twitter_misc":{"Est. reading time":"4 minutes"},"schema":{"@context":"https:\/\/schema.org","@graph":[{"@type":"WebPage","@id":"https:\/\/erlebnisregion-pfaffenhofen.de\/en\/event\/tour-5-mein-perfekter-tag-mit-lisa\/","url":"https:\/\/erlebnisregion-pfaffenhofen.de\/en\/event\/tour-5-mein-perfekter-tag-mit-lisa\/","name":"Tour 5: Mein perfekter Tag mit Lisa","isPartOf":{"@id":"https:\/\/erlebnisregion-pfaffenhofen.de\/en\/#website"},"primaryImageOfPage":{"@id":"https:\/\/erlebnisregion-pfaffenhofen.de\/en\/event\/tour-5-mein-perfekter-tag-mit-lisa\/#primaryimage"},"image":{"@id":"https:\/\/erlebnisregion-pfaffenhofen.de\/en\/event\/tour-5-mein-perfekter-tag-mit-lisa\/#primaryimage"},"thumbnailUrl":"https:\/\/erlebnisregion-pfaffenhofen.de\/wp-content\/uploads\/2023\/11\/Waldkletterpark_FotoKUS.jpg","datePublished":"2023-11-29T20:56:02+00:00","dateModified":"2025-01-09T11:33:39+00:00","description":"Mein perfekter \u201ehopfiger\u201c Tag im Landkreis Pfaffenhofen mit Andreas startet am Hopfenmuseum in Wolnzach und endet mit einer Brauereif\u00fchrung.","breadcrumb":{"@id":"https:\/\/erlebnisregion-pfaffenhofen.de\/en\/event\/tour-5-mein-perfekter-tag-mit-lisa\/#breadcrumb"},"inLanguage":"en-US","potentialAction":[{"@type":"ReadAction","target":["https:\/\/erlebnisregion-pfaffenhofen.de\/en\/event\/tour-5-mein-perfekter-tag-mit-lisa\/"]}]},{"@type":"ImageObject","inLanguage":"en-US","@id":"https:\/\/erlebnisregion-pfaffenhofen.de\/en\/event\/tour-5-mein-perfekter-tag-mit-lisa\/#primaryimage","url":"https:\/\/erlebnisregion-pfaffenhofen.de\/wp-content\/uploads\/2023\/11\/Waldkletterpark_FotoKUS.jpg","contentUrl":"https:\/\/erlebnisregion-pfaffenhofen.de\/wp-content\/uploads\/2023\/11\/Waldkletterpark_FotoKUS.jpg","width":1920,"height":1252,"caption":"Urheber-Vermerk gem\u00e4\u00df Copyright-Vermerk erbeten, siehe unten. Vielen Dank."},{"@type":"BreadcrumbList","@id":"https:\/\/erlebnisregion-pfaffenhofen.de\/en\/event\/tour-5-mein-perfekter-tag-mit-lisa\/#breadcrumb","itemListElement":[{"@type":"ListItem","position":1,"name":"Erlebnisregion","item":"https:\/\/erlebnisregion-pfaffenhofen.de\/en\/adventure-region-district-of-pfaffenhofen-a-d-ilm\/"},{"@type":"ListItem","position":2,"name":"Tour 5: Mein perfekter Tag mit Lisa"}]},{"@type":"WebSite","@id":"https:\/\/erlebnisregion-pfaffenhofen.de\/en\/#website","url":"https:\/\/erlebnisregion-pfaffenhofen.de\/en\/","name":"Lebensraum- und Destinationsmanagement Landkreis Pfaffenhofen a.d.Ilm","description":"Landkreis Pfaffenhofen a.d.Ilm","publisher":{"@id":"https:\/\/erlebnisregion-pfaffenhofen.de\/en\/#organization"},"potentialAction":[{"@type":"SearchAction","target":{"@type":"EntryPoint","urlTemplate":"https:\/\/erlebnisregion-pfaffenhofen.de\/en\/?s={search_term_string}"},"query-input":{"@type":"PropertyValueSpecification","valueRequired":true,"valueName":"search_term_string"}}],"inLanguage":"en-US"},{"@type":"Organization","@id":"https:\/\/erlebnisregion-pfaffenhofen.de\/en\/#organization","name":"Kommunalunternehmen Strukturentwicklung Landkreis Pfaffenhofen a.d.Ilm","url":"https:\/\/erlebnisregion-pfaffenhofen.de\/en\/","logo":{"@type":"ImageObject","inLanguage":"en-US","@id":"https:\/\/erlebnisregion-pfaffenhofen.de\/en\/#\/schema\/logo\/image\/","url":"https:\/\/erlebnisregion-pfaffenhofen.de\/wp-content\/uploads\/2023\/06\/logo.svg","contentUrl":"https:\/\/erlebnisregion-pfaffenhofen.de\/wp-content\/uploads\/2023\/06\/logo.svg","width":370,"height":174,"caption":"Kommunalunternehmen Strukturentwicklung Landkreis Pfaffenhofen a.d.Ilm"},"image":{"@id":"https:\/\/erlebnisregion-pfaffenhofen.de\/en\/#\/schema\/logo\/image\/"}}]}},"_links":{"self":[{"href":"https:\/\/erlebnisregion-pfaffenhofen.de\/en\/wp-json\/wp\/v2\/event\/4481","targetHints":{"allow":["GET"]}}],"collection":[{"href":"https:\/\/erlebnisregion-pfaffenhofen.de\/en\/wp-json\/wp\/v2\/event"}],"about":[{"href":"https:\/\/erlebnisregion-pfaffenhofen.de\/en\/wp-json\/wp\/v2\/types\/event"}],"author":[{"embeddable":true,"href":"https:\/\/erlebnisregion-pfaffenhofen.de\/en\/wp-json\/wp\/v2\/users\/3"}],"version-history":[{"count":3,"href":"https:\/\/erlebnisregion-pfaffenhofen.de\/en\/wp-json\/wp\/v2\/event\/4481\/revisions"}],"predecessor-version":[{"id":19032,"href":"https:\/\/erlebnisregion-pfaffenhofen.de\/en\/wp-json\/wp\/v2\/event\/4481\/revisions\/19032"}],"wp:featuredmedia":[{"embeddable":true,"href":"https:\/\/erlebnisregion-pfaffenhofen.de\/en\/wp-json\/wp\/v2\/media\/4404"}],"wp:attachment":[{"href":"https:\/\/erlebnisregion-pfaffenhofen.de\/en\/wp-json\/wp\/v2\/media?parent=4481"}],"wp:term":[{"taxonomy":"category-event","embeddable":true,"href":"https:\/\/erlebnisregion-pfaffenhofen.de\/en\/wp-json\/wp\/v2\/category-event?post=4481"}],"curies":[{"name":"wp","href":"https:\/\/api.w.org\/{rel}","templated":true}]}}