{"id":4457,"date":"2023-11-29T21:01:00","date_gmt":"2023-11-29T21:01:00","guid":{"rendered":"https:\/\/erlebnisregion-pfaffenhofen.de\/?post_type=event&#038;p=4457"},"modified":"2023-11-29T21:07:26","modified_gmt":"2023-11-29T21:07:26","slug":"tour-8-mein-perfekter-tag-mit-susanne","status":"publish","type":"event","link":"https:\/\/erlebnisregion-pfaffenhofen.de\/en\/event\/tour-8-mein-perfekter-tag-mit-susanne\/","title":{"rendered":"Tour 8: Mein perfekter Tag mit Susanne"},"content":{"rendered":"\t\t<div data-elementor-type=\"wp-post\" data-elementor-id=\"4457\" class=\"elementor elementor-4457\" data-elementor-post-type=\"event\">\n\t\t\t\t<div class=\"elementor-element elementor-element-6d40811 e-flex e-con-boxed e-con e-parent\" data-id=\"6d40811\" data-element_type=\"container\" data-e-type=\"container\">\n\t\t\t\t\t<div class=\"e-con-inner\">\n\t\t\t\t<div class=\"elementor-element elementor-element-ad5718b elementor-widget elementor-widget-text-editor\" data-id=\"ad5718b\" data-element_type=\"widget\" data-e-type=\"widget\" data-widget_type=\"text-editor.default\">\n\t\t\t\t<div class=\"elementor-widget-container\">\n\t\t\t\t\t\t\t\t\t<p>Unsere Mitarbeiterin Susanne lebt mit ihrer Familie in Baar-Ebenhausen und zeigt euch heute ihren perfekten Sommer-Tag im Landkreis Pfaffenhofen mit vielen tollen Tipps f\u00fcr Familien.<\/p>\t\t\t\t\t\t\t\t<\/div>\n\t\t\t\t<\/div>\n\t\t\t\t\t<\/div>\n\t\t\t\t<\/div>\n\t\t<div class=\"elementor-element elementor-element-5db6cb0 e-flex e-con-boxed e-con e-parent\" data-id=\"5db6cb0\" data-element_type=\"container\" data-e-type=\"container\">\n\t\t\t\t\t<div class=\"e-con-inner\">\n\t\t<div class=\"elementor-element elementor-element-873aa38 e-flex e-con-boxed e-con e-parent\" data-id=\"873aa38\" data-element_type=\"container\" data-e-type=\"container\">\n\t\t\t\t\t<div class=\"e-con-inner\">\n\t\t\t\t<div class=\"elementor-element elementor-element-c7648fa elementor-widget elementor-widget-image\" data-id=\"c7648fa\" data-element_type=\"widget\" data-e-type=\"widget\" data-widget_type=\"image.default\">\n\t\t\t\t<div class=\"elementor-widget-container\">\n\t\t\t\t\t\t\t\t\t\t\t\t\t\t\t<img fetchpriority=\"high\" decoding=\"async\" width=\"768\" height=\"512\" src=\"https:\/\/erlebnisregion-pfaffenhofen.de\/wp-content\/uploads\/2023\/11\/honey-752145_1920-768x512.jpg\" class=\"attachment-medium_large size-medium_large wp-image-4466\" alt=\"Honigbrot\" srcset=\"https:\/\/erlebnisregion-pfaffenhofen.de\/wp-content\/uploads\/2023\/11\/honey-752145_1920-768x512.jpg 768w, https:\/\/erlebnisregion-pfaffenhofen.de\/wp-content\/uploads\/2023\/11\/honey-752145_1920-300x200.jpg 300w, https:\/\/erlebnisregion-pfaffenhofen.de\/wp-content\/uploads\/2023\/11\/honey-752145_1920-1024x683.jpg 1024w, https:\/\/erlebnisregion-pfaffenhofen.de\/wp-content\/uploads\/2023\/11\/honey-752145_1920-1536x1024.jpg 1536w, https:\/\/erlebnisregion-pfaffenhofen.de\/wp-content\/uploads\/2023\/11\/honey-752145_1920.jpg 1920w\" sizes=\"(max-width: 768px) 100vw, 768px\" \/>\t\t\t\t\t\t\t\t\t\t\t\t\t\t\t<\/div>\n\t\t\t\t<\/div>\n\t\t\t\t<div class=\"elementor-element elementor-element-a9179da elementor-widget elementor-widget-image\" data-id=\"a9179da\" data-element_type=\"widget\" data-e-type=\"widget\" data-widget_type=\"image.default\">\n\t\t\t\t<div class=\"elementor-widget-container\">\n\t\t\t\t\t\t\t\t\t\t\t\t\t\t\t<img decoding=\"async\" width=\"768\" height=\"512\" src=\"https:\/\/erlebnisregion-pfaffenhofen.de\/wp-content\/uploads\/2023\/11\/E3A1189-768x512.jpg\" class=\"attachment-medium_large size-medium_large wp-image-4462\" alt=\"Weiher\" srcset=\"https:\/\/erlebnisregion-pfaffenhofen.de\/wp-content\/uploads\/2023\/11\/E3A1189-768x512.jpg 768w, https:\/\/erlebnisregion-pfaffenhofen.de\/wp-content\/uploads\/2023\/11\/E3A1189-300x200.jpg 300w, https:\/\/erlebnisregion-pfaffenhofen.de\/wp-content\/uploads\/2023\/11\/E3A1189-1024x683.jpg 1024w, https:\/\/erlebnisregion-pfaffenhofen.de\/wp-content\/uploads\/2023\/11\/E3A1189-1536x1024.jpg 1536w, https:\/\/erlebnisregion-pfaffenhofen.de\/wp-content\/uploads\/2023\/11\/E3A1189.jpg 1920w\" sizes=\"(max-width: 768px) 100vw, 768px\" \/>\t\t\t\t\t\t\t\t\t\t\t\t\t\t\t<\/div>\n\t\t\t\t<\/div>\n\t\t\t\t<div class=\"elementor-element elementor-element-a0dfae4 elementor-widget elementor-widget-image\" data-id=\"a0dfae4\" data-element_type=\"widget\" data-e-type=\"widget\" data-widget_type=\"image.default\">\n\t\t\t\t<div class=\"elementor-widget-container\">\n\t\t\t\t\t\t\t\t\t\t\t\t\t\t\t<img decoding=\"async\" width=\"768\" height=\"512\" src=\"https:\/\/erlebnisregion-pfaffenhofen.de\/wp-content\/uploads\/2023\/11\/Kreisweiher-Feilenmoos-768x512.jpg\" class=\"attachment-medium_large size-medium_large wp-image-4464\" alt=\"Vier Personen laufen in einen Weiher\" srcset=\"https:\/\/erlebnisregion-pfaffenhofen.de\/wp-content\/uploads\/2023\/11\/Kreisweiher-Feilenmoos-768x512.jpg 768w, https:\/\/erlebnisregion-pfaffenhofen.de\/wp-content\/uploads\/2023\/11\/Kreisweiher-Feilenmoos-300x200.jpg 300w, https:\/\/erlebnisregion-pfaffenhofen.de\/wp-content\/uploads\/2023\/11\/Kreisweiher-Feilenmoos.jpg 1024w\" sizes=\"(max-width: 768px) 100vw, 768px\" \/>\t\t\t\t\t\t\t\t\t\t\t\t\t\t\t<\/div>\n\t\t\t\t<\/div>\n\t\t\t\t\t<\/div>\n\t\t\t\t<\/div>\n\t\t<div class=\"elementor-element elementor-element-e5d6f52 e-flex e-con-boxed e-con e-parent\" data-id=\"e5d6f52\" data-element_type=\"container\" data-e-type=\"container\">\n\t\t\t\t\t<div class=\"e-con-inner\">\n\t\t\t\t<div class=\"elementor-element elementor-element-618db16 elementor-widget elementor-widget-heading\" data-id=\"618db16\" data-element_type=\"widget\" data-e-type=\"widget\" data-widget_type=\"heading.default\">\n\t\t\t\t<div class=\"elementor-widget-container\">\n\t\t\t\t\t<h2 class=\"elementor-heading-title elementor-size-default\">Vormittag:<\/h2>\t\t\t\t<\/div>\n\t\t\t\t<\/div>\n\t\t\t\t<div class=\"elementor-element elementor-element-18485a4 elementor-widget elementor-widget-text-editor\" data-id=\"18485a4\" data-element_type=\"widget\" data-e-type=\"widget\" data-widget_type=\"text-editor.default\">\n\t\t\t\t<div class=\"elementor-widget-container\">\n\t\t\t\t\t\t\t\t\t<div class=\"wpb_text_column wpb_content_element \"><div class=\"wpb_wrapper\"><h5>Baar-Ebenhausen \u2013 Feilenmoos<\/h5><p>Fr\u00fchmorgens wecken mich die Kinder mit einem fr\u00f6hlichen \u201eguten Morgen, die Sonne scheint\u201c und der Tag kann beginnen. Gefr\u00fchst\u00fcckt wird auf der Terasse und alle lassen sich die frischen regionalen Produkte schmecken.<\/p><p>Dann wird f\u00fcr den Ausflug gepackt. Es m\u00fcssen Badesachen, Sonnenschutz und nat\u00fcrlich Verpflegung auf den Fahrr\u00e4dern untergebracht werden. Die Aufregung bei den Kindern ist gro\u00df und es herrscht ein wenig Chaos bis alles an seinem Platz ist und die Kinder auf den Fahrr\u00e4dern sitzen.<\/p><\/div><\/div><div class=\"wpb_text_column wpb_content_element \"><div class=\"wpb_wrapper\"><p>Los geht es vorbei am Ebenhausener Weiher der in der Vormittagssonne gl\u00e4nzt und schon die ersten Badewilligen angelockt hat. Auch am Baarer Weiher sehen wir eine Familie die gerade ihr Stand-up Padle auspackt und sich auf einen tollen Tag am See freut.<\/p><p>Wir tauschen ein in die K\u00fchle des Geisenfelder Forstes und machen unsere erste kleine Pause am Wei\u00dfen Kreuz im Schatten der B\u00e4ume. Unser Weg f\u00fchrt uns vorbei an weiteren Badeseen und die Kinder m\u00f6chten gerne \u00fcberall anhalten aber wir haben ja den See im Feilenmoos als Ziel im Auge und motivieren die Kinder zur Weiterfahrt. Die Strecke ist geteert und angenehm zu fahren. Ab und an \u00fcberholen uns Autos oder Radsportler aber wir empfinden es als angenehm so gem\u00fctlich vor uns hin zu radeln und den Kindern die Landschaft zu erkl\u00e4ren.<\/p><\/div><\/div>\t\t\t\t\t\t\t\t<\/div>\n\t\t\t\t<\/div>\n\t\t\t\t\t<\/div>\n\t\t\t\t<\/div>\n\t\t\t\t\t<\/div>\n\t\t\t\t<\/div>\n\t\t<div class=\"elementor-element elementor-element-9e06afa e-flex e-con-boxed e-con e-parent\" data-id=\"9e06afa\" data-element_type=\"container\" data-e-type=\"container\">\n\t\t\t\t\t<div class=\"e-con-inner\">\n\t\t<div class=\"elementor-element elementor-element-0879034 e-flex e-con-boxed e-con e-parent\" data-id=\"0879034\" data-element_type=\"container\" data-e-type=\"container\">\n\t\t\t\t\t<div class=\"e-con-inner\">\n\t\t\t\t<div class=\"elementor-element elementor-element-0eca1f3 elementor-widget elementor-widget-heading\" data-id=\"0eca1f3\" data-element_type=\"widget\" data-e-type=\"widget\" data-widget_type=\"heading.default\">\n\t\t\t\t<div class=\"elementor-widget-container\">\n\t\t\t\t\t<h2 class=\"elementor-heading-title elementor-size-default\">Mittag:<\/h2>\t\t\t\t<\/div>\n\t\t\t\t<\/div>\n\t\t\t\t<div class=\"elementor-element elementor-element-a230af9 elementor-widget elementor-widget-text-editor\" data-id=\"a230af9\" data-element_type=\"widget\" data-e-type=\"widget\" data-widget_type=\"text-editor.default\">\n\t\t\t\t<div class=\"elementor-widget-container\">\n\t\t\t\t\t\t\t\t\t<div class=\"wpb_text_column wpb_content_element \"><div class=\"wpb_wrapper\"><h5>Feilenmoos<\/h5><\/div><\/div><div class=\"vc_row wpb_row vc_inner vc_row-fluid\"><div class=\"wpb_column vc_column_container vc_col-sm-10\"><div class=\"vc_column-inner\"><div class=\"wpb_wrapper\"><div class=\"wpb_text_column wpb_content_element \"><div class=\"wpb_wrapper\"><p>Angekommen am See breiten wir unsere Decke aus und freuen uns schon auf das Badevergn\u00fcgen. Es gibt eine Liegewiese und einen sch\u00f6nen mit Sand aufgesch\u00fctteten Bereich am Wasser. Das erleichtert auch den Kindern das Reingehen ins Wasser und sie freuen sich aufs Sandburgenbauen. Ich liege mit einem Buch gem\u00fctlich auf der Decke und schaue immer mal wieder den Kindern beim Spielen zu. Nat\u00fcrlich lassen wir uns ein Eis vom Kiosk schmecken und genie\u00dfen den herrlichen Tag.<\/p><\/div><\/div><\/div><\/div><\/div><\/div>\t\t\t\t\t\t\t\t<\/div>\n\t\t\t\t<\/div>\n\t\t\t\t\t<\/div>\n\t\t\t\t<\/div>\n\t\t<div class=\"elementor-element elementor-element-4c6df69 e-flex e-con-boxed e-con e-parent\" data-id=\"4c6df69\" data-element_type=\"container\" data-e-type=\"container\">\n\t\t\t\t\t<div class=\"e-con-inner\">\n\t\t\t\t<div class=\"elementor-element elementor-element-8627f13 elementor-widget elementor-widget-image\" data-id=\"8627f13\" data-element_type=\"widget\" data-e-type=\"widget\" data-widget_type=\"image.default\">\n\t\t\t\t<div class=\"elementor-widget-container\">\n\t\t\t\t\t\t\t\t\t\t\t\t\t\t\t<img loading=\"lazy\" decoding=\"async\" width=\"683\" height=\"1024\" src=\"https:\/\/erlebnisregion-pfaffenhofen.de\/wp-content\/uploads\/2023\/11\/ice-cream-3389010_1920-683x1024.jpg\" class=\"attachment-large size-large wp-image-4469\" alt=\"Eiswaffel in Hand\" srcset=\"https:\/\/erlebnisregion-pfaffenhofen.de\/wp-content\/uploads\/2023\/11\/ice-cream-3389010_1920-683x1024.jpg 683w, https:\/\/erlebnisregion-pfaffenhofen.de\/wp-content\/uploads\/2023\/11\/ice-cream-3389010_1920-200x300.jpg 200w, https:\/\/erlebnisregion-pfaffenhofen.de\/wp-content\/uploads\/2023\/11\/ice-cream-3389010_1920-768x1152.jpg 768w, https:\/\/erlebnisregion-pfaffenhofen.de\/wp-content\/uploads\/2023\/11\/ice-cream-3389010_1920-1024x1536.jpg 1024w, https:\/\/erlebnisregion-pfaffenhofen.de\/wp-content\/uploads\/2023\/11\/ice-cream-3389010_1920.jpg 1280w\" sizes=\"(max-width: 683px) 100vw, 683px\" \/>\t\t\t\t\t\t\t\t\t\t\t\t\t\t\t<\/div>\n\t\t\t\t<\/div>\n\t\t\t\t\t<\/div>\n\t\t\t\t<\/div>\n\t\t\t\t\t<\/div>\n\t\t\t\t<\/div>\n\t\t<div class=\"elementor-element elementor-element-282c913 e-flex e-con-boxed e-con e-parent\" data-id=\"282c913\" data-element_type=\"container\" data-e-type=\"container\">\n\t\t\t\t\t<div class=\"e-con-inner\">\n\t\t<div class=\"elementor-element elementor-element-793770e e-flex e-con-boxed e-con e-parent\" data-id=\"793770e\" data-element_type=\"container\" data-e-type=\"container\">\n\t\t\t\t\t<div class=\"e-con-inner\">\n\t\t\t\t<div class=\"elementor-element elementor-element-a884792 elementor-widget elementor-widget-image\" data-id=\"a884792\" data-element_type=\"widget\" data-e-type=\"widget\" data-widget_type=\"image.default\">\n\t\t\t\t<div class=\"elementor-widget-container\">\n\t\t\t\t\t\t\t\t\t\t\t\t\t\t\t<img loading=\"lazy\" decoding=\"async\" width=\"800\" height=\"533\" src=\"https:\/\/erlebnisregion-pfaffenhofen.de\/wp-content\/uploads\/2023\/11\/Bier-Scheyern_FotoAnton-Mirwald.jpg\" class=\"attachment-large size-large wp-image-4360\" alt=\"Bedienung mit Bierkr\u00fcgen in der Hand\" srcset=\"https:\/\/erlebnisregion-pfaffenhofen.de\/wp-content\/uploads\/2023\/11\/Bier-Scheyern_FotoAnton-Mirwald.jpg 960w, https:\/\/erlebnisregion-pfaffenhofen.de\/wp-content\/uploads\/2023\/11\/Bier-Scheyern_FotoAnton-Mirwald-300x200.jpg 300w, https:\/\/erlebnisregion-pfaffenhofen.de\/wp-content\/uploads\/2023\/11\/Bier-Scheyern_FotoAnton-Mirwald-768x511.jpg 768w\" sizes=\"(max-width: 800px) 100vw, 800px\" \/>\t\t\t\t\t\t\t\t\t\t\t\t\t\t\t<\/div>\n\t\t\t\t<\/div>\n\t\t\t\t\t<\/div>\n\t\t\t\t<\/div>\n\t\t<div class=\"elementor-element elementor-element-df8d95a e-flex e-con-boxed e-con e-parent\" data-id=\"df8d95a\" data-element_type=\"container\" data-e-type=\"container\">\n\t\t\t\t\t<div class=\"e-con-inner\">\n\t\t\t\t<div class=\"elementor-element elementor-element-a7c6526 elementor-widget elementor-widget-heading\" data-id=\"a7c6526\" data-element_type=\"widget\" data-e-type=\"widget\" data-widget_type=\"heading.default\">\n\t\t\t\t<div class=\"elementor-widget-container\">\n\t\t\t\t\t<h2 class=\"elementor-heading-title elementor-size-default\">Nachmittag:<\/h2>\t\t\t\t<\/div>\n\t\t\t\t<\/div>\n\t\t\t\t<div class=\"elementor-element elementor-element-253c66e elementor-widget elementor-widget-text-editor\" data-id=\"253c66e\" data-element_type=\"widget\" data-e-type=\"widget\" data-widget_type=\"text-editor.default\">\n\t\t\t\t<div class=\"elementor-widget-container\">\n\t\t\t\t\t\t\t\t\t<h5>Forstwiesen<em><br \/><\/em><\/h5><p>Am sp\u00e4ten Nachmittag brechen wir dann auf in Richtung Forstwiesen. Wir kommen an einer gro\u00dfen Blaubeerplantage vorbei und entscheiden spontan unsere mittlerweile leeren Vorratsboxen mit selbstgepfl\u00fcckten Blaubeeren zu f\u00fcllen. Die Kinder finden nat\u00fcrlich das naschen am besten. Gleich neben der Plantage befindet sich ein Biergarten mit Kinderspielplatz. Den steuern wir zum Abschluss unseres Ausfluges nun an und lassen uns mit einem tollen Abendessen und k\u00fclen Getr\u00e4nken verw\u00f6hnen.<\/p>\t\t\t\t\t\t\t\t<\/div>\n\t\t\t\t<\/div>\n\t\t\t\t\t<\/div>\n\t\t\t\t<\/div>\n\t\t\t\t\t<\/div>\n\t\t\t\t<\/div>\n\t\t<div class=\"elementor-element elementor-element-988969a e-flex e-con-boxed e-con e-parent\" data-id=\"988969a\" data-element_type=\"container\" data-e-type=\"container\">\n\t\t\t\t\t<div class=\"e-con-inner\">\n\t\t\t\t<div class=\"elementor-element elementor-element-90de99e elementor-widget elementor-widget-text-editor\" data-id=\"90de99e\" data-element_type=\"widget\" data-e-type=\"widget\" data-widget_type=\"text-editor.default\">\n\t\t\t\t<div class=\"elementor-widget-container\">\n\t\t\t\t\t\t\t\t\t<div class=\"vc_row wpb_row vc_row-fluid\"><div class=\"wpb_column vc_column_container vc_col-sm-12\"><div class=\"vc_column-inner\"><div class=\"wpb_wrapper\"><div class=\"wpb_text_column wpb_content_element \"><div class=\"wpb_wrapper\"><p>Die Heimfahrt ist nun nicht mehr lang und alle erz\u00e4hlen ganz aufgekrazt von dem sch\u00f6nen Tag den wir erlebt haben.<\/p><\/div><\/div><\/div><\/div><\/div><\/div><div class=\"vc_row wpb_row vc_row-fluid\"><div class=\"wpb_column vc_column_container vc_col-sm-10\"><div class=\"vc_column-inner\"><div class=\"wpb_wrapper\"><div class=\"wpb_text_column wpb_content_element \"><div class=\"wpb_wrapper\"><p>Als besonderen Abschluss dieses perfekten Ausflugs g\u00f6nne ich mir noch eine wundervoll entspannende Yogastunde in einem Studio ganz in der N\u00e4he und lasse so den Tag ausklingen.<\/p><\/div><\/div><\/div><\/div><\/div><\/div>\t\t\t\t\t\t\t\t<\/div>\n\t\t\t\t<\/div>\n\t\t\t\t<div class=\"elementor-element elementor-element-c6eac1e elementor-widget elementor-widget-image\" data-id=\"c6eac1e\" data-element_type=\"widget\" data-e-type=\"widget\" data-widget_type=\"image.default\">\n\t\t\t\t<div class=\"elementor-widget-container\">\n\t\t\t\t\t\t\t\t\t\t\t\t\t\t\t<img loading=\"lazy\" decoding=\"async\" width=\"800\" height=\"534\" src=\"https:\/\/erlebnisregion-pfaffenhofen.de\/wp-content\/uploads\/2023\/11\/yoga-940359_1920-1024x683.jpg\" class=\"attachment-large size-large wp-image-4471\" alt=\"Zusammen gerollte Yoga-Matte\" srcset=\"https:\/\/erlebnisregion-pfaffenhofen.de\/wp-content\/uploads\/2023\/11\/yoga-940359_1920-1024x683.jpg 1024w, https:\/\/erlebnisregion-pfaffenhofen.de\/wp-content\/uploads\/2023\/11\/yoga-940359_1920-300x200.jpg 300w, https:\/\/erlebnisregion-pfaffenhofen.de\/wp-content\/uploads\/2023\/11\/yoga-940359_1920-768x512.jpg 768w, https:\/\/erlebnisregion-pfaffenhofen.de\/wp-content\/uploads\/2023\/11\/yoga-940359_1920-1536x1024.jpg 1536w, https:\/\/erlebnisregion-pfaffenhofen.de\/wp-content\/uploads\/2023\/11\/yoga-940359_1920.jpg 1920w\" sizes=\"(max-width: 800px) 100vw, 800px\" \/>\t\t\t\t\t\t\t\t\t\t\t\t\t\t\t<\/div>\n\t\t\t\t<\/div>\n\t\t\t\t\t<\/div>\n\t\t\t\t<\/div>\n\t\t\t\t<\/div>\n\t\t","protected":false},"excerpt":{"rendered":"<p>Susanne zeigt euch heute ihren perfekten Sommer-Tag im Landkreis Pfaffenhofen mit vielen tollen Tipps f\u00fcr Familien.<\/p>\n","protected":false},"author":3,"featured_media":4062,"template":"elementor_theme","category-event":[216],"class_list":["post-4457","event","type-event","status-publish","has-post-thumbnail","hentry","category-event-ein-tag-im-landkreis"],"acf":[],"yoast_head":"<!-- This site is optimized with the Yoast SEO plugin v27.5 - https:\/\/yoast.com\/product\/yoast-seo-wordpress\/ -->\n<title>Tour 8: Mein perfekter Tag mit Susanne<\/title>\n<meta name=\"description\" content=\"Susanne zeigt euch heute ihren perfekten Sommer-Tag im Landkreis Pfaffenhofen mit vielen tollen Tipps f\u00fcr Familien mit Radeln und Baden.\" \/>\n<meta name=\"robots\" content=\"index, follow, max-snippet:-1, max-image-preview:large, max-video-preview:-1\" \/>\n<link rel=\"canonical\" href=\"https:\/\/erlebnisregion-pfaffenhofen.de\/en\/event\/tour-8-mein-perfekter-tag-mit-susanne\/\" \/>\n<meta property=\"og:locale\" content=\"en_US\" \/>\n<meta property=\"og:type\" content=\"article\" \/>\n<meta property=\"og:title\" content=\"Tour 8: Mein perfekter Tag mit Susanne\" \/>\n<meta property=\"og:description\" content=\"Susanne zeigt euch heute ihren perfekten Sommer-Tag im Landkreis Pfaffenhofen mit vielen tollen Tipps f\u00fcr Familien mit Radeln und Baden.\" \/>\n<meta property=\"og:url\" content=\"https:\/\/erlebnisregion-pfaffenhofen.de\/en\/event\/tour-8-mein-perfekter-tag-mit-susanne\/\" \/>\n<meta property=\"og:site_name\" content=\"Erlebnisregion\" \/>\n<meta property=\"article:modified_time\" content=\"2023-11-29T21:07:26+00:00\" \/>\n<meta property=\"og:image\" content=\"https:\/\/erlebnisregion-pfaffenhofen.de\/wp-content\/uploads\/2023\/11\/Badeweiher_009-e1449764234448.jpg\" \/>\n\t<meta property=\"og:image:width\" content=\"900\" \/>\n\t<meta property=\"og:image:height\" content=\"599\" \/>\n\t<meta property=\"og:image:type\" content=\"image\/jpeg\" \/>\n<meta name=\"twitter:card\" content=\"summary_large_image\" \/>\n<meta name=\"twitter:label1\" content=\"Est. reading time\" \/>\n\t<meta name=\"twitter:data1\" content=\"4 minutes\" \/>\n<script type=\"application\/ld+json\" class=\"yoast-schema-graph\">{\"@context\":\"https:\\\/\\\/schema.org\",\"@graph\":[{\"@type\":\"WebPage\",\"@id\":\"https:\\\/\\\/erlebnisregion-pfaffenhofen.de\\\/en\\\/event\\\/tour-8-mein-perfekter-tag-mit-susanne\\\/\",\"url\":\"https:\\\/\\\/erlebnisregion-pfaffenhofen.de\\\/en\\\/event\\\/tour-8-mein-perfekter-tag-mit-susanne\\\/\",\"name\":\"Tour 8: Mein perfekter Tag mit Susanne\",\"isPartOf\":{\"@id\":\"https:\\\/\\\/erlebnisregion-pfaffenhofen.de\\\/en\\\/#website\"},\"primaryImageOfPage\":{\"@id\":\"https:\\\/\\\/erlebnisregion-pfaffenhofen.de\\\/en\\\/event\\\/tour-8-mein-perfekter-tag-mit-susanne\\\/#primaryimage\"},\"image\":{\"@id\":\"https:\\\/\\\/erlebnisregion-pfaffenhofen.de\\\/en\\\/event\\\/tour-8-mein-perfekter-tag-mit-susanne\\\/#primaryimage\"},\"thumbnailUrl\":\"https:\\\/\\\/erlebnisregion-pfaffenhofen.de\\\/wp-content\\\/uploads\\\/2023\\\/11\\\/Badeweiher_009-e1449764234448.jpg\",\"datePublished\":\"2023-11-29T21:01:00+00:00\",\"dateModified\":\"2023-11-29T21:07:26+00:00\",\"description\":\"Susanne zeigt euch heute ihren perfekten Sommer-Tag im Landkreis Pfaffenhofen mit vielen tollen Tipps f\u00fcr Familien mit Radeln und Baden.\",\"breadcrumb\":{\"@id\":\"https:\\\/\\\/erlebnisregion-pfaffenhofen.de\\\/en\\\/event\\\/tour-8-mein-perfekter-tag-mit-susanne\\\/#breadcrumb\"},\"inLanguage\":\"en-US\",\"potentialAction\":[{\"@type\":\"ReadAction\",\"target\":[\"https:\\\/\\\/erlebnisregion-pfaffenhofen.de\\\/en\\\/event\\\/tour-8-mein-perfekter-tag-mit-susanne\\\/\"]}]},{\"@type\":\"ImageObject\",\"inLanguage\":\"en-US\",\"@id\":\"https:\\\/\\\/erlebnisregion-pfaffenhofen.de\\\/en\\\/event\\\/tour-8-mein-perfekter-tag-mit-susanne\\\/#primaryimage\",\"url\":\"https:\\\/\\\/erlebnisregion-pfaffenhofen.de\\\/wp-content\\\/uploads\\\/2023\\\/11\\\/Badeweiher_009-e1449764234448.jpg\",\"contentUrl\":\"https:\\\/\\\/erlebnisregion-pfaffenhofen.de\\\/wp-content\\\/uploads\\\/2023\\\/11\\\/Badeweiher_009-e1449764234448.jpg\",\"width\":900,\"height\":599,\"caption\":\"Zwei Personen spritzen sich im Weiher nass\"},{\"@type\":\"BreadcrumbList\",\"@id\":\"https:\\\/\\\/erlebnisregion-pfaffenhofen.de\\\/en\\\/event\\\/tour-8-mein-perfekter-tag-mit-susanne\\\/#breadcrumb\",\"itemListElement\":[{\"@type\":\"ListItem\",\"position\":1,\"name\":\"Erlebnisregion\",\"item\":\"https:\\\/\\\/erlebnisregion-pfaffenhofen.de\\\/en\\\/adventure-region-district-of-pfaffenhofen-a-d-ilm\\\/\"},{\"@type\":\"ListItem\",\"position\":2,\"name\":\"Tour 8: Mein perfekter Tag mit Susanne\"}]},{\"@type\":\"WebSite\",\"@id\":\"https:\\\/\\\/erlebnisregion-pfaffenhofen.de\\\/en\\\/#website\",\"url\":\"https:\\\/\\\/erlebnisregion-pfaffenhofen.de\\\/en\\\/\",\"name\":\"Lebensraum- und Destinationsmanagement Landkreis Pfaffenhofen a.d.Ilm\",\"description\":\"Landkreis Pfaffenhofen a.d.Ilm\",\"publisher\":{\"@id\":\"https:\\\/\\\/erlebnisregion-pfaffenhofen.de\\\/en\\\/#organization\"},\"potentialAction\":[{\"@type\":\"SearchAction\",\"target\":{\"@type\":\"EntryPoint\",\"urlTemplate\":\"https:\\\/\\\/erlebnisregion-pfaffenhofen.de\\\/en\\\/?s={search_term_string}\"},\"query-input\":{\"@type\":\"PropertyValueSpecification\",\"valueRequired\":true,\"valueName\":\"search_term_string\"}}],\"inLanguage\":\"en-US\"},{\"@type\":\"Organization\",\"@id\":\"https:\\\/\\\/erlebnisregion-pfaffenhofen.de\\\/en\\\/#organization\",\"name\":\"Kommunalunternehmen Strukturentwicklung Landkreis Pfaffenhofen a.d.Ilm\",\"url\":\"https:\\\/\\\/erlebnisregion-pfaffenhofen.de\\\/en\\\/\",\"logo\":{\"@type\":\"ImageObject\",\"inLanguage\":\"en-US\",\"@id\":\"https:\\\/\\\/erlebnisregion-pfaffenhofen.de\\\/en\\\/#\\\/schema\\\/logo\\\/image\\\/\",\"url\":\"https:\\\/\\\/erlebnisregion-pfaffenhofen.de\\\/wp-content\\\/uploads\\\/2023\\\/06\\\/logo.svg\",\"contentUrl\":\"https:\\\/\\\/erlebnisregion-pfaffenhofen.de\\\/wp-content\\\/uploads\\\/2023\\\/06\\\/logo.svg\",\"width\":370,\"height\":174,\"caption\":\"Kommunalunternehmen Strukturentwicklung Landkreis Pfaffenhofen a.d.Ilm\"},\"image\":{\"@id\":\"https:\\\/\\\/erlebnisregion-pfaffenhofen.de\\\/en\\\/#\\\/schema\\\/logo\\\/image\\\/\"}}]}<\/script>\n<!-- \/ Yoast SEO plugin. -->","yoast_head_json":{"title":"Tour 8: Mein perfekter Tag mit Susanne","description":"Susanne zeigt euch heute ihren perfekten Sommer-Tag im Landkreis Pfaffenhofen mit vielen tollen Tipps f\u00fcr Familien mit Radeln und Baden.","robots":{"index":"index","follow":"follow","max-snippet":"max-snippet:-1","max-image-preview":"max-image-preview:large","max-video-preview":"max-video-preview:-1"},"canonical":"https:\/\/erlebnisregion-pfaffenhofen.de\/en\/event\/tour-8-mein-perfekter-tag-mit-susanne\/","og_locale":"en_US","og_type":"article","og_title":"Tour 8: Mein perfekter Tag mit Susanne","og_description":"Susanne zeigt euch heute ihren perfekten Sommer-Tag im Landkreis Pfaffenhofen mit vielen tollen Tipps f\u00fcr Familien mit Radeln und Baden.","og_url":"https:\/\/erlebnisregion-pfaffenhofen.de\/en\/event\/tour-8-mein-perfekter-tag-mit-susanne\/","og_site_name":"Erlebnisregion","article_modified_time":"2023-11-29T21:07:26+00:00","og_image":[{"width":900,"height":599,"url":"https:\/\/erlebnisregion-pfaffenhofen.de\/wp-content\/uploads\/2023\/11\/Badeweiher_009-e1449764234448.jpg","type":"image\/jpeg"}],"twitter_card":"summary_large_image","twitter_misc":{"Est. reading time":"4 minutes"},"schema":{"@context":"https:\/\/schema.org","@graph":[{"@type":"WebPage","@id":"https:\/\/erlebnisregion-pfaffenhofen.de\/en\/event\/tour-8-mein-perfekter-tag-mit-susanne\/","url":"https:\/\/erlebnisregion-pfaffenhofen.de\/en\/event\/tour-8-mein-perfekter-tag-mit-susanne\/","name":"Tour 8: Mein perfekter Tag mit Susanne","isPartOf":{"@id":"https:\/\/erlebnisregion-pfaffenhofen.de\/en\/#website"},"primaryImageOfPage":{"@id":"https:\/\/erlebnisregion-pfaffenhofen.de\/en\/event\/tour-8-mein-perfekter-tag-mit-susanne\/#primaryimage"},"image":{"@id":"https:\/\/erlebnisregion-pfaffenhofen.de\/en\/event\/tour-8-mein-perfekter-tag-mit-susanne\/#primaryimage"},"thumbnailUrl":"https:\/\/erlebnisregion-pfaffenhofen.de\/wp-content\/uploads\/2023\/11\/Badeweiher_009-e1449764234448.jpg","datePublished":"2023-11-29T21:01:00+00:00","dateModified":"2023-11-29T21:07:26+00:00","description":"Susanne zeigt euch heute ihren perfekten Sommer-Tag im Landkreis Pfaffenhofen mit vielen tollen Tipps f\u00fcr Familien mit Radeln und Baden.","breadcrumb":{"@id":"https:\/\/erlebnisregion-pfaffenhofen.de\/en\/event\/tour-8-mein-perfekter-tag-mit-susanne\/#breadcrumb"},"inLanguage":"en-US","potentialAction":[{"@type":"ReadAction","target":["https:\/\/erlebnisregion-pfaffenhofen.de\/en\/event\/tour-8-mein-perfekter-tag-mit-susanne\/"]}]},{"@type":"ImageObject","inLanguage":"en-US","@id":"https:\/\/erlebnisregion-pfaffenhofen.de\/en\/event\/tour-8-mein-perfekter-tag-mit-susanne\/#primaryimage","url":"https:\/\/erlebnisregion-pfaffenhofen.de\/wp-content\/uploads\/2023\/11\/Badeweiher_009-e1449764234448.jpg","contentUrl":"https:\/\/erlebnisregion-pfaffenhofen.de\/wp-content\/uploads\/2023\/11\/Badeweiher_009-e1449764234448.jpg","width":900,"height":599,"caption":"Zwei Personen spritzen sich im Weiher nass"},{"@type":"BreadcrumbList","@id":"https:\/\/erlebnisregion-pfaffenhofen.de\/en\/event\/tour-8-mein-perfekter-tag-mit-susanne\/#breadcrumb","itemListElement":[{"@type":"ListItem","position":1,"name":"Erlebnisregion","item":"https:\/\/erlebnisregion-pfaffenhofen.de\/en\/adventure-region-district-of-pfaffenhofen-a-d-ilm\/"},{"@type":"ListItem","position":2,"name":"Tour 8: Mein perfekter Tag mit Susanne"}]},{"@type":"WebSite","@id":"https:\/\/erlebnisregion-pfaffenhofen.de\/en\/#website","url":"https:\/\/erlebnisregion-pfaffenhofen.de\/en\/","name":"Lebensraum- und Destinationsmanagement Landkreis Pfaffenhofen a.d.Ilm","description":"Landkreis Pfaffenhofen a.d.Ilm","publisher":{"@id":"https:\/\/erlebnisregion-pfaffenhofen.de\/en\/#organization"},"potentialAction":[{"@type":"SearchAction","target":{"@type":"EntryPoint","urlTemplate":"https:\/\/erlebnisregion-pfaffenhofen.de\/en\/?s={search_term_string}"},"query-input":{"@type":"PropertyValueSpecification","valueRequired":true,"valueName":"search_term_string"}}],"inLanguage":"en-US"},{"@type":"Organization","@id":"https:\/\/erlebnisregion-pfaffenhofen.de\/en\/#organization","name":"Kommunalunternehmen Strukturentwicklung Landkreis Pfaffenhofen a.d.Ilm","url":"https:\/\/erlebnisregion-pfaffenhofen.de\/en\/","logo":{"@type":"ImageObject","inLanguage":"en-US","@id":"https:\/\/erlebnisregion-pfaffenhofen.de\/en\/#\/schema\/logo\/image\/","url":"https:\/\/erlebnisregion-pfaffenhofen.de\/wp-content\/uploads\/2023\/06\/logo.svg","contentUrl":"https:\/\/erlebnisregion-pfaffenhofen.de\/wp-content\/uploads\/2023\/06\/logo.svg","width":370,"height":174,"caption":"Kommunalunternehmen Strukturentwicklung Landkreis Pfaffenhofen a.d.Ilm"},"image":{"@id":"https:\/\/erlebnisregion-pfaffenhofen.de\/en\/#\/schema\/logo\/image\/"}}]}},"_links":{"self":[{"href":"https:\/\/erlebnisregion-pfaffenhofen.de\/en\/wp-json\/wp\/v2\/event\/4457","targetHints":{"allow":["GET"]}}],"collection":[{"href":"https:\/\/erlebnisregion-pfaffenhofen.de\/en\/wp-json\/wp\/v2\/event"}],"about":[{"href":"https:\/\/erlebnisregion-pfaffenhofen.de\/en\/wp-json\/wp\/v2\/types\/event"}],"author":[{"embeddable":true,"href":"https:\/\/erlebnisregion-pfaffenhofen.de\/en\/wp-json\/wp\/v2\/users\/3"}],"version-history":[{"count":5,"href":"https:\/\/erlebnisregion-pfaffenhofen.de\/en\/wp-json\/wp\/v2\/event\/4457\/revisions"}],"predecessor-version":[{"id":4485,"href":"https:\/\/erlebnisregion-pfaffenhofen.de\/en\/wp-json\/wp\/v2\/event\/4457\/revisions\/4485"}],"wp:featuredmedia":[{"embeddable":true,"href":"https:\/\/erlebnisregion-pfaffenhofen.de\/en\/wp-json\/wp\/v2\/media\/4062"}],"wp:attachment":[{"href":"https:\/\/erlebnisregion-pfaffenhofen.de\/en\/wp-json\/wp\/v2\/media?parent=4457"}],"wp:term":[{"taxonomy":"category-event","embeddable":true,"href":"https:\/\/erlebnisregion-pfaffenhofen.de\/en\/wp-json\/wp\/v2\/category-event?post=4457"}],"curies":[{"name":"wp","href":"https:\/\/api.w.org\/{rel}","templated":true}]}}