{"id":4388,"date":"2023-11-29T15:54:32","date_gmt":"2023-11-29T15:54:32","guid":{"rendered":"https:\/\/erlebnisregion-pfaffenhofen.de\/?post_type=event&#038;p=4388"},"modified":"2025-01-09T11:33:31","modified_gmt":"2025-01-09T11:33:31","slug":"tour-4-aktiv-in-der-natur","status":"publish","type":"event","link":"https:\/\/erlebnisregion-pfaffenhofen.de\/en\/event\/tour-4-aktiv-in-der-natur\/","title":{"rendered":"Tour 4: Aktiv in der Natur"},"content":{"rendered":"\t\t<div data-elementor-type=\"wp-post\" data-elementor-id=\"4388\" class=\"elementor elementor-4388\" data-elementor-post-type=\"event\">\n\t\t\t\t<div class=\"elementor-element elementor-element-988969a e-flex e-con-boxed e-con e-parent\" data-id=\"988969a\" data-element_type=\"container\" data-e-type=\"container\">\n\t\t\t\t\t<div class=\"e-con-inner\">\n\t\t\t\t<div class=\"elementor-element elementor-element-90de99e elementor-widget elementor-widget-text-editor\" data-id=\"90de99e\" data-element_type=\"widget\" data-e-type=\"widget\" data-widget_type=\"text-editor.default\">\n\t\t\t\t<div class=\"elementor-widget-container\">\n\t\t\t\t\t\t\t\t\t<p>Der Landkreis Pfaffenhofen ist ein Paradies f\u00fcr alle, die sich an der frischen Luft aktiv bet\u00e4tigen m\u00f6chten. Von Radfahrern \u00fcber Wanderer und Kletterfreunde bis hin zu Wassersportlern \u2013 hier findet jeder perfekte Bedingungen.<strong><br \/><\/strong><\/p>\t\t\t\t\t\t\t\t<\/div>\n\t\t\t\t<\/div>\n\t\t\t\t\t<\/div>\n\t\t\t\t<\/div>\n\t\t<div class=\"elementor-element elementor-element-4d497e5 e-flex e-con-boxed e-con e-parent\" data-id=\"4d497e5\" data-element_type=\"container\" data-e-type=\"container\">\n\t\t\t\t\t<div class=\"e-con-inner\">\n\t\t\t\t<div class=\"elementor-element elementor-element-d2b66fc elementor-widget elementor-widget-image\" data-id=\"d2b66fc\" data-element_type=\"widget\" data-e-type=\"widget\" data-widget_type=\"image.default\">\n\t\t\t\t<div class=\"elementor-widget-container\">\n\t\t\t\t\t\t\t\t\t\t\t\t\t\t\t<img fetchpriority=\"high\" decoding=\"async\" width=\"277\" height=\"400\" src=\"https:\/\/erlebnisregion-pfaffenhofen.de\/wp-content\/uploads\/2023\/11\/landkreis-karte_tour4-277x400-1.jpg\" class=\"attachment-large size-large wp-image-4391\" alt=\"\" srcset=\"https:\/\/erlebnisregion-pfaffenhofen.de\/wp-content\/uploads\/2023\/11\/landkreis-karte_tour4-277x400-1.jpg 277w, https:\/\/erlebnisregion-pfaffenhofen.de\/wp-content\/uploads\/2023\/11\/landkreis-karte_tour4-277x400-1-208x300.jpg 208w\" sizes=\"(max-width: 277px) 100vw, 277px\" \/>\t\t\t\t\t\t\t\t\t\t\t\t\t\t\t<\/div>\n\t\t\t\t<\/div>\n\t\t\t\t\t<\/div>\n\t\t\t\t<\/div>\n\t\t<div class=\"elementor-element elementor-element-5db6cb0 e-flex e-con-boxed e-con e-parent\" data-id=\"5db6cb0\" data-element_type=\"container\" data-e-type=\"container\">\n\t\t\t\t\t<div class=\"e-con-inner\">\n\t\t<div class=\"elementor-element elementor-element-873aa38 e-flex e-con-boxed e-con e-parent\" data-id=\"873aa38\" data-element_type=\"container\" data-e-type=\"container\">\n\t\t\t\t\t<div class=\"e-con-inner\">\n\t\t\t\t<div class=\"elementor-element elementor-element-a9179da elementor-widget elementor-widget-image\" data-id=\"a9179da\" data-element_type=\"widget\" data-e-type=\"widget\" data-widget_type=\"image.default\">\n\t\t\t\t<div class=\"elementor-widget-container\">\n\t\t\t\t\t\t\t\t\t\t\t\t\t\t\t<img decoding=\"async\" width=\"800\" height=\"535\" src=\"https:\/\/erlebnisregion-pfaffenhofen.de\/wp-content\/uploads\/2023\/11\/EHRENREICH_Kletterpark-2010-5731-e1449764253321.jpg\" class=\"attachment-large size-large wp-image-4061\" alt=\"Mann auf Parcours im Waldkletterpark\" srcset=\"https:\/\/erlebnisregion-pfaffenhofen.de\/wp-content\/uploads\/2023\/11\/EHRENREICH_Kletterpark-2010-5731-e1449764253321.jpg 900w, https:\/\/erlebnisregion-pfaffenhofen.de\/wp-content\/uploads\/2023\/11\/EHRENREICH_Kletterpark-2010-5731-e1449764253321-300x201.jpg 300w, https:\/\/erlebnisregion-pfaffenhofen.de\/wp-content\/uploads\/2023\/11\/EHRENREICH_Kletterpark-2010-5731-e1449764253321-768x514.jpg 768w\" sizes=\"(max-width: 800px) 100vw, 800px\" \/>\t\t\t\t\t\t\t\t\t\t\t\t\t\t\t<\/div>\n\t\t\t\t<\/div>\n\t\t\t\t\t<\/div>\n\t\t\t\t<\/div>\n\t\t<div class=\"elementor-element elementor-element-e5d6f52 e-flex e-con-boxed e-con e-parent\" data-id=\"e5d6f52\" data-element_type=\"container\" data-e-type=\"container\">\n\t\t\t\t\t<div class=\"e-con-inner\">\n\t\t\t\t<div class=\"elementor-element elementor-element-618db16 elementor-widget elementor-widget-heading\" data-id=\"618db16\" data-element_type=\"widget\" data-e-type=\"widget\" data-widget_type=\"heading.default\">\n\t\t\t\t<div class=\"elementor-widget-container\">\n\t\t\t\t\t<h2 class=\"elementor-heading-title elementor-size-default\">Vormittag:<\/h2>\t\t\t\t<\/div>\n\t\t\t\t<\/div>\n\t\t\t\t<div class=\"elementor-element elementor-element-18485a4 elementor-widget elementor-widget-text-editor\" data-id=\"18485a4\" data-element_type=\"widget\" data-e-type=\"widget\" data-widget_type=\"text-editor.default\">\n\t\t\t\t<div class=\"elementor-widget-container\">\n\t\t\t\t\t\t\t\t\t<div class=\"vc_row wpb_row vc_row-fluid\"><div class=\"wpb_column vc_column_container vc_col-sm-12\"><div class=\"vc_column-inner\"><div class=\"wpb_wrapper\"><div class=\"wpb_text_column wpb_content_element \"><div class=\"wpb_wrapper\"><h5>Waldkletterpark Oberbayern in Jetzendorf<\/h5><\/div><\/div><\/div><\/div><\/div><\/div><div class=\"vc_row wpb_row vc_row-fluid\"><div class=\"wpb_column vc_column_container vc_col-sm-12\"><div class=\"vc_column-inner\"><div class=\"wpb_wrapper\"><div class=\"wpb_text_column wpb_content_element \"><div class=\"wpb_wrapper\"><p>Gelegen im fantastischem Waldareal l\u00e4sst ein Besuch im <a href=\"http:\/\/www.waldkletterpark-oberbayern.de\" target=\"_blank\" rel=\"noopener\">Waldkletterpark Oberbayern<\/a> nicht nur Klettererherzen h\u00f6her schlagen. Zwischen m\u00e4chtigen Eichen und Buchen ist f\u00fcr alle Abenteuerhungrigen aber auch f\u00fcr Familien ein spannendes Outdoor-Erlebnis garantiert. F\u00fcr Gruppen sind Reservierungen unabh\u00e4ngig von den normalen \u00d6ffnungszeiten m\u00f6glich.<\/p><\/div><\/div><\/div><\/div><\/div><\/div>\t\t\t\t\t\t\t\t<\/div>\n\t\t\t\t<\/div>\n\t\t\t\t\t<\/div>\n\t\t\t\t<\/div>\n\t\t\t\t\t<\/div>\n\t\t\t\t<\/div>\n\t\t<div class=\"elementor-element elementor-element-9e06afa e-flex e-con-boxed e-con e-parent\" data-id=\"9e06afa\" data-element_type=\"container\" data-e-type=\"container\">\n\t\t\t\t\t<div class=\"e-con-inner\">\n\t\t<div class=\"elementor-element elementor-element-0879034 e-flex e-con-boxed e-con e-parent\" data-id=\"0879034\" data-element_type=\"container\" data-e-type=\"container\">\n\t\t\t\t\t<div class=\"e-con-inner\">\n\t\t\t\t<div class=\"elementor-element elementor-element-0eca1f3 elementor-widget elementor-widget-heading\" data-id=\"0eca1f3\" data-element_type=\"widget\" data-e-type=\"widget\" data-widget_type=\"heading.default\">\n\t\t\t\t<div class=\"elementor-widget-container\">\n\t\t\t\t\t<h2 class=\"elementor-heading-title elementor-size-default\">Mittag:<\/h2>\t\t\t\t<\/div>\n\t\t\t\t<\/div>\n\t\t\t\t<div class=\"elementor-element elementor-element-a230af9 elementor-widget elementor-widget-text-editor\" data-id=\"a230af9\" data-element_type=\"widget\" data-e-type=\"widget\" data-widget_type=\"text-editor.default\">\n\t\t\t\t<div class=\"elementor-widget-container\">\n\t\t\t\t\t\t\t\t\t<p>Ob traditionelle, regionale, mediterrane oder exotische K\u00fcche \u2013 in unserem Landkreis findet jeder etwas nach seinem Geschmack. Entdecken Sie <a title=\"Essen &amp; Trinken\" href=\"https:\/\/www.kus-pfaffenhofen.de\/tourismus\/geniessen-uebernachten\/essen-trinken\/\" target=\"_blank\" rel=\"noopener\">hier<\/a> unsere heimische Gastronomie.<\/p>\t\t\t\t\t\t\t\t<\/div>\n\t\t\t\t<\/div>\n\t\t\t\t\t<\/div>\n\t\t\t\t<\/div>\n\t\t<div class=\"elementor-element elementor-element-4c6df69 e-flex e-con-boxed e-con e-parent\" data-id=\"4c6df69\" data-element_type=\"container\" data-e-type=\"container\">\n\t\t\t\t\t<div class=\"e-con-inner\">\n\t\t\t\t<div class=\"elementor-element elementor-element-8627f13 elementor-widget elementor-widget-image\" data-id=\"8627f13\" data-element_type=\"widget\" data-e-type=\"widget\" data-widget_type=\"image.default\">\n\t\t\t\t<div class=\"elementor-widget-container\">\n\t\t\t\t\t\t\t\t\t\t\t\t\t\t\t<img decoding=\"async\" width=\"800\" height=\"427\" src=\"https:\/\/erlebnisregion-pfaffenhofen.de\/wp-content\/uploads\/2023\/11\/biergarten4_v-heim-e1449826967824.jpg\" class=\"attachment-large size-large wp-image-4349\" alt=\"\" srcset=\"https:\/\/erlebnisregion-pfaffenhofen.de\/wp-content\/uploads\/2023\/11\/biergarten4_v-heim-e1449826967824.jpg 900w, https:\/\/erlebnisregion-pfaffenhofen.de\/wp-content\/uploads\/2023\/11\/biergarten4_v-heim-e1449826967824-300x160.jpg 300w, https:\/\/erlebnisregion-pfaffenhofen.de\/wp-content\/uploads\/2023\/11\/biergarten4_v-heim-e1449826967824-768x410.jpg 768w\" sizes=\"(max-width: 800px) 100vw, 800px\" \/>\t\t\t\t\t\t\t\t\t\t\t\t\t\t\t<\/div>\n\t\t\t\t<\/div>\n\t\t\t\t\t<\/div>\n\t\t\t\t<\/div>\n\t\t\t\t\t<\/div>\n\t\t\t\t<\/div>\n\t\t<div class=\"elementor-element elementor-element-282c913 e-flex e-con-boxed e-con e-parent\" data-id=\"282c913\" data-element_type=\"container\" data-e-type=\"container\">\n\t\t\t\t\t<div class=\"e-con-inner\">\n\t\t<div class=\"elementor-element elementor-element-793770e e-flex e-con-boxed e-con e-parent\" data-id=\"793770e\" data-element_type=\"container\" data-e-type=\"container\">\n\t\t\t\t\t<div class=\"e-con-inner\">\n\t\t\t\t<div class=\"elementor-element elementor-element-a884792 elementor-widget elementor-widget-image\" data-id=\"a884792\" data-element_type=\"widget\" data-e-type=\"widget\" data-widget_type=\"image.default\">\n\t\t\t\t<div class=\"elementor-widget-container\">\n\t\t\t\t\t\t\t\t\t\t\t\t\t\t\t<img loading=\"lazy\" decoding=\"async\" width=\"800\" height=\"533\" src=\"https:\/\/erlebnisregion-pfaffenhofen.de\/wp-content\/uploads\/2023\/11\/Scheyern_LoRes_62_DJI_0608-1024x682.jpg\" class=\"attachment-large size-large wp-image-4078\" alt=\"Blick auf das Kloster Scheyern\" srcset=\"https:\/\/erlebnisregion-pfaffenhofen.de\/wp-content\/uploads\/2023\/11\/Scheyern_LoRes_62_DJI_0608-1024x682.jpg 1024w, https:\/\/erlebnisregion-pfaffenhofen.de\/wp-content\/uploads\/2023\/11\/Scheyern_LoRes_62_DJI_0608-300x200.jpg 300w, https:\/\/erlebnisregion-pfaffenhofen.de\/wp-content\/uploads\/2023\/11\/Scheyern_LoRes_62_DJI_0608-768x512.jpg 768w, https:\/\/erlebnisregion-pfaffenhofen.de\/wp-content\/uploads\/2023\/11\/Scheyern_LoRes_62_DJI_0608-1536x1023.jpg 1536w, https:\/\/erlebnisregion-pfaffenhofen.de\/wp-content\/uploads\/2023\/11\/Scheyern_LoRes_62_DJI_0608.jpg 1920w\" sizes=\"(max-width: 800px) 100vw, 800px\" \/>\t\t\t\t\t\t\t\t\t\t\t\t\t\t\t<\/div>\n\t\t\t\t<\/div>\n\t\t\t\t<div class=\"elementor-element elementor-element-bab8071 elementor-widget elementor-widget-image\" data-id=\"bab8071\" data-element_type=\"widget\" data-e-type=\"widget\" data-widget_type=\"image.default\">\n\t\t\t\t<div class=\"elementor-widget-container\">\n\t\t\t\t\t\t\t\t\t\t\t\t\t\t\t<img loading=\"lazy\" decoding=\"async\" width=\"800\" height=\"533\" src=\"https:\/\/erlebnisregion-pfaffenhofen.de\/wp-content\/uploads\/2023\/11\/MG_2904-2-e1450100093614.jpg\" class=\"attachment-large size-large wp-image-4398\" alt=\"Kapelle bei Hohenwart\" srcset=\"https:\/\/erlebnisregion-pfaffenhofen.de\/wp-content\/uploads\/2023\/11\/MG_2904-2-e1450100093614.jpg 900w, https:\/\/erlebnisregion-pfaffenhofen.de\/wp-content\/uploads\/2023\/11\/MG_2904-2-e1450100093614-300x200.jpg 300w, https:\/\/erlebnisregion-pfaffenhofen.de\/wp-content\/uploads\/2023\/11\/MG_2904-2-e1450100093614-768x512.jpg 768w\" sizes=\"(max-width: 800px) 100vw, 800px\" \/>\t\t\t\t\t\t\t\t\t\t\t\t\t\t\t<\/div>\n\t\t\t\t<\/div>\n\t\t\t\t\t<\/div>\n\t\t\t\t<\/div>\n\t\t<div class=\"elementor-element elementor-element-df8d95a e-flex e-con-boxed e-con e-parent\" data-id=\"df8d95a\" data-element_type=\"container\" data-e-type=\"container\">\n\t\t\t\t\t<div class=\"e-con-inner\">\n\t\t\t\t<div class=\"elementor-element elementor-element-a7c6526 elementor-widget elementor-widget-heading\" data-id=\"a7c6526\" data-element_type=\"widget\" data-e-type=\"widget\" data-widget_type=\"heading.default\">\n\t\t\t\t<div class=\"elementor-widget-container\">\n\t\t\t\t\t<h2 class=\"elementor-heading-title elementor-size-default\">Nachmittag:<\/h2>\t\t\t\t<\/div>\n\t\t\t\t<\/div>\n\t\t\t\t<div class=\"elementor-element elementor-element-253c66e elementor-widget elementor-widget-text-editor\" data-id=\"253c66e\" data-element_type=\"widget\" data-e-type=\"widget\" data-widget_type=\"text-editor.default\">\n\t\t\t\t<div class=\"elementor-widget-container\">\n\t\t\t\t\t\t\t\t\t<div class=\"vc_row wpb_row vc_row-fluid\"><div class=\"wpb_column vc_column_container vc_col-sm-12\"><div class=\"vc_column-inner\"><div class=\"wpb_wrapper\"><div class=\"wpb_text_column wpb_content_element \"><div class=\"wpb_wrapper\"><h5>Wanderung rund um Scheyern und\/oder Hohenwart<\/h5><\/div><\/div><\/div><\/div><\/div><\/div><div class=\"vc_row wpb_row vc_row-fluid\"><div class=\"wpb_column vc_column_container vc_col-sm-12\"><div class=\"vc_column-inner\"><div class=\"wpb_wrapper\"><div class=\"wpb_text_column wpb_content_element \"><div class=\"wpb_wrapper\"><p>F\u00fcr Wanderer und Spazierg\u00e4nger ist der Landkreis Pfaffenhofen von ganz besonderem landschaftlichem Reiz.<\/p><p><strong>Scheyern<\/strong> l\u00e4sst sich wunderbar bei einer Wanderung rund um die idyllischen Klosterweiher und den barocken Prielhof genie\u00dfen. Vier Rundwege unterschiedlicher L\u00e4nge laden dazu ein, die wundersch\u00f6ne Scheyerer H\u00fcgellandschaft zu erkunden. Auf dem Scheyerer Planetenweg erwartet den Spazierg\u00e4nger ein Erlebnis der besonderen Art: Am Wegrand erf\u00e4hrt man nicht nur allerlei \u00fcber die Mitglieder der Planetenfamilie, sondern erwandert auch die Gr\u00f6\u00dfenverh\u00e4ltnisse unseres Sonnensystems.<\/p><\/div><\/div><\/div><\/div><\/div><\/div><div class=\"vc_row wpb_row vc_row-fluid\"><div class=\"wpb_column vc_column_container vc_col-sm-12\"><div class=\"vc_column-inner\"><div class=\"wpb_wrapper\"><div class=\"wpb_text_column wpb_content_element \"><div class=\"wpb_wrapper\"><p>Das Paartalschutzgebiet kann auf f\u00fcnf Themenwanderwegen rund um <strong>Hohenwart<\/strong> erkundet werden. Zauberhafte Kirchen und Kapellen erz\u00e4hlen Geschichten aus l\u00e4ngst vergangenen Tagen. Alle Wege sind gut ausgeschildert, leicht zu begehen und auch f\u00fcr Familien mit Kidnern geeignet.<\/p><\/div><\/div><\/div><\/div><\/div><\/div><div class=\"vc_row wpb_row vc_row-fluid\"><div class=\"wpb_column vc_column_container vc_col-sm-12\"><div class=\"vc_column-inner\"><div class=\"wpb_wrapper\"><div class=\"wpb_text_column wpb_content_element \"><div class=\"wpb_wrapper\"><p>Weitere Wanderwege im Landkreis Pfaffenhofen sowie n\u00e4here Informationen finden Sie <a title=\"Wandern\" href=\"https:\/\/www.kus-pfaffenhofen.de\/tourismus\/natur-aktiv\/wandern\/\" target=\"_blank\" rel=\"noopener\">hier<\/a>.<\/p><\/div><\/div><\/div><\/div><\/div><\/div>\t\t\t\t\t\t\t\t<\/div>\n\t\t\t\t<\/div>\n\t\t\t\t\t<\/div>\n\t\t\t\t<\/div>\n\t\t\t\t\t<\/div>\n\t\t\t\t<\/div>\n\t\t<div class=\"elementor-element elementor-element-6dd19ce e-flex e-con-boxed e-con e-parent\" data-id=\"6dd19ce\" data-element_type=\"container\" data-e-type=\"container\">\n\t\t\t\t\t<div class=\"e-con-inner\">\n\t\t<div class=\"elementor-element elementor-element-715e8a7 e-flex e-con-boxed e-con e-parent\" data-id=\"715e8a7\" data-element_type=\"container\" data-e-type=\"container\">\n\t\t\t\t\t<div class=\"e-con-inner\">\n\t\t\t\t<div class=\"elementor-element elementor-element-76268f9 elementor-widget elementor-widget-image\" data-id=\"76268f9\" data-element_type=\"widget\" data-e-type=\"widget\" data-widget_type=\"image.default\">\n\t\t\t\t<div class=\"elementor-widget-container\">\n\t\t\t\t\t\t\t\t\t\t\t\t\t\t\t<img loading=\"lazy\" decoding=\"async\" width=\"800\" height=\"533\" src=\"https:\/\/erlebnisregion-pfaffenhofen.de\/wp-content\/uploads\/2023\/11\/IMG_6840-e1449753818224.jpg\" class=\"attachment-large size-large wp-image-4393\" alt=\"\" srcset=\"https:\/\/erlebnisregion-pfaffenhofen.de\/wp-content\/uploads\/2023\/11\/IMG_6840-e1449753818224.jpg 900w, https:\/\/erlebnisregion-pfaffenhofen.de\/wp-content\/uploads\/2023\/11\/IMG_6840-e1449753818224-300x200.jpg 300w, https:\/\/erlebnisregion-pfaffenhofen.de\/wp-content\/uploads\/2023\/11\/IMG_6840-e1449753818224-768x512.jpg 768w\" sizes=\"(max-width: 800px) 100vw, 800px\" \/>\t\t\t\t\t\t\t\t\t\t\t\t\t\t\t<\/div>\n\t\t\t\t<\/div>\n\t\t\t\t\t<\/div>\n\t\t\t\t<\/div>\n\t\t<div class=\"elementor-element elementor-element-b861f32 e-flex e-con-boxed e-con e-parent\" data-id=\"b861f32\" data-element_type=\"container\" data-e-type=\"container\">\n\t\t\t\t\t<div class=\"e-con-inner\">\n\t\t\t\t<div class=\"elementor-element elementor-element-c140647 elementor-widget elementor-widget-text-editor\" data-id=\"c140647\" data-element_type=\"widget\" data-e-type=\"widget\" data-widget_type=\"text-editor.default\">\n\t\t\t\t<div class=\"elementor-widget-container\">\n\t\t\t\t\t\t\t\t\t<div class=\"vc_row wpb_row vc_row-fluid\"><div class=\"wpb_column vc_column_container vc_col-sm-12\"><div class=\"vc_column-inner\"><div class=\"wpb_wrapper\"><div class=\"wpb_text_column wpb_content_element \"><div class=\"wpb_wrapper\"><h5>Besuch im Wakeboard- und Wasserskipark Geisenfeld<\/h5><\/div><\/div><\/div><\/div><\/div><\/div><div class=\"vc_row wpb_row vc_row-fluid\"><div class=\"wpb_column vc_column_container vc_col-sm-12\"><div class=\"vc_column-inner\"><div class=\"wpb_wrapper\"><div class=\"wpb_text_column wpb_content_element \"><div class=\"wpb_wrapper\"><p>Ein ganz besonderes Highlight ist der <a href=\"http:\/\/www.wakeandgroove.de\/\" target=\"_blank\" rel=\"noopener\">Wasserskipark Wake &amp; Groove<\/a>. Er liegt an den Badeweihern bei N\u00f6tting und bietet ein Freizeitareal f\u00fcr Wasserskifahrer, Wakeboarder und all diejenigen, die es einfach mal probieren oder lernen m\u00f6chten. Ein tolles angrenzendes Gastronomieangebot mit leckeren Burger und coolen Cocktails l\u00e4dt ein, eine Pause einzulegen und den Aktiven auf dem See zuzuschauen.<\/p><\/div><\/div><\/div><\/div><\/div><\/div>\t\t\t\t\t\t\t\t<\/div>\n\t\t\t\t<\/div>\n\t\t\t\t\t<\/div>\n\t\t\t\t<\/div>\n\t\t\t\t\t<\/div>\n\t\t\t\t<\/div>\n\t\t\t\t<\/div>\n\t\t","protected":false},"excerpt":{"rendered":"<p>Der Landkreis Pfaffenhofen ist ein Paradies f\u00fcr alle, die sich an der frischen Luft aktiv bet\u00e4tigen m\u00f6chten.<\/p>\n","protected":false},"author":3,"featured_media":4051,"template":"elementor_theme","category-event":[216],"class_list":["post-4388","event","type-event","status-publish","has-post-thumbnail","hentry","category-event-ein-tag-im-landkreis"],"acf":[],"yoast_head":"<!-- This site is optimized with the Yoast SEO plugin v27.5 - https:\/\/yoast.com\/product\/yoast-seo-wordpress\/ -->\n<title>Tour 4: Aktiv in der Natur<\/title>\n<meta name=\"description\" content=\"Der Landkreis Pfaffenhofen ist ein Paradies f\u00fcr alle, die sich an der frischen Luft aktiv bet\u00e4tigen m\u00f6chten.\" \/>\n<meta name=\"robots\" content=\"index, follow, max-snippet:-1, max-image-preview:large, max-video-preview:-1\" \/>\n<link rel=\"canonical\" href=\"https:\/\/erlebnisregion-pfaffenhofen.de\/en\/event\/tour-4-aktiv-in-der-natur\/\" \/>\n<meta property=\"og:locale\" content=\"en_US\" \/>\n<meta property=\"og:type\" content=\"article\" \/>\n<meta property=\"og:title\" content=\"Tour 4: Aktiv in der Natur\" \/>\n<meta property=\"og:description\" content=\"Der Landkreis Pfaffenhofen ist ein Paradies f\u00fcr alle, die sich an der frischen Luft aktiv bet\u00e4tigen m\u00f6chten.\" \/>\n<meta property=\"og:url\" content=\"https:\/\/erlebnisregion-pfaffenhofen.de\/en\/event\/tour-4-aktiv-in-der-natur\/\" \/>\n<meta property=\"og:site_name\" content=\"Erlebnisregion\" \/>\n<meta property=\"article:modified_time\" content=\"2025-01-09T11:33:31+00:00\" \/>\n<meta property=\"og:image\" content=\"https:\/\/erlebnisregion-pfaffenhofen.de\/wp-content\/uploads\/2023\/11\/20130904_Wasserski-Geisenfeld_FotoKUS-e1449761731227.jpg\" \/>\n\t<meta property=\"og:image:width\" content=\"1600\" \/>\n\t<meta property=\"og:image:height\" content=\"1067\" \/>\n\t<meta property=\"og:image:type\" content=\"image\/jpeg\" \/>\n<meta name=\"twitter:card\" content=\"summary_large_image\" \/>\n<meta name=\"twitter:label1\" content=\"Est. reading time\" \/>\n\t<meta name=\"twitter:data1\" content=\"4 minutes\" \/>\n<script type=\"application\/ld+json\" class=\"yoast-schema-graph\">{\"@context\":\"https:\\\/\\\/schema.org\",\"@graph\":[{\"@type\":\"WebPage\",\"@id\":\"https:\\\/\\\/erlebnisregion-pfaffenhofen.de\\\/en\\\/event\\\/tour-4-aktiv-in-der-natur\\\/\",\"url\":\"https:\\\/\\\/erlebnisregion-pfaffenhofen.de\\\/en\\\/event\\\/tour-4-aktiv-in-der-natur\\\/\",\"name\":\"Tour 4: Aktiv in der Natur\",\"isPartOf\":{\"@id\":\"https:\\\/\\\/erlebnisregion-pfaffenhofen.de\\\/en\\\/#website\"},\"primaryImageOfPage\":{\"@id\":\"https:\\\/\\\/erlebnisregion-pfaffenhofen.de\\\/en\\\/event\\\/tour-4-aktiv-in-der-natur\\\/#primaryimage\"},\"image\":{\"@id\":\"https:\\\/\\\/erlebnisregion-pfaffenhofen.de\\\/en\\\/event\\\/tour-4-aktiv-in-der-natur\\\/#primaryimage\"},\"thumbnailUrl\":\"https:\\\/\\\/erlebnisregion-pfaffenhofen.de\\\/wp-content\\\/uploads\\\/2023\\\/11\\\/20130904_Wasserski-Geisenfeld_FotoKUS-e1449761731227.jpg\",\"datePublished\":\"2023-11-29T15:54:32+00:00\",\"dateModified\":\"2025-01-09T11:33:31+00:00\",\"description\":\"Der Landkreis Pfaffenhofen ist ein Paradies f\u00fcr alle, die sich an der frischen Luft aktiv bet\u00e4tigen m\u00f6chten.\",\"breadcrumb\":{\"@id\":\"https:\\\/\\\/erlebnisregion-pfaffenhofen.de\\\/en\\\/event\\\/tour-4-aktiv-in-der-natur\\\/#breadcrumb\"},\"inLanguage\":\"en-US\",\"potentialAction\":[{\"@type\":\"ReadAction\",\"target\":[\"https:\\\/\\\/erlebnisregion-pfaffenhofen.de\\\/en\\\/event\\\/tour-4-aktiv-in-der-natur\\\/\"]}]},{\"@type\":\"ImageObject\",\"inLanguage\":\"en-US\",\"@id\":\"https:\\\/\\\/erlebnisregion-pfaffenhofen.de\\\/en\\\/event\\\/tour-4-aktiv-in-der-natur\\\/#primaryimage\",\"url\":\"https:\\\/\\\/erlebnisregion-pfaffenhofen.de\\\/wp-content\\\/uploads\\\/2023\\\/11\\\/20130904_Wasserski-Geisenfeld_FotoKUS-e1449761731227.jpg\",\"contentUrl\":\"https:\\\/\\\/erlebnisregion-pfaffenhofen.de\\\/wp-content\\\/uploads\\\/2023\\\/11\\\/20130904_Wasserski-Geisenfeld_FotoKUS-e1449761731227.jpg\",\"width\":1600,\"height\":1067,\"caption\":\"Wakeboard-Fahrer in Geisenfeld als Ausflugsziel\"},{\"@type\":\"BreadcrumbList\",\"@id\":\"https:\\\/\\\/erlebnisregion-pfaffenhofen.de\\\/en\\\/event\\\/tour-4-aktiv-in-der-natur\\\/#breadcrumb\",\"itemListElement\":[{\"@type\":\"ListItem\",\"position\":1,\"name\":\"Erlebnisregion\",\"item\":\"https:\\\/\\\/erlebnisregion-pfaffenhofen.de\\\/en\\\/adventure-region-district-of-pfaffenhofen-a-d-ilm\\\/\"},{\"@type\":\"ListItem\",\"position\":2,\"name\":\"Tour 4: Aktiv in der Natur\"}]},{\"@type\":\"WebSite\",\"@id\":\"https:\\\/\\\/erlebnisregion-pfaffenhofen.de\\\/en\\\/#website\",\"url\":\"https:\\\/\\\/erlebnisregion-pfaffenhofen.de\\\/en\\\/\",\"name\":\"Lebensraum- und Destinationsmanagement Landkreis Pfaffenhofen a.d.Ilm\",\"description\":\"Landkreis Pfaffenhofen a.d.Ilm\",\"publisher\":{\"@id\":\"https:\\\/\\\/erlebnisregion-pfaffenhofen.de\\\/en\\\/#organization\"},\"potentialAction\":[{\"@type\":\"SearchAction\",\"target\":{\"@type\":\"EntryPoint\",\"urlTemplate\":\"https:\\\/\\\/erlebnisregion-pfaffenhofen.de\\\/en\\\/?s={search_term_string}\"},\"query-input\":{\"@type\":\"PropertyValueSpecification\",\"valueRequired\":true,\"valueName\":\"search_term_string\"}}],\"inLanguage\":\"en-US\"},{\"@type\":\"Organization\",\"@id\":\"https:\\\/\\\/erlebnisregion-pfaffenhofen.de\\\/en\\\/#organization\",\"name\":\"Kommunalunternehmen Strukturentwicklung Landkreis Pfaffenhofen a.d.Ilm\",\"url\":\"https:\\\/\\\/erlebnisregion-pfaffenhofen.de\\\/en\\\/\",\"logo\":{\"@type\":\"ImageObject\",\"inLanguage\":\"en-US\",\"@id\":\"https:\\\/\\\/erlebnisregion-pfaffenhofen.de\\\/en\\\/#\\\/schema\\\/logo\\\/image\\\/\",\"url\":\"https:\\\/\\\/erlebnisregion-pfaffenhofen.de\\\/wp-content\\\/uploads\\\/2023\\\/06\\\/logo.svg\",\"contentUrl\":\"https:\\\/\\\/erlebnisregion-pfaffenhofen.de\\\/wp-content\\\/uploads\\\/2023\\\/06\\\/logo.svg\",\"width\":370,\"height\":174,\"caption\":\"Kommunalunternehmen Strukturentwicklung Landkreis Pfaffenhofen a.d.Ilm\"},\"image\":{\"@id\":\"https:\\\/\\\/erlebnisregion-pfaffenhofen.de\\\/en\\\/#\\\/schema\\\/logo\\\/image\\\/\"}}]}<\/script>\n<!-- \/ Yoast SEO plugin. -->","yoast_head_json":{"title":"Tour 4: Aktiv in der Natur","description":"Der Landkreis Pfaffenhofen ist ein Paradies f\u00fcr alle, die sich an der frischen Luft aktiv bet\u00e4tigen m\u00f6chten.","robots":{"index":"index","follow":"follow","max-snippet":"max-snippet:-1","max-image-preview":"max-image-preview:large","max-video-preview":"max-video-preview:-1"},"canonical":"https:\/\/erlebnisregion-pfaffenhofen.de\/en\/event\/tour-4-aktiv-in-der-natur\/","og_locale":"en_US","og_type":"article","og_title":"Tour 4: Aktiv in der Natur","og_description":"Der Landkreis Pfaffenhofen ist ein Paradies f\u00fcr alle, die sich an der frischen Luft aktiv bet\u00e4tigen m\u00f6chten.","og_url":"https:\/\/erlebnisregion-pfaffenhofen.de\/en\/event\/tour-4-aktiv-in-der-natur\/","og_site_name":"Erlebnisregion","article_modified_time":"2025-01-09T11:33:31+00:00","og_image":[{"width":1600,"height":1067,"url":"https:\/\/erlebnisregion-pfaffenhofen.de\/wp-content\/uploads\/2023\/11\/20130904_Wasserski-Geisenfeld_FotoKUS-e1449761731227.jpg","type":"image\/jpeg"}],"twitter_card":"summary_large_image","twitter_misc":{"Est. reading time":"4 minutes"},"schema":{"@context":"https:\/\/schema.org","@graph":[{"@type":"WebPage","@id":"https:\/\/erlebnisregion-pfaffenhofen.de\/en\/event\/tour-4-aktiv-in-der-natur\/","url":"https:\/\/erlebnisregion-pfaffenhofen.de\/en\/event\/tour-4-aktiv-in-der-natur\/","name":"Tour 4: Aktiv in der Natur","isPartOf":{"@id":"https:\/\/erlebnisregion-pfaffenhofen.de\/en\/#website"},"primaryImageOfPage":{"@id":"https:\/\/erlebnisregion-pfaffenhofen.de\/en\/event\/tour-4-aktiv-in-der-natur\/#primaryimage"},"image":{"@id":"https:\/\/erlebnisregion-pfaffenhofen.de\/en\/event\/tour-4-aktiv-in-der-natur\/#primaryimage"},"thumbnailUrl":"https:\/\/erlebnisregion-pfaffenhofen.de\/wp-content\/uploads\/2023\/11\/20130904_Wasserski-Geisenfeld_FotoKUS-e1449761731227.jpg","datePublished":"2023-11-29T15:54:32+00:00","dateModified":"2025-01-09T11:33:31+00:00","description":"Der Landkreis Pfaffenhofen ist ein Paradies f\u00fcr alle, die sich an der frischen Luft aktiv bet\u00e4tigen m\u00f6chten.","breadcrumb":{"@id":"https:\/\/erlebnisregion-pfaffenhofen.de\/en\/event\/tour-4-aktiv-in-der-natur\/#breadcrumb"},"inLanguage":"en-US","potentialAction":[{"@type":"ReadAction","target":["https:\/\/erlebnisregion-pfaffenhofen.de\/en\/event\/tour-4-aktiv-in-der-natur\/"]}]},{"@type":"ImageObject","inLanguage":"en-US","@id":"https:\/\/erlebnisregion-pfaffenhofen.de\/en\/event\/tour-4-aktiv-in-der-natur\/#primaryimage","url":"https:\/\/erlebnisregion-pfaffenhofen.de\/wp-content\/uploads\/2023\/11\/20130904_Wasserski-Geisenfeld_FotoKUS-e1449761731227.jpg","contentUrl":"https:\/\/erlebnisregion-pfaffenhofen.de\/wp-content\/uploads\/2023\/11\/20130904_Wasserski-Geisenfeld_FotoKUS-e1449761731227.jpg","width":1600,"height":1067,"caption":"Wakeboard-Fahrer in Geisenfeld als Ausflugsziel"},{"@type":"BreadcrumbList","@id":"https:\/\/erlebnisregion-pfaffenhofen.de\/en\/event\/tour-4-aktiv-in-der-natur\/#breadcrumb","itemListElement":[{"@type":"ListItem","position":1,"name":"Erlebnisregion","item":"https:\/\/erlebnisregion-pfaffenhofen.de\/en\/adventure-region-district-of-pfaffenhofen-a-d-ilm\/"},{"@type":"ListItem","position":2,"name":"Tour 4: Aktiv in der Natur"}]},{"@type":"WebSite","@id":"https:\/\/erlebnisregion-pfaffenhofen.de\/en\/#website","url":"https:\/\/erlebnisregion-pfaffenhofen.de\/en\/","name":"Lebensraum- und Destinationsmanagement Landkreis Pfaffenhofen a.d.Ilm","description":"Landkreis Pfaffenhofen a.d.Ilm","publisher":{"@id":"https:\/\/erlebnisregion-pfaffenhofen.de\/en\/#organization"},"potentialAction":[{"@type":"SearchAction","target":{"@type":"EntryPoint","urlTemplate":"https:\/\/erlebnisregion-pfaffenhofen.de\/en\/?s={search_term_string}"},"query-input":{"@type":"PropertyValueSpecification","valueRequired":true,"valueName":"search_term_string"}}],"inLanguage":"en-US"},{"@type":"Organization","@id":"https:\/\/erlebnisregion-pfaffenhofen.de\/en\/#organization","name":"Kommunalunternehmen Strukturentwicklung Landkreis Pfaffenhofen a.d.Ilm","url":"https:\/\/erlebnisregion-pfaffenhofen.de\/en\/","logo":{"@type":"ImageObject","inLanguage":"en-US","@id":"https:\/\/erlebnisregion-pfaffenhofen.de\/en\/#\/schema\/logo\/image\/","url":"https:\/\/erlebnisregion-pfaffenhofen.de\/wp-content\/uploads\/2023\/06\/logo.svg","contentUrl":"https:\/\/erlebnisregion-pfaffenhofen.de\/wp-content\/uploads\/2023\/06\/logo.svg","width":370,"height":174,"caption":"Kommunalunternehmen Strukturentwicklung Landkreis Pfaffenhofen a.d.Ilm"},"image":{"@id":"https:\/\/erlebnisregion-pfaffenhofen.de\/en\/#\/schema\/logo\/image\/"}}]}},"_links":{"self":[{"href":"https:\/\/erlebnisregion-pfaffenhofen.de\/en\/wp-json\/wp\/v2\/event\/4388","targetHints":{"allow":["GET"]}}],"collection":[{"href":"https:\/\/erlebnisregion-pfaffenhofen.de\/en\/wp-json\/wp\/v2\/event"}],"about":[{"href":"https:\/\/erlebnisregion-pfaffenhofen.de\/en\/wp-json\/wp\/v2\/types\/event"}],"author":[{"embeddable":true,"href":"https:\/\/erlebnisregion-pfaffenhofen.de\/en\/wp-json\/wp\/v2\/users\/3"}],"version-history":[{"count":8,"href":"https:\/\/erlebnisregion-pfaffenhofen.de\/en\/wp-json\/wp\/v2\/event\/4388\/revisions"}],"predecessor-version":[{"id":14908,"href":"https:\/\/erlebnisregion-pfaffenhofen.de\/en\/wp-json\/wp\/v2\/event\/4388\/revisions\/14908"}],"wp:featuredmedia":[{"embeddable":true,"href":"https:\/\/erlebnisregion-pfaffenhofen.de\/en\/wp-json\/wp\/v2\/media\/4051"}],"wp:attachment":[{"href":"https:\/\/erlebnisregion-pfaffenhofen.de\/en\/wp-json\/wp\/v2\/media?parent=4388"}],"wp:term":[{"taxonomy":"category-event","embeddable":true,"href":"https:\/\/erlebnisregion-pfaffenhofen.de\/en\/wp-json\/wp\/v2\/category-event?post=4388"}],"curies":[{"name":"wp","href":"https:\/\/api.w.org\/{rel}","templated":true}]}}