{"id":4372,"date":"2023-11-29T15:45:35","date_gmt":"2023-11-29T15:45:35","guid":{"rendered":"https:\/\/erlebnisregion-pfaffenhofen.de\/?post_type=event&#038;p=4372"},"modified":"2025-01-09T11:32:19","modified_gmt":"2025-01-09T11:32:19","slug":"tour-3-geschichte","status":"publish","type":"event","link":"https:\/\/erlebnisregion-pfaffenhofen.de\/en\/event\/tour-3-geschichte\/","title":{"rendered":"Tour 3: Geschichte"},"content":{"rendered":"\t\t<div data-elementor-type=\"wp-post\" data-elementor-id=\"4372\" class=\"elementor elementor-4372\" data-elementor-post-type=\"event\">\n\t\t\t\t<div class=\"elementor-element elementor-element-988969a e-flex e-con-boxed e-con e-parent\" data-id=\"988969a\" data-element_type=\"container\" data-e-type=\"container\">\n\t\t\t\t\t<div class=\"e-con-inner\">\n\t\t\t\t<div class=\"elementor-element elementor-element-90de99e elementor-widget elementor-widget-text-editor\" data-id=\"90de99e\" data-element_type=\"widget\" data-e-type=\"widget\" data-widget_type=\"text-editor.default\">\n\t\t\t\t<div class=\"elementor-widget-container\">\n\t\t\t\t\t\t\t\t\t\u00dcberall im Landkreis findet man Spuren vergangener Tage. Dieser Tourenvorschlag l\u00e4dt dazu ein, tiefer in die spannende Geschichte einzutauchen.\t\t\t\t\t\t\t\t<\/div>\n\t\t\t\t<\/div>\n\t\t\t\t\t<\/div>\n\t\t\t\t<\/div>\n\t\t<div class=\"elementor-element elementor-element-4d497e5 e-flex e-con-boxed e-con e-parent\" data-id=\"4d497e5\" data-element_type=\"container\" data-e-type=\"container\">\n\t\t\t\t\t<div class=\"e-con-inner\">\n\t\t\t\t<div class=\"elementor-element elementor-element-d2b66fc elementor-widget elementor-widget-image\" data-id=\"d2b66fc\" data-element_type=\"widget\" data-e-type=\"widget\" data-widget_type=\"image.default\">\n\t\t\t\t<div class=\"elementor-widget-container\">\n\t\t\t\t\t\t\t\t\t\t\t\t\t\t\t<img fetchpriority=\"high\" decoding=\"async\" width=\"277\" height=\"400\" src=\"https:\/\/erlebnisregion-pfaffenhofen.de\/wp-content\/uploads\/2023\/11\/landkreis-karte_tour3-277x400-1.jpg\" class=\"attachment-large size-large wp-image-4377\" alt=\"\" srcset=\"https:\/\/erlebnisregion-pfaffenhofen.de\/wp-content\/uploads\/2023\/11\/landkreis-karte_tour3-277x400-1.jpg 277w, https:\/\/erlebnisregion-pfaffenhofen.de\/wp-content\/uploads\/2023\/11\/landkreis-karte_tour3-277x400-1-208x300.jpg 208w\" sizes=\"(max-width: 277px) 100vw, 277px\" \/>\t\t\t\t\t\t\t\t\t\t\t\t\t\t\t<\/div>\n\t\t\t\t<\/div>\n\t\t\t\t\t<\/div>\n\t\t\t\t<\/div>\n\t\t<div class=\"elementor-element elementor-element-5db6cb0 e-flex e-con-boxed e-con e-parent\" data-id=\"5db6cb0\" data-element_type=\"container\" data-e-type=\"container\">\n\t\t\t\t\t<div class=\"e-con-inner\">\n\t\t<div class=\"elementor-element elementor-element-873aa38 e-flex e-con-boxed e-con e-parent\" data-id=\"873aa38\" data-element_type=\"container\" data-e-type=\"container\">\n\t\t\t\t\t<div class=\"e-con-inner\">\n\t\t\t\t<div class=\"elementor-element elementor-element-a9179da elementor-widget elementor-widget-image\" data-id=\"a9179da\" data-element_type=\"widget\" data-e-type=\"widget\" data-widget_type=\"image.default\">\n\t\t\t\t<div class=\"elementor-widget-container\">\n\t\t\t\t\t\t\t\t\t\t\t\t\t\t\t<img decoding=\"async\" width=\"768\" height=\"511\" src=\"https:\/\/erlebnisregion-pfaffenhofen.de\/wp-content\/uploads\/2023\/11\/Scheyern_081_web-e1450100553447-768x511.jpg\" class=\"attachment-medium_large size-medium_large wp-image-4379\" alt=\"\" srcset=\"https:\/\/erlebnisregion-pfaffenhofen.de\/wp-content\/uploads\/2023\/11\/Scheyern_081_web-e1450100553447-768x511.jpg 768w, https:\/\/erlebnisregion-pfaffenhofen.de\/wp-content\/uploads\/2023\/11\/Scheyern_081_web-e1450100553447-300x200.jpg 300w, https:\/\/erlebnisregion-pfaffenhofen.de\/wp-content\/uploads\/2023\/11\/Scheyern_081_web-e1450100553447.jpg 900w\" sizes=\"(max-width: 768px) 100vw, 768px\" \/>\t\t\t\t\t\t\t\t\t\t\t\t\t\t\t<\/div>\n\t\t\t\t<\/div>\n\t\t\t\t\t<\/div>\n\t\t\t\t<\/div>\n\t\t<div class=\"elementor-element elementor-element-e5d6f52 e-flex e-con-boxed e-con e-parent\" data-id=\"e5d6f52\" data-element_type=\"container\" data-e-type=\"container\">\n\t\t\t\t\t<div class=\"e-con-inner\">\n\t\t\t\t<div class=\"elementor-element elementor-element-618db16 elementor-widget elementor-widget-heading\" data-id=\"618db16\" data-element_type=\"widget\" data-e-type=\"widget\" data-widget_type=\"heading.default\">\n\t\t\t\t<div class=\"elementor-widget-container\">\n\t\t\t\t\t<h2 class=\"elementor-heading-title elementor-size-default\">Vormittag:<\/h2>\t\t\t\t<\/div>\n\t\t\t\t<\/div>\n\t\t\t\t<div class=\"elementor-element elementor-element-18485a4 elementor-widget elementor-widget-text-editor\" data-id=\"18485a4\" data-element_type=\"widget\" data-e-type=\"widget\" data-widget_type=\"text-editor.default\">\n\t\t\t\t<div class=\"elementor-widget-container\">\n\t\t\t\t\t\t\t\t\t<div class=\"vc_row wpb_row vc_row-fluid\"><div class=\"wpb_column vc_column_container vc_col-sm-12\"><div class=\"vc_column-inner\"><div class=\"wpb_wrapper\"><div class=\"wpb_text_column wpb_content_element \"><div class=\"wpb_wrapper\"><div class=\"vc_row wpb_row vc_row-fluid\"><div class=\"wpb_column vc_column_container vc_col-sm-12\"><div class=\"vc_column-inner\"><div class=\"wpb_wrapper\"><div class=\"wpb_text_column wpb_content_element \"><div class=\"wpb_wrapper\"><h5>Kirchen- und Klosterf\u00fchrung im Kloster Scheyern<\/h5><\/div><\/div><\/div><\/div><\/div><\/div><div class=\"vc_row wpb_row vc_row-fluid\"><div class=\"wpb_column vc_column_container vc_col-sm-12\"><div class=\"vc_column-inner\"><div class=\"wpb_wrapper\"><div class=\"wpb_text_column wpb_content_element \"><div class=\"wpb_wrapper\"><p>Ein M\u00f6nch begleitet Sie durch die Klosterkirche, die Hl. Kreuzkapelle, den Kreuzgang, die K\u00f6nigskapelle, die w\u00fcndersch\u00f6ne Sakristei und die Johanneskirche und steht f\u00fcr Fragen zur Verf\u00fcgung. N\u00e4here Informationen finden Sie <a href=\"http:\/\/www.kloster-scheyern.de\/klosterrundgang\/fuehrungen.html\" target=\"_blank\" rel=\"noopener\">online<\/a>. Reservierungen erfolgen \u00fcber die Klosterverwaltung, <em>Tel. 08441 752-230.<\/em><\/p><\/div><\/div><\/div><\/div><\/div><\/div><\/div><\/div><\/div><\/div><\/div><\/div>\t\t\t\t\t\t\t\t<\/div>\n\t\t\t\t<\/div>\n\t\t\t\t\t<\/div>\n\t\t\t\t<\/div>\n\t\t\t\t\t<\/div>\n\t\t\t\t<\/div>\n\t\t<div class=\"elementor-element elementor-element-9e06afa e-flex e-con-boxed e-con e-parent\" data-id=\"9e06afa\" data-element_type=\"container\" data-e-type=\"container\">\n\t\t\t\t\t<div class=\"e-con-inner\">\n\t\t<div class=\"elementor-element elementor-element-0879034 e-flex e-con-boxed e-con e-parent\" data-id=\"0879034\" data-element_type=\"container\" data-e-type=\"container\">\n\t\t\t\t\t<div class=\"e-con-inner\">\n\t\t\t\t<div class=\"elementor-element elementor-element-0eca1f3 elementor-widget elementor-widget-heading\" data-id=\"0eca1f3\" data-element_type=\"widget\" data-e-type=\"widget\" data-widget_type=\"heading.default\">\n\t\t\t\t<div class=\"elementor-widget-container\">\n\t\t\t\t\t<h2 class=\"elementor-heading-title elementor-size-default\">Mittag:<\/h2>\t\t\t\t<\/div>\n\t\t\t\t<\/div>\n\t\t\t\t<div class=\"elementor-element elementor-element-a230af9 elementor-widget elementor-widget-text-editor\" data-id=\"a230af9\" data-element_type=\"widget\" data-e-type=\"widget\" data-widget_type=\"text-editor.default\">\n\t\t\t\t<div class=\"elementor-widget-container\">\n\t\t\t\t\t\t\t\t\t<p>Ob traditionelle, regionale, mediterrane oder exotische K\u00fcche \u2013 in unserem Landkreis findet jeder etwas nach seinem Geschmack. Entdecken Sie <a title=\"Essen &amp; Trinken\" href=\"https:\/\/www.kus-pfaffenhofen.de\/tourismus\/geniessen-uebernachten\/essen-trinken\/\">hier<\/a> unsere heimische Gastronomie.<\/p>\t\t\t\t\t\t\t\t<\/div>\n\t\t\t\t<\/div>\n\t\t\t\t\t<\/div>\n\t\t\t\t<\/div>\n\t\t<div class=\"elementor-element elementor-element-4c6df69 e-flex e-con-boxed e-con e-parent\" data-id=\"4c6df69\" data-element_type=\"container\" data-e-type=\"container\">\n\t\t\t\t\t<div class=\"e-con-inner\">\n\t\t\t\t<div class=\"elementor-element elementor-element-8627f13 elementor-widget elementor-widget-image\" data-id=\"8627f13\" data-element_type=\"widget\" data-e-type=\"widget\" data-widget_type=\"image.default\">\n\t\t\t\t<div class=\"elementor-widget-container\">\n\t\t\t\t\t\t\t\t\t\t\t\t\t\t\t<img decoding=\"async\" width=\"800\" height=\"534\" src=\"https:\/\/erlebnisregion-pfaffenhofen.de\/wp-content\/uploads\/2023\/11\/Scheyern_LoRes_61_A7R09494-1024x683.jpg\" class=\"attachment-large size-large wp-image-4367\" alt=\"\" srcset=\"https:\/\/erlebnisregion-pfaffenhofen.de\/wp-content\/uploads\/2023\/11\/Scheyern_LoRes_61_A7R09494-1024x683.jpg 1024w, https:\/\/erlebnisregion-pfaffenhofen.de\/wp-content\/uploads\/2023\/11\/Scheyern_LoRes_61_A7R09494-300x200.jpg 300w, https:\/\/erlebnisregion-pfaffenhofen.de\/wp-content\/uploads\/2023\/11\/Scheyern_LoRes_61_A7R09494-768x512.jpg 768w, https:\/\/erlebnisregion-pfaffenhofen.de\/wp-content\/uploads\/2023\/11\/Scheyern_LoRes_61_A7R09494-1536x1024.jpg 1536w, https:\/\/erlebnisregion-pfaffenhofen.de\/wp-content\/uploads\/2023\/11\/Scheyern_LoRes_61_A7R09494-2048x1365.jpg 2048w\" sizes=\"(max-width: 800px) 100vw, 800px\" \/>\t\t\t\t\t\t\t\t\t\t\t\t\t\t\t<\/div>\n\t\t\t\t<\/div>\n\t\t\t\t\t<\/div>\n\t\t\t\t<\/div>\n\t\t\t\t\t<\/div>\n\t\t\t\t<\/div>\n\t\t<div class=\"elementor-element elementor-element-282c913 e-flex e-con-boxed e-con e-parent\" data-id=\"282c913\" data-element_type=\"container\" data-e-type=\"container\">\n\t\t\t\t\t<div class=\"e-con-inner\">\n\t\t<div class=\"elementor-element elementor-element-793770e e-flex e-con-boxed e-con e-parent\" data-id=\"793770e\" data-element_type=\"container\" data-e-type=\"container\">\n\t\t\t\t\t<div class=\"e-con-inner\">\n\t\t\t\t<div class=\"elementor-element elementor-element-a884792 elementor-widget elementor-widget-image\" data-id=\"a884792\" data-element_type=\"widget\" data-e-type=\"widget\" data-widget_type=\"image.default\">\n\t\t\t\t<div class=\"elementor-widget-container\">\n\t\t\t\t\t\t\t\t\t\t\t\t\t\t\t<img loading=\"lazy\" decoding=\"async\" width=\"800\" height=\"532\" src=\"https:\/\/erlebnisregion-pfaffenhofen.de\/wp-content\/uploads\/2023\/11\/krm_aussen-e1450100011788.jpg\" class=\"attachment-large size-large wp-image-4382\" alt=\"Au\u00dfenansicht kelten r\u00f6mer museum manching\" srcset=\"https:\/\/erlebnisregion-pfaffenhofen.de\/wp-content\/uploads\/2023\/11\/krm_aussen-e1450100011788.jpg 900w, https:\/\/erlebnisregion-pfaffenhofen.de\/wp-content\/uploads\/2023\/11\/krm_aussen-e1450100011788-300x199.jpg 300w, https:\/\/erlebnisregion-pfaffenhofen.de\/wp-content\/uploads\/2023\/11\/krm_aussen-e1450100011788-768x510.jpg 768w\" sizes=\"(max-width: 800px) 100vw, 800px\" \/>\t\t\t\t\t\t\t\t\t\t\t\t\t\t\t<\/div>\n\t\t\t\t<\/div>\n\t\t\t\t<div class=\"elementor-element elementor-element-4a88541 elementor-widget elementor-widget-image\" data-id=\"4a88541\" data-element_type=\"widget\" data-e-type=\"widget\" data-widget_type=\"image.default\">\n\t\t\t\t<div class=\"elementor-widget-container\">\n\t\t\t\t\t\t\t\t\t\t\t\t\t\t\t<img loading=\"lazy\" decoding=\"async\" width=\"800\" height=\"524\" src=\"https:\/\/erlebnisregion-pfaffenhofen.de\/wp-content\/uploads\/2023\/11\/A_Manching-Ortsmitte-mit-Rathaus_web-e1450100027172.jpg\" class=\"attachment-large size-large wp-image-4384\" alt=\"Ortsmitte Manching\" srcset=\"https:\/\/erlebnisregion-pfaffenhofen.de\/wp-content\/uploads\/2023\/11\/A_Manching-Ortsmitte-mit-Rathaus_web-e1450100027172.jpg 900w, https:\/\/erlebnisregion-pfaffenhofen.de\/wp-content\/uploads\/2023\/11\/A_Manching-Ortsmitte-mit-Rathaus_web-e1450100027172-300x196.jpg 300w, https:\/\/erlebnisregion-pfaffenhofen.de\/wp-content\/uploads\/2023\/11\/A_Manching-Ortsmitte-mit-Rathaus_web-e1450100027172-768x503.jpg 768w\" sizes=\"(max-width: 800px) 100vw, 800px\" \/>\t\t\t\t\t\t\t\t\t\t\t\t\t\t\t<\/div>\n\t\t\t\t<\/div>\n\t\t\t\t\t<\/div>\n\t\t\t\t<\/div>\n\t\t<div class=\"elementor-element elementor-element-df8d95a e-flex e-con-boxed e-con e-parent\" data-id=\"df8d95a\" data-element_type=\"container\" data-e-type=\"container\">\n\t\t\t\t\t<div class=\"e-con-inner\">\n\t\t\t\t<div class=\"elementor-element elementor-element-a7c6526 elementor-widget elementor-widget-heading\" data-id=\"a7c6526\" data-element_type=\"widget\" data-e-type=\"widget\" data-widget_type=\"heading.default\">\n\t\t\t\t<div class=\"elementor-widget-container\">\n\t\t\t\t\t<h2 class=\"elementor-heading-title elementor-size-default\">Nachmittag:<\/h2>\t\t\t\t<\/div>\n\t\t\t\t<\/div>\n\t\t\t\t<div class=\"elementor-element elementor-element-253c66e elementor-widget elementor-widget-text-editor\" data-id=\"253c66e\" data-element_type=\"widget\" data-e-type=\"widget\" data-widget_type=\"text-editor.default\">\n\t\t\t\t<div class=\"elementor-widget-container\">\n\t\t\t\t\t\t\t\t\t<div class=\"vc_row wpb_row vc_row-fluid\"><div class=\"wpb_column vc_column_container vc_col-sm-12\"><div class=\"vc_column-inner\"><div class=\"wpb_wrapper\"><div class=\"wpb_text_column wpb_content_element \"><div class=\"wpb_wrapper\"><h5>kelten r\u00f6mer museum manching \/ Besuch des Marktes Manching<\/h5><p>Vor \u00fcber 2000 Jahren war Manching eine der bedeutendsten keltischen St\u00e4dte Europas. Das <a href=\"http:\/\/www.museum-manching.de\" target=\"_blank\" rel=\"noopener\"><em>kelten r\u00f6mer museum manching<\/em> <\/a>pr\u00e4sentiert Funde aus \u00fcber 100 Jahren arch\u00e4ologischer Ausgrabungen der Keltenstadt an der Donau und l\u00e4sst den damaligen Alltag der Menschen lebendig werden. Entdecken Sie beeindruckende Funde wie einen der gr\u00f6\u00dften Goldsch\u00e4tze dieser Zeit. Bei einer F\u00fchrung k\u00f6nnen Sie mit Arch\u00e4ologen auf eine spannende Entdeckungsreise in die Vergangenheit gehen.<\/p><\/div><\/div><\/div><\/div><\/div><\/div><div class=\"vc_row wpb_row vc_row-fluid\"><div class=\"wpb_column vc_column_container vc_col-sm-12\"><div class=\"vc_column-inner\"><div class=\"wpb_wrapper\"><div class=\"wpb_text_column wpb_content_element \"><div class=\"wpb_wrapper\"><p>In und um <a href=\"http:\/\/www.manching.de\" target=\"_blank\" rel=\"noopener\">Manching<\/a>, der ehemaligen Kelten-Hauptstadt der Vindeliker<strong>,<\/strong> st\u00f6\u00dft man immer wieder auf die Vergangenheit der historischen Region. Touristische Highlights wie die denkmalgesch\u00fctzte evangelische Friedenskirche oder im ausgehenden Sommer der Barthelmarkt sind immer einen Besuch wert.<\/p><\/div><\/div><\/div><\/div><\/div><\/div>\t\t\t\t\t\t\t\t<\/div>\n\t\t\t\t<\/div>\n\t\t\t\t\t<\/div>\n\t\t\t\t<\/div>\n\t\t\t\t\t<\/div>\n\t\t\t\t<\/div>\n\t\t<div class=\"elementor-element elementor-element-9593580 e-flex e-con-boxed e-con e-parent\" data-id=\"9593580\" data-element_type=\"container\" data-e-type=\"container\">\n\t\t\t\t\t<div class=\"e-con-inner\">\n\t\t\t\t<div class=\"elementor-element elementor-element-17eadcd elementor-widget elementor-widget-text-editor\" data-id=\"17eadcd\" data-element_type=\"widget\" data-e-type=\"widget\" data-widget_type=\"text-editor.default\">\n\t\t\t\t<div class=\"elementor-widget-container\">\n\t\t\t\t\t\t\t\t\t<div class=\"vc_row wpb_row vc_row-fluid\"><div class=\"wpb_column vc_column_container vc_col-sm-12\"><div class=\"vc_column-inner\"><div class=\"wpb_wrapper\"><div class=\"wpb_text_column wpb_content_element \"><div class=\"wpb_wrapper\"><h4>Weitere Tipps<\/h4><\/div><\/div><\/div><\/div><\/div><\/div><div class=\"vc_row wpb_row vc_row-fluid\"><div class=\"wpb_column vc_column_container vc_col-sm-12\"><div class=\"vc_column-inner\"><div class=\"wpb_wrapper\"><div class=\"wpb_text_column wpb_content_element \"><div class=\"wpb_wrapper\"><p>Idyllische Kapellen, beeindruckende Kl\u00f6ster, interessante Kirchen \u2013 das alles finden Sie <a title=\"Kirchen, Kl\u00f6ster &amp; Kapellen\" href=\"https:\/\/erlebnisregion-pfaffenhofen.de\/sehenswertes\/kirchen-kloester-kapellen\/\" target=\"_blank\" rel=\"noopener\">hier<\/a>.<\/p><\/div><\/div><\/div><\/div><\/div><\/div><div class=\"vc_row wpb_row vc_row-fluid\"><div class=\"wpb_column vc_column_container vc_col-sm-12\"><div class=\"vc_column-inner\"><div class=\"wpb_wrapper\"><div class=\"wpb_text_column wpb_content_element \"><div class=\"wpb_wrapper\"><p>Den Landkreis Pfaffenhofen k\u00f6nnen Sie auch an der Seite eines G\u00e4stef\u00fchrers entdecken \u2013 n\u00e4here Informationen <a title=\"F\u00fchrungen\" href=\"https:\/\/erlebnisregion-pfaffenhofen.de\/sehenswertes\/fuehrungen\/\" target=\"_blank\" rel=\"noopener\">hier<\/a>.<\/p><\/div><\/div><\/div><\/div><\/div><\/div>\t\t\t\t\t\t\t\t<\/div>\n\t\t\t\t<\/div>\n\t\t\t\t\t<\/div>\n\t\t\t\t<\/div>\n\t\t\t\t<\/div>\n\t\t","protected":false},"excerpt":{"rendered":"<p>\u00dcberall im Landkreis findet man Spuren vergangener Tage. Tauchen Sie auf dieser Tour tiefer in die spannende Geschichte ein!<\/p>\n","protected":false},"author":3,"featured_media":4373,"template":"elementor_theme","category-event":[216],"class_list":["post-4372","event","type-event","status-publish","has-post-thumbnail","hentry","category-event-ein-tag-im-landkreis"],"acf":[],"yoast_head":"<!-- This site is optimized with the Yoast SEO plugin v27.3 - https:\/\/yoast.com\/product\/yoast-seo-wordpress\/ -->\n<title>Tour 3: Geschichte<\/title>\n<meta name=\"description\" content=\"\u00dcberall im Landkreis findet man Spuren vergangener Tage. Tauchen Sie auf dieser Tour tiefer in die spannende Geschichte ein!\" \/>\n<meta name=\"robots\" content=\"index, follow, max-snippet:-1, max-image-preview:large, max-video-preview:-1\" \/>\n<link rel=\"canonical\" href=\"https:\/\/erlebnisregion-pfaffenhofen.de\/en\/event\/tour-3-geschichte\/\" \/>\n<meta property=\"og:locale\" content=\"en_US\" \/>\n<meta property=\"og:type\" content=\"article\" \/>\n<meta property=\"og:title\" content=\"Tour 3: Geschichte\" \/>\n<meta property=\"og:description\" content=\"\u00dcberall im Landkreis findet man Spuren vergangener Tage. Tauchen Sie auf dieser Tour tiefer in die spannende Geschichte ein!\" \/>\n<meta property=\"og:url\" content=\"https:\/\/erlebnisregion-pfaffenhofen.de\/en\/event\/tour-3-geschichte\/\" \/>\n<meta property=\"og:site_name\" content=\"Erlebnisregion\" \/>\n<meta property=\"article:modified_time\" content=\"2025-01-09T11:32:19+00:00\" \/>\n<meta property=\"og:image\" content=\"https:\/\/erlebnisregion-pfaffenhofen.de\/wp-content\/uploads\/2023\/11\/Manching_039.jpg\" \/>\n\t<meta property=\"og:image:width\" content=\"1920\" \/>\n\t<meta property=\"og:image:height\" content=\"1278\" \/>\n\t<meta property=\"og:image:type\" content=\"image\/jpeg\" \/>\n<meta name=\"twitter:card\" content=\"summary_large_image\" \/>\n<meta name=\"twitter:label1\" content=\"Est. reading time\" \/>\n\t<meta name=\"twitter:data1\" content=\"3 minutes\" \/>\n<script type=\"application\/ld+json\" class=\"yoast-schema-graph\">{\"@context\":\"https:\\\/\\\/schema.org\",\"@graph\":[{\"@type\":\"WebPage\",\"@id\":\"https:\\\/\\\/erlebnisregion-pfaffenhofen.de\\\/en\\\/event\\\/tour-3-geschichte\\\/\",\"url\":\"https:\\\/\\\/erlebnisregion-pfaffenhofen.de\\\/en\\\/event\\\/tour-3-geschichte\\\/\",\"name\":\"Tour 3: Geschichte\",\"isPartOf\":{\"@id\":\"https:\\\/\\\/erlebnisregion-pfaffenhofen.de\\\/en\\\/#website\"},\"primaryImageOfPage\":{\"@id\":\"https:\\\/\\\/erlebnisregion-pfaffenhofen.de\\\/en\\\/event\\\/tour-3-geschichte\\\/#primaryimage\"},\"image\":{\"@id\":\"https:\\\/\\\/erlebnisregion-pfaffenhofen.de\\\/en\\\/event\\\/tour-3-geschichte\\\/#primaryimage\"},\"thumbnailUrl\":\"https:\\\/\\\/erlebnisregion-pfaffenhofen.de\\\/wp-content\\\/uploads\\\/2023\\\/11\\\/Manching_039.jpg\",\"datePublished\":\"2023-11-29T15:45:35+00:00\",\"dateModified\":\"2025-01-09T11:32:19+00:00\",\"description\":\"\u00dcberall im Landkreis findet man Spuren vergangener Tage. Tauchen Sie auf dieser Tour tiefer in die spannende Geschichte ein!\",\"breadcrumb\":{\"@id\":\"https:\\\/\\\/erlebnisregion-pfaffenhofen.de\\\/en\\\/event\\\/tour-3-geschichte\\\/#breadcrumb\"},\"inLanguage\":\"en-US\",\"potentialAction\":[{\"@type\":\"ReadAction\",\"target\":[\"https:\\\/\\\/erlebnisregion-pfaffenhofen.de\\\/en\\\/event\\\/tour-3-geschichte\\\/\"]}]},{\"@type\":\"ImageObject\",\"inLanguage\":\"en-US\",\"@id\":\"https:\\\/\\\/erlebnisregion-pfaffenhofen.de\\\/en\\\/event\\\/tour-3-geschichte\\\/#primaryimage\",\"url\":\"https:\\\/\\\/erlebnisregion-pfaffenhofen.de\\\/wp-content\\\/uploads\\\/2023\\\/11\\\/Manching_039.jpg\",\"contentUrl\":\"https:\\\/\\\/erlebnisregion-pfaffenhofen.de\\\/wp-content\\\/uploads\\\/2023\\\/11\\\/Manching_039.jpg\",\"width\":1920,\"height\":1278},{\"@type\":\"BreadcrumbList\",\"@id\":\"https:\\\/\\\/erlebnisregion-pfaffenhofen.de\\\/en\\\/event\\\/tour-3-geschichte\\\/#breadcrumb\",\"itemListElement\":[{\"@type\":\"ListItem\",\"position\":1,\"name\":\"Erlebnisregion\",\"item\":\"https:\\\/\\\/erlebnisregion-pfaffenhofen.de\\\/en\\\/adventure-region-district-of-pfaffenhofen-a-d-ilm\\\/\"},{\"@type\":\"ListItem\",\"position\":2,\"name\":\"Tour 3: Geschichte\"}]},{\"@type\":\"WebSite\",\"@id\":\"https:\\\/\\\/erlebnisregion-pfaffenhofen.de\\\/en\\\/#website\",\"url\":\"https:\\\/\\\/erlebnisregion-pfaffenhofen.de\\\/en\\\/\",\"name\":\"Lebensraum- und Destinationsmanagement Landkreis Pfaffenhofen a.d.Ilm\",\"description\":\"Landkreis Pfaffenhofen a.d.Ilm\",\"publisher\":{\"@id\":\"https:\\\/\\\/erlebnisregion-pfaffenhofen.de\\\/en\\\/#organization\"},\"potentialAction\":[{\"@type\":\"SearchAction\",\"target\":{\"@type\":\"EntryPoint\",\"urlTemplate\":\"https:\\\/\\\/erlebnisregion-pfaffenhofen.de\\\/en\\\/?s={search_term_string}\"},\"query-input\":{\"@type\":\"PropertyValueSpecification\",\"valueRequired\":true,\"valueName\":\"search_term_string\"}}],\"inLanguage\":\"en-US\"},{\"@type\":\"Organization\",\"@id\":\"https:\\\/\\\/erlebnisregion-pfaffenhofen.de\\\/en\\\/#organization\",\"name\":\"Kommunalunternehmen Strukturentwicklung Landkreis Pfaffenhofen a.d.Ilm\",\"url\":\"https:\\\/\\\/erlebnisregion-pfaffenhofen.de\\\/en\\\/\",\"logo\":{\"@type\":\"ImageObject\",\"inLanguage\":\"en-US\",\"@id\":\"https:\\\/\\\/erlebnisregion-pfaffenhofen.de\\\/en\\\/#\\\/schema\\\/logo\\\/image\\\/\",\"url\":\"https:\\\/\\\/erlebnisregion-pfaffenhofen.de\\\/wp-content\\\/uploads\\\/2023\\\/06\\\/logo.svg\",\"contentUrl\":\"https:\\\/\\\/erlebnisregion-pfaffenhofen.de\\\/wp-content\\\/uploads\\\/2023\\\/06\\\/logo.svg\",\"width\":370,\"height\":174,\"caption\":\"Kommunalunternehmen Strukturentwicklung Landkreis Pfaffenhofen a.d.Ilm\"},\"image\":{\"@id\":\"https:\\\/\\\/erlebnisregion-pfaffenhofen.de\\\/en\\\/#\\\/schema\\\/logo\\\/image\\\/\"}}]}<\/script>\n<!-- \/ Yoast SEO plugin. -->","yoast_head_json":{"title":"Tour 3: Geschichte","description":"\u00dcberall im Landkreis findet man Spuren vergangener Tage. Tauchen Sie auf dieser Tour tiefer in die spannende Geschichte ein!","robots":{"index":"index","follow":"follow","max-snippet":"max-snippet:-1","max-image-preview":"max-image-preview:large","max-video-preview":"max-video-preview:-1"},"canonical":"https:\/\/erlebnisregion-pfaffenhofen.de\/en\/event\/tour-3-geschichte\/","og_locale":"en_US","og_type":"article","og_title":"Tour 3: Geschichte","og_description":"\u00dcberall im Landkreis findet man Spuren vergangener Tage. Tauchen Sie auf dieser Tour tiefer in die spannende Geschichte ein!","og_url":"https:\/\/erlebnisregion-pfaffenhofen.de\/en\/event\/tour-3-geschichte\/","og_site_name":"Erlebnisregion","article_modified_time":"2025-01-09T11:32:19+00:00","og_image":[{"width":1920,"height":1278,"url":"https:\/\/erlebnisregion-pfaffenhofen.de\/wp-content\/uploads\/2023\/11\/Manching_039.jpg","type":"image\/jpeg"}],"twitter_card":"summary_large_image","twitter_misc":{"Est. reading time":"3 minutes"},"schema":{"@context":"https:\/\/schema.org","@graph":[{"@type":"WebPage","@id":"https:\/\/erlebnisregion-pfaffenhofen.de\/en\/event\/tour-3-geschichte\/","url":"https:\/\/erlebnisregion-pfaffenhofen.de\/en\/event\/tour-3-geschichte\/","name":"Tour 3: Geschichte","isPartOf":{"@id":"https:\/\/erlebnisregion-pfaffenhofen.de\/en\/#website"},"primaryImageOfPage":{"@id":"https:\/\/erlebnisregion-pfaffenhofen.de\/en\/event\/tour-3-geschichte\/#primaryimage"},"image":{"@id":"https:\/\/erlebnisregion-pfaffenhofen.de\/en\/event\/tour-3-geschichte\/#primaryimage"},"thumbnailUrl":"https:\/\/erlebnisregion-pfaffenhofen.de\/wp-content\/uploads\/2023\/11\/Manching_039.jpg","datePublished":"2023-11-29T15:45:35+00:00","dateModified":"2025-01-09T11:32:19+00:00","description":"\u00dcberall im Landkreis findet man Spuren vergangener Tage. Tauchen Sie auf dieser Tour tiefer in die spannende Geschichte ein!","breadcrumb":{"@id":"https:\/\/erlebnisregion-pfaffenhofen.de\/en\/event\/tour-3-geschichte\/#breadcrumb"},"inLanguage":"en-US","potentialAction":[{"@type":"ReadAction","target":["https:\/\/erlebnisregion-pfaffenhofen.de\/en\/event\/tour-3-geschichte\/"]}]},{"@type":"ImageObject","inLanguage":"en-US","@id":"https:\/\/erlebnisregion-pfaffenhofen.de\/en\/event\/tour-3-geschichte\/#primaryimage","url":"https:\/\/erlebnisregion-pfaffenhofen.de\/wp-content\/uploads\/2023\/11\/Manching_039.jpg","contentUrl":"https:\/\/erlebnisregion-pfaffenhofen.de\/wp-content\/uploads\/2023\/11\/Manching_039.jpg","width":1920,"height":1278},{"@type":"BreadcrumbList","@id":"https:\/\/erlebnisregion-pfaffenhofen.de\/en\/event\/tour-3-geschichte\/#breadcrumb","itemListElement":[{"@type":"ListItem","position":1,"name":"Erlebnisregion","item":"https:\/\/erlebnisregion-pfaffenhofen.de\/en\/adventure-region-district-of-pfaffenhofen-a-d-ilm\/"},{"@type":"ListItem","position":2,"name":"Tour 3: Geschichte"}]},{"@type":"WebSite","@id":"https:\/\/erlebnisregion-pfaffenhofen.de\/en\/#website","url":"https:\/\/erlebnisregion-pfaffenhofen.de\/en\/","name":"Lebensraum- und Destinationsmanagement Landkreis Pfaffenhofen a.d.Ilm","description":"Landkreis Pfaffenhofen a.d.Ilm","publisher":{"@id":"https:\/\/erlebnisregion-pfaffenhofen.de\/en\/#organization"},"potentialAction":[{"@type":"SearchAction","target":{"@type":"EntryPoint","urlTemplate":"https:\/\/erlebnisregion-pfaffenhofen.de\/en\/?s={search_term_string}"},"query-input":{"@type":"PropertyValueSpecification","valueRequired":true,"valueName":"search_term_string"}}],"inLanguage":"en-US"},{"@type":"Organization","@id":"https:\/\/erlebnisregion-pfaffenhofen.de\/en\/#organization","name":"Kommunalunternehmen Strukturentwicklung Landkreis Pfaffenhofen a.d.Ilm","url":"https:\/\/erlebnisregion-pfaffenhofen.de\/en\/","logo":{"@type":"ImageObject","inLanguage":"en-US","@id":"https:\/\/erlebnisregion-pfaffenhofen.de\/en\/#\/schema\/logo\/image\/","url":"https:\/\/erlebnisregion-pfaffenhofen.de\/wp-content\/uploads\/2023\/06\/logo.svg","contentUrl":"https:\/\/erlebnisregion-pfaffenhofen.de\/wp-content\/uploads\/2023\/06\/logo.svg","width":370,"height":174,"caption":"Kommunalunternehmen Strukturentwicklung Landkreis Pfaffenhofen a.d.Ilm"},"image":{"@id":"https:\/\/erlebnisregion-pfaffenhofen.de\/en\/#\/schema\/logo\/image\/"}}]}},"_links":{"self":[{"href":"https:\/\/erlebnisregion-pfaffenhofen.de\/en\/wp-json\/wp\/v2\/event\/4372","targetHints":{"allow":["GET"]}}],"collection":[{"href":"https:\/\/erlebnisregion-pfaffenhofen.de\/en\/wp-json\/wp\/v2\/event"}],"about":[{"href":"https:\/\/erlebnisregion-pfaffenhofen.de\/en\/wp-json\/wp\/v2\/types\/event"}],"author":[{"embeddable":true,"href":"https:\/\/erlebnisregion-pfaffenhofen.de\/en\/wp-json\/wp\/v2\/users\/3"}],"version-history":[{"count":5,"href":"https:\/\/erlebnisregion-pfaffenhofen.de\/en\/wp-json\/wp\/v2\/event\/4372\/revisions"}],"predecessor-version":[{"id":14909,"href":"https:\/\/erlebnisregion-pfaffenhofen.de\/en\/wp-json\/wp\/v2\/event\/4372\/revisions\/14909"}],"wp:featuredmedia":[{"embeddable":true,"href":"https:\/\/erlebnisregion-pfaffenhofen.de\/en\/wp-json\/wp\/v2\/media\/4373"}],"wp:attachment":[{"href":"https:\/\/erlebnisregion-pfaffenhofen.de\/en\/wp-json\/wp\/v2\/media?parent=4372"}],"wp:term":[{"taxonomy":"category-event","embeddable":true,"href":"https:\/\/erlebnisregion-pfaffenhofen.de\/en\/wp-json\/wp\/v2\/category-event?post=4372"}],"curies":[{"name":"wp","href":"https:\/\/api.w.org\/{rel}","templated":true}]}}